{"id":30,"date":"2011-11-02T14:40:20","date_gmt":"2011-11-02T14:40:20","guid":{"rendered":"https:\/\/www.lesamesnocturnes.com\/?page_id=30"},"modified":"2026-01-16T10:59:43","modified_gmt":"2026-01-16T10:59:43","slug":"les-dates","status":"publish","type":"page","link":"https:\/\/www.lesamesnocturnes.com\/?page_id=30","title":{"rendered":"Repr\u00e9sentations \u00e0 venir &amp; repr\u00e9sentations pass\u00e9es"},"content":{"rendered":"\n<p><span style=\"color: #800000;\"><span style=\"color: #800000;\"><strong><em>202<\/em>6<\/strong><\/span><\/span><\/p>\n\n\n\n<p><strong>13 et 14 mars<br><\/strong><em><a href=\"https:\/\/www.youtube.com\/watch?v=u7NUAO9zxG8\"><img loading=\"lazy\" decoding=\"async\" width=\"50\" height=\"74\" class=\"wp-image-1249\" style=\"width: 50px;\" src=\"https:\/\/www.lesamesnocturnes.com\/wp-content\/uploads\/2022\/09\/AFFICHE-MAGIC-MOZART-LIGHT.jpg\" alt=\"\" srcset=\"https:\/\/www.lesamesnocturnes.com\/wp-content\/uploads\/2022\/09\/AFFICHE-MAGIC-MOZART-LIGHT.jpg 860w, https:\/\/www.lesamesnocturnes.com\/wp-content\/uploads\/2022\/09\/AFFICHE-MAGIC-MOZART-LIGHT-202x300.jpg 202w, https:\/\/www.lesamesnocturnes.com\/wp-content\/uploads\/2022\/09\/AFFICHE-MAGIC-MOZART-LIGHT-688x1024.jpg 688w, https:\/\/www.lesamesnocturnes.com\/wp-content\/uploads\/2022\/09\/AFFICHE-MAGIC-MOZART-LIGHT-768x1143.jpg 768w\" sizes=\"auto, (max-width: 50px) 100vw, 50px\" \/><\/a> Magic Mozart<\/em>&nbsp;| <a href=\"https:\/\/www.theatretheoargence-saint-priest.fr\/spectacles\/magic-mozart\/\" target=\"_blank\" rel=\"noreferrer noopener\">Saint-Priest<\/a> (69)<\/p>\n\n\n\n<p><strong>7, 8 &amp; 9 mars<br><\/strong><a href=\"https:\/\/www.lesamesnocturnes.com\/?page_id=177\"><img loading=\"lazy\" decoding=\"async\" width=\"50\" height=\"74\" class=\"wp-image-1319\" style=\"width: 50px;\" src=\"https:\/\/www.lesamesnocturnes.com\/wp-content\/uploads\/2022\/09\/Affiche-Carnaval-baroque-2.png\" alt=\"\" srcset=\"https:\/\/www.lesamesnocturnes.com\/wp-content\/uploads\/2022\/09\/Affiche-Carnaval-baroque-2.png 345w, https:\/\/www.lesamesnocturnes.com\/wp-content\/uploads\/2022\/09\/Affiche-Carnaval-baroque-2-203x300.png 203w\" sizes=\"auto, (max-width: 50px) 100vw, 50px\" \/><\/a><em>Carnaval Baroque&nbsp;<\/em>&nbsp;| <a href=\"https:\/\/theatre.caen.fr\/spectacle\/le-carnaval-baroque-0\" target=\"_blank\" rel=\"noreferrer noopener\">Caen<\/a> (14)&nbsp;<\/p>\n\n\n\n<p><strong>15 f\u00e9vrier<br><\/strong><a href=\"https:\/\/www.lesamesnocturnes.com\/?page_id=1309\"><img loading=\"lazy\" decoding=\"async\" width=\"50\" height=\"76\" class=\"wp-image-1308\" style=\"width: 50px;\" src=\"https:\/\/www.lesamesnocturnes.com\/wp-content\/uploads\/2022\/09\/Valse-du-Marcassin-provisoir-scaled.jpg\" alt=\"\" srcset=\"https:\/\/www.lesamesnocturnes.com\/wp-content\/uploads\/2022\/09\/Valse-du-Marcassin-provisoir-scaled.jpg 1683w, https:\/\/www.lesamesnocturnes.com\/wp-content\/uploads\/2022\/09\/Valse-du-Marcassin-provisoir-197x300.jpg 197w, https:\/\/www.lesamesnocturnes.com\/wp-content\/uploads\/2022\/09\/Valse-du-Marcassin-provisoir-673x1024.jpg 673w, https:\/\/www.lesamesnocturnes.com\/wp-content\/uploads\/2022\/09\/Valse-du-Marcassin-provisoir-768x1168.jpg 768w, https:\/\/www.lesamesnocturnes.com\/wp-content\/uploads\/2022\/09\/Valse-du-Marcassin-provisoir-1010x1536.jpg 1010w, https:\/\/www.lesamesnocturnes.com\/wp-content\/uploads\/2022\/09\/Valse-du-Marcassin-provisoir-1347x2048.jpg 1347w, https:\/\/www.lesamesnocturnes.com\/wp-content\/uploads\/2022\/09\/Valse-du-Marcassin-provisoir-950x1445.jpg 950w\" sizes=\"auto, (max-width: 50px) 100vw, 50px\" \/><\/a> \u00a0<em>La Valse du Marcassin<\/em> | <a href=\"https:\/\/www.culture.puteaux.fr\/saison-2025-2026\/les-ames-nocturnes-la-valse-du-marcassin\/\" target=\"_blank\" rel=\"noreferrer noopener\">Puteaux<\/a> (92)<\/p>\n\n\n\n<p><strong>7 f\u00e9vrier<br><\/strong><a href=\"https:\/\/www.lesamesnocturnes.com\/?page_id=1309\"><img loading=\"lazy\" decoding=\"async\" width=\"50\" height=\"76\" class=\"wp-image-1308\" style=\"width: 50px;\" src=\"https:\/\/www.lesamesnocturnes.com\/wp-content\/uploads\/2022\/09\/Valse-du-Marcassin-provisoir-scaled.jpg\" alt=\"\" srcset=\"https:\/\/www.lesamesnocturnes.com\/wp-content\/uploads\/2022\/09\/Valse-du-Marcassin-provisoir-scaled.jpg 1683w, https:\/\/www.lesamesnocturnes.com\/wp-content\/uploads\/2022\/09\/Valse-du-Marcassin-provisoir-197x300.jpg 197w, https:\/\/www.lesamesnocturnes.com\/wp-content\/uploads\/2022\/09\/Valse-du-Marcassin-provisoir-673x1024.jpg 673w, https:\/\/www.lesamesnocturnes.com\/wp-content\/uploads\/2022\/09\/Valse-du-Marcassin-provisoir-768x1168.jpg 768w, https:\/\/www.lesamesnocturnes.com\/wp-content\/uploads\/2022\/09\/Valse-du-Marcassin-provisoir-1010x1536.jpg 1010w, https:\/\/www.lesamesnocturnes.com\/wp-content\/uploads\/2022\/09\/Valse-du-Marcassin-provisoir-1347x2048.jpg 1347w, https:\/\/www.lesamesnocturnes.com\/wp-content\/uploads\/2022\/09\/Valse-du-Marcassin-provisoir-950x1445.jpg 950w\" sizes=\"auto, (max-width: 50px) 100vw, 50px\" \/><\/a> &nbsp;<em>La Valse du Marcassin<\/em> | <a href=\"https:\/\/www.mome-toi-meme.fr\/activites-lien-de-menu\/85-spectacles-theatre\/970-la-valse-du-marcassin\" target=\"_blank\" rel=\"noreferrer noopener\">Talange<\/a> (57)<\/p>\n\n\n\n<p><strong>15 &amp; 16 janvier<br><\/strong><a href=\"https:\/\/www.lesamesnocturnes.com\/?page_id=177\"><img loading=\"lazy\" decoding=\"async\" width=\"50\" height=\"74\" class=\"wp-image-1319\" style=\"width: 50px;\" src=\"https:\/\/www.lesamesnocturnes.com\/wp-content\/uploads\/2022\/09\/Affiche-Carnaval-baroque-2.png\" alt=\"\" srcset=\"https:\/\/www.lesamesnocturnes.com\/wp-content\/uploads\/2022\/09\/Affiche-Carnaval-baroque-2.png 345w, https:\/\/www.lesamesnocturnes.com\/wp-content\/uploads\/2022\/09\/Affiche-Carnaval-baroque-2-203x300.png 203w\" sizes=\"auto, (max-width: 50px) 100vw, 50px\" \/><\/a><em>Carnaval Baroque&nbsp;<\/em>&nbsp;| <a href=\"https:\/\/www.theatresdecompiegne.com\/le-carnaval-baroque-613\" target=\"_blank\" rel=\"noreferrer noopener\">Compi\u00e8gne<\/a> (60)&nbsp;<\/p>\n\n\n\n<h1 class=\"wp-block-heading has-text-align-center has-cyan-bluish-gray-background-color has-background has-small-font-size\"><span style=\"color: #800000;\"><strong><em>2025<\/em><\/strong><\/span><\/h1>\n\n\n\n<p><strong>7 d\u00e9cembre<br><\/strong><a href=\"https:\/\/www.lesamesnocturnes.com\/?page_id=793\"><img loading=\"lazy\" decoding=\"async\" width=\"60\" height=\"60\" class=\"wp-image-1473\" style=\"width: 60px;\" src=\"https:\/\/www.lesamesnocturnes.com\/wp-content\/uploads\/2023\/09\/Flyer-Au-Bonheur-des-Vivants-vierge.png\" alt=\"\" srcset=\"https:\/\/www.lesamesnocturnes.com\/wp-content\/uploads\/2023\/09\/Flyer-Au-Bonheur-des-Vivants-vierge.png 1689w, https:\/\/www.lesamesnocturnes.com\/wp-content\/uploads\/2023\/09\/Flyer-Au-Bonheur-des-Vivants-vierge-300x300.png 300w, https:\/\/www.lesamesnocturnes.com\/wp-content\/uploads\/2023\/09\/Flyer-Au-Bonheur-des-Vivants-vierge-1024x1024.png 1024w, https:\/\/www.lesamesnocturnes.com\/wp-content\/uploads\/2023\/09\/Flyer-Au-Bonheur-des-Vivants-vierge-150x150.png 150w, https:\/\/www.lesamesnocturnes.com\/wp-content\/uploads\/2023\/09\/Flyer-Au-Bonheur-des-Vivants-vierge-768x768.png 768w, https:\/\/www.lesamesnocturnes.com\/wp-content\/uploads\/2023\/09\/Flyer-Au-Bonheur-des-Vivants-vierge-1536x1536.png 1536w, https:\/\/www.lesamesnocturnes.com\/wp-content\/uploads\/2023\/09\/Flyer-Au-Bonheur-des-Vivants-vierge-950x950.png 950w\" sizes=\"auto, (max-width: 60px) 100vw, 60px\" \/><\/a> <em>Au Bonheur des Vivants\u00a0<\/em>| <a href=\"https:\/\/www.jds.fr\/saint-maixent-l-ecole\/spectacles\/au-bonheur-des-vivants-compagnie-les-ames-nocturnes-1175671_A\" target=\"_blank\" rel=\"noreferrer noopener\">Saint Miaxent l&rsquo;\u00e9cole<\/a> (72)<\/p>\n\n\n\n<p><strong>5 d\u00e9cembre  (2 repr\u00e9sentations)<br><\/strong><a href=\"https:\/\/www.lesamesnocturnes.com\/?page_id=793\"><img loading=\"lazy\" decoding=\"async\" width=\"60\" height=\"60\" class=\"wp-image-1473\" style=\"width: 60px;\" src=\"https:\/\/www.lesamesnocturnes.com\/wp-content\/uploads\/2023\/09\/Flyer-Au-Bonheur-des-Vivants-vierge.png\" alt=\"\" srcset=\"https:\/\/www.lesamesnocturnes.com\/wp-content\/uploads\/2023\/09\/Flyer-Au-Bonheur-des-Vivants-vierge.png 1689w, https:\/\/www.lesamesnocturnes.com\/wp-content\/uploads\/2023\/09\/Flyer-Au-Bonheur-des-Vivants-vierge-300x300.png 300w, https:\/\/www.lesamesnocturnes.com\/wp-content\/uploads\/2023\/09\/Flyer-Au-Bonheur-des-Vivants-vierge-1024x1024.png 1024w, https:\/\/www.lesamesnocturnes.com\/wp-content\/uploads\/2023\/09\/Flyer-Au-Bonheur-des-Vivants-vierge-150x150.png 150w, https:\/\/www.lesamesnocturnes.com\/wp-content\/uploads\/2023\/09\/Flyer-Au-Bonheur-des-Vivants-vierge-768x768.png 768w, https:\/\/www.lesamesnocturnes.com\/wp-content\/uploads\/2023\/09\/Flyer-Au-Bonheur-des-Vivants-vierge-1536x1536.png 1536w, https:\/\/www.lesamesnocturnes.com\/wp-content\/uploads\/2023\/09\/Flyer-Au-Bonheur-des-Vivants-vierge-950x950.png 950w\" sizes=\"auto, (max-width: 60px) 100vw, 60px\" \/><\/a> <em>Au Bonheur des Vivants&nbsp;<\/em>| <a href=\"https:\/\/www.espacedesaugustins.fr\/au-bonheur-des-vivants\" target=\"_blank\" rel=\"noreferrer noopener\">Montauban<\/a> (82)<\/p>\n\n\n\n<p><strong>15 &amp; 16 novembre (4 repr\u00e9sentations) <br><\/strong><a href=\"https:\/\/www.lesamesnocturnes.com\/?page_id=439\"><img loading=\"lazy\" decoding=\"async\" width=\"50\" height=\"75\" class=\"wp-image-1242\" style=\"width: 50px;\" src=\"https:\/\/www.lesamesnocturnes.com\/wp-content\/uploads\/2022\/09\/didon-31.jpg\" alt=\"\" srcset=\"https:\/\/www.lesamesnocturnes.com\/wp-content\/uploads\/2022\/09\/didon-31.jpg 1333w, https:\/\/www.lesamesnocturnes.com\/wp-content\/uploads\/2022\/09\/didon-31-200x300.jpg 200w, https:\/\/www.lesamesnocturnes.com\/wp-content\/uploads\/2022\/09\/didon-31-682x1024.jpg 682w, https:\/\/www.lesamesnocturnes.com\/wp-content\/uploads\/2022\/09\/didon-31-768x1152.jpg 768w, https:\/\/www.lesamesnocturnes.com\/wp-content\/uploads\/2022\/09\/didon-31-1024x1536.jpg 1024w, https:\/\/www.lesamesnocturnes.com\/wp-content\/uploads\/2022\/09\/didon-31-950x1425.jpg 950w\" sizes=\"auto, (max-width: 50px) 100vw, 50px\" \/><\/a> <em>Didon &amp; \u00c9n\u00e9e <\/em>&nbsp;| <a href=\"https:\/\/www.operaroyal-versailles.fr\/event\/purcell-didon-et-enee\/\" target=\"_blank\" rel=\"noreferrer noopener\">Op\u00e9ra Royal de Versailles<\/a> (78)<\/p>\n\n\n\n<p><strong>30 et 31 octobre<br><\/strong><em><a href=\"https:\/\/www.youtube.com\/watch?v=u7NUAO9zxG8\"><img loading=\"lazy\" decoding=\"async\" width=\"50\" height=\"74\" class=\"wp-image-1249\" style=\"width: 50px;\" src=\"https:\/\/www.lesamesnocturnes.com\/wp-content\/uploads\/2022\/09\/AFFICHE-MAGIC-MOZART-LIGHT.jpg\" alt=\"\" srcset=\"https:\/\/www.lesamesnocturnes.com\/wp-content\/uploads\/2022\/09\/AFFICHE-MAGIC-MOZART-LIGHT.jpg 860w, https:\/\/www.lesamesnocturnes.com\/wp-content\/uploads\/2022\/09\/AFFICHE-MAGIC-MOZART-LIGHT-202x300.jpg 202w, https:\/\/www.lesamesnocturnes.com\/wp-content\/uploads\/2022\/09\/AFFICHE-MAGIC-MOZART-LIGHT-688x1024.jpg 688w, https:\/\/www.lesamesnocturnes.com\/wp-content\/uploads\/2022\/09\/AFFICHE-MAGIC-MOZART-LIGHT-768x1143.jpg 768w\" sizes=\"auto, (max-width: 50px) 100vw, 50px\" \/><\/a> Magic Mozart<\/em>&nbsp;| <a href=\"https:\/\/www.theatre-tarare.fr\/evenements\/magic-mozart\/\" target=\"_blank\" rel=\"noreferrer noopener\">Op\u00e9ra d&rsquo;Avignon<\/a> (84)<\/p>\n\n\n\n<p><strong>19 octobre<br><\/strong><a href=\"https:\/\/www.lesamesnocturnes.com\/?page_id=177\"><img loading=\"lazy\" decoding=\"async\" width=\"50\" height=\"74\" class=\"wp-image-1319\" style=\"width: 50px;\" src=\"https:\/\/www.lesamesnocturnes.com\/wp-content\/uploads\/2022\/09\/Affiche-Carnaval-baroque-2.png\" alt=\"\" srcset=\"https:\/\/www.lesamesnocturnes.com\/wp-content\/uploads\/2022\/09\/Affiche-Carnaval-baroque-2.png 345w, https:\/\/www.lesamesnocturnes.com\/wp-content\/uploads\/2022\/09\/Affiche-Carnaval-baroque-2-203x300.png 203w\" sizes=\"auto, (max-width: 50px) 100vw, 50px\" \/><\/a><em>Carnaval Baroque&nbsp;<\/em>&nbsp;| <a href=\"https:\/\/concerts-automne.com\/event\/carnaval-baroque\/\" target=\"_blank\" rel=\"noreferrer noopener\">Op\u00e9ra de Tours<\/a> (37)&nbsp;<\/p>\n\n\n\n<div class=\"wp-block-group is-nowrap is-layout-flex wp-container-core-group-is-layout-ad2f72ca wp-block-group-is-layout-flex\">\n<figure class=\"wp-block-image size-large is-resized\"><a href=\"https:\/\/www.lesamesnocturnes.com\/wp-content\/uploads\/2026\/01\/69B6E7B1-38E4-4119-8262-23CF0FACDD7E-5.jpeg\"><img loading=\"lazy\" decoding=\"async\" width=\"819\" height=\"1024\" src=\"https:\/\/www.lesamesnocturnes.com\/wp-content\/uploads\/2026\/01\/69B6E7B1-38E4-4119-8262-23CF0FACDD7E-5-819x1024.jpeg\" alt=\"\" class=\"wp-image-1583\" style=\"aspect-ratio:0.7998513287493031;width:61px;height:auto\" srcset=\"https:\/\/www.lesamesnocturnes.com\/wp-content\/uploads\/2026\/01\/69B6E7B1-38E4-4119-8262-23CF0FACDD7E-5-819x1024.jpeg 819w, https:\/\/www.lesamesnocturnes.com\/wp-content\/uploads\/2026\/01\/69B6E7B1-38E4-4119-8262-23CF0FACDD7E-5-240x300.jpeg 240w, https:\/\/www.lesamesnocturnes.com\/wp-content\/uploads\/2026\/01\/69B6E7B1-38E4-4119-8262-23CF0FACDD7E-5-768x960.jpeg 768w, https:\/\/www.lesamesnocturnes.com\/wp-content\/uploads\/2026\/01\/69B6E7B1-38E4-4119-8262-23CF0FACDD7E-5-950x1187.jpeg 950w, https:\/\/www.lesamesnocturnes.com\/wp-content\/uploads\/2026\/01\/69B6E7B1-38E4-4119-8262-23CF0FACDD7E-5.jpeg 1125w\" sizes=\"auto, (max-width: 819px) 100vw, 819px\" \/><\/a><\/figure>\n\n\n\n<p><strong>11, 12, 14, 16 &amp; 18 octobre<br><\/strong><em> Cendrillon &nbsp;<\/em>&nbsp;| <a href=\"https:\/\/www.operaroyal-versailles.fr\/event\/rossini-cendrillon\/\" target=\"_blank\" rel=\"noreferrer noopener\">Op\u00e9ra Royal de Versailles<\/a> (78)&nbsp;<\/p>\n<\/div>\n\n\n\n<p><strong>28 Ao\u00fbt<br><\/strong><a href=\"https:\/\/www.lesamesnocturnes.com\/?page_id=1309\"><img loading=\"lazy\" decoding=\"async\" width=\"50\" height=\"76\" class=\"wp-image-1308\" style=\"width: 50px;\" src=\"https:\/\/www.lesamesnocturnes.com\/wp-content\/uploads\/2022\/09\/Valse-du-Marcassin-provisoir-scaled.jpg\" alt=\"\" srcset=\"https:\/\/www.lesamesnocturnes.com\/wp-content\/uploads\/2022\/09\/Valse-du-Marcassin-provisoir-scaled.jpg 1683w, https:\/\/www.lesamesnocturnes.com\/wp-content\/uploads\/2022\/09\/Valse-du-Marcassin-provisoir-197x300.jpg 197w, https:\/\/www.lesamesnocturnes.com\/wp-content\/uploads\/2022\/09\/Valse-du-Marcassin-provisoir-673x1024.jpg 673w, https:\/\/www.lesamesnocturnes.com\/wp-content\/uploads\/2022\/09\/Valse-du-Marcassin-provisoir-768x1168.jpg 768w, https:\/\/www.lesamesnocturnes.com\/wp-content\/uploads\/2022\/09\/Valse-du-Marcassin-provisoir-1010x1536.jpg 1010w, https:\/\/www.lesamesnocturnes.com\/wp-content\/uploads\/2022\/09\/Valse-du-Marcassin-provisoir-1347x2048.jpg 1347w, https:\/\/www.lesamesnocturnes.com\/wp-content\/uploads\/2022\/09\/Valse-du-Marcassin-provisoir-950x1445.jpg 950w\" sizes=\"auto, (max-width: 50px) 100vw, 50px\" \/><\/a> &nbsp;<em>La Valse du Marcassin<\/em> | <a href=\"https:\/\/dev.aubonheurdesmomes.teaminfo.fr\/evenement\/la-valse-du-marcassin-cie-les-ames-nocturnes\/\" target=\"_blank\" rel=\"noreferrer noopener\">Le Grand Bornand<\/a> (74)<\/p>\n\n\n\n<p><strong>27 juin<br><\/strong><a href=\"https:\/\/www.lesamesnocturnes.com\/?page_id=793\"><img loading=\"lazy\" decoding=\"async\" width=\"60\" height=\"60\" class=\"wp-image-1473\" style=\"width: 60px;\" src=\"https:\/\/www.lesamesnocturnes.com\/wp-content\/uploads\/2023\/09\/Flyer-Au-Bonheur-des-Vivants-vierge.png\" alt=\"\" srcset=\"https:\/\/www.lesamesnocturnes.com\/wp-content\/uploads\/2023\/09\/Flyer-Au-Bonheur-des-Vivants-vierge.png 1689w, https:\/\/www.lesamesnocturnes.com\/wp-content\/uploads\/2023\/09\/Flyer-Au-Bonheur-des-Vivants-vierge-300x300.png 300w, https:\/\/www.lesamesnocturnes.com\/wp-content\/uploads\/2023\/09\/Flyer-Au-Bonheur-des-Vivants-vierge-1024x1024.png 1024w, https:\/\/www.lesamesnocturnes.com\/wp-content\/uploads\/2023\/09\/Flyer-Au-Bonheur-des-Vivants-vierge-150x150.png 150w, https:\/\/www.lesamesnocturnes.com\/wp-content\/uploads\/2023\/09\/Flyer-Au-Bonheur-des-Vivants-vierge-768x768.png 768w, https:\/\/www.lesamesnocturnes.com\/wp-content\/uploads\/2023\/09\/Flyer-Au-Bonheur-des-Vivants-vierge-1536x1536.png 1536w, https:\/\/www.lesamesnocturnes.com\/wp-content\/uploads\/2023\/09\/Flyer-Au-Bonheur-des-Vivants-vierge-950x950.png 950w\" sizes=\"auto, (max-width: 60px) 100vw, 60px\" \/><\/a> <em>Au Bonheur des Vivants&nbsp;<\/em>| <a href=\"https:\/\/www.ormesson.fr\/mes-loisirs\/culture-et-loisirs\/programme-de-saison-culturelle\/\" target=\"_blank\" rel=\"noreferrer noopener\">Ormesson sur Marne<\/a> (94)<\/p>\n\n\n\n<p><strong>19, 20, 21 &amp; 22 juin<br><\/strong><a href=\"https:\/\/www.lesamesnocturnes.com\/?page_id=177\"><img loading=\"lazy\" decoding=\"async\" width=\"50\" height=\"74\" class=\"wp-image-1319\" style=\"width: 50px;\" src=\"https:\/\/www.lesamesnocturnes.com\/wp-content\/uploads\/2022\/09\/Affiche-Carnaval-baroque-2.png\" alt=\"\" srcset=\"https:\/\/www.lesamesnocturnes.com\/wp-content\/uploads\/2022\/09\/Affiche-Carnaval-baroque-2.png 345w, https:\/\/www.lesamesnocturnes.com\/wp-content\/uploads\/2022\/09\/Affiche-Carnaval-baroque-2-203x300.png 203w\" sizes=\"auto, (max-width: 50px) 100vw, 50px\" \/><\/a><em> Carnaval Baroque&nbsp;<\/em>&nbsp;| <a href=\"https:\/\/www.operaroyal-versailles.fr\/event\/le-carnaval-baroque\/\" target=\"_blank\" rel=\"noreferrer noopener\">Op\u00e9ra Royal de Versailles<\/a> (78)&nbsp;<\/p>\n\n\n\n<p><strong>14 juin<br><\/strong><a href=\"https:\/\/www.lesamesnocturnes.com\/?page_id=793\"><img loading=\"lazy\" decoding=\"async\" width=\"60\" height=\"60\" class=\"wp-image-1473\" style=\"width: 60px;\" src=\"https:\/\/www.lesamesnocturnes.com\/wp-content\/uploads\/2023\/09\/Flyer-Au-Bonheur-des-Vivants-vierge.png\" alt=\"\" srcset=\"https:\/\/www.lesamesnocturnes.com\/wp-content\/uploads\/2023\/09\/Flyer-Au-Bonheur-des-Vivants-vierge.png 1689w, https:\/\/www.lesamesnocturnes.com\/wp-content\/uploads\/2023\/09\/Flyer-Au-Bonheur-des-Vivants-vierge-300x300.png 300w, https:\/\/www.lesamesnocturnes.com\/wp-content\/uploads\/2023\/09\/Flyer-Au-Bonheur-des-Vivants-vierge-1024x1024.png 1024w, https:\/\/www.lesamesnocturnes.com\/wp-content\/uploads\/2023\/09\/Flyer-Au-Bonheur-des-Vivants-vierge-150x150.png 150w, https:\/\/www.lesamesnocturnes.com\/wp-content\/uploads\/2023\/09\/Flyer-Au-Bonheur-des-Vivants-vierge-768x768.png 768w, https:\/\/www.lesamesnocturnes.com\/wp-content\/uploads\/2023\/09\/Flyer-Au-Bonheur-des-Vivants-vierge-1536x1536.png 1536w, https:\/\/www.lesamesnocturnes.com\/wp-content\/uploads\/2023\/09\/Flyer-Au-Bonheur-des-Vivants-vierge-950x950.png 950w\" sizes=\"auto, (max-width: 60px) 100vw, 60px\" \/><\/a> <em>Au Bonheur des Vivants&nbsp;<\/em>| <a href=\"https:\/\/www.saintgillescroixdevie.fr\/saison-culturelle\/\" target=\"_blank\" rel=\"noreferrer noopener\">Saint-Gilles Croix de Vie<\/a> (85)<\/p>\n\n\n\n<p><strong>3 juin (scolaire) et 4 juin (tout public)<br><\/strong><a href=\"https:\/\/www.lesamesnocturnes.com\/?page_id=177\"><img loading=\"lazy\" decoding=\"async\" width=\"50\" height=\"74\" class=\"wp-image-1319\" style=\"width: 50px;\" src=\"https:\/\/www.lesamesnocturnes.com\/wp-content\/uploads\/2022\/09\/Affiche-Carnaval-baroque-2.png\" alt=\"\" srcset=\"https:\/\/www.lesamesnocturnes.com\/wp-content\/uploads\/2022\/09\/Affiche-Carnaval-baroque-2.png 345w, https:\/\/www.lesamesnocturnes.com\/wp-content\/uploads\/2022\/09\/Affiche-Carnaval-baroque-2-203x300.png 203w\" sizes=\"auto, (max-width: 50px) 100vw, 50px\" \/><\/a><em> Carnaval Baroque&nbsp;<\/em>&nbsp;| <a href=\"https:\/\/opera-dijon.fr\/fr\/au-programme\/calendrier\/saison-24-25\/le-carnaval-baroque\/#:~:text=Dans%20Le%20Carnaval%20baroque%2C%20Vincent,\u00e0%20un%20d\u00e9cha\u00eenement%20des%20\u00e9nergies.\" target=\"_blank\" rel=\"noreferrer noopener\">Op\u00e9ra de Dijon<\/a> (21)&nbsp;<\/p>\n\n\n\n<p><strong>16 mai (scolaire) et 17 mai (tout public)<br><\/strong><a href=\"https:\/\/www.lesamesnocturnes.com\/?page_id=793\"><img loading=\"lazy\" decoding=\"async\" width=\"60\" height=\"60\" class=\"wp-image-1473\" style=\"width: 60px;\" src=\"https:\/\/www.lesamesnocturnes.com\/wp-content\/uploads\/2023\/09\/Flyer-Au-Bonheur-des-Vivants-vierge.png\" alt=\"\" srcset=\"https:\/\/www.lesamesnocturnes.com\/wp-content\/uploads\/2023\/09\/Flyer-Au-Bonheur-des-Vivants-vierge.png 1689w, https:\/\/www.lesamesnocturnes.com\/wp-content\/uploads\/2023\/09\/Flyer-Au-Bonheur-des-Vivants-vierge-300x300.png 300w, https:\/\/www.lesamesnocturnes.com\/wp-content\/uploads\/2023\/09\/Flyer-Au-Bonheur-des-Vivants-vierge-1024x1024.png 1024w, https:\/\/www.lesamesnocturnes.com\/wp-content\/uploads\/2023\/09\/Flyer-Au-Bonheur-des-Vivants-vierge-150x150.png 150w, https:\/\/www.lesamesnocturnes.com\/wp-content\/uploads\/2023\/09\/Flyer-Au-Bonheur-des-Vivants-vierge-768x768.png 768w, https:\/\/www.lesamesnocturnes.com\/wp-content\/uploads\/2023\/09\/Flyer-Au-Bonheur-des-Vivants-vierge-1536x1536.png 1536w, https:\/\/www.lesamesnocturnes.com\/wp-content\/uploads\/2023\/09\/Flyer-Au-Bonheur-des-Vivants-vierge-950x950.png 950w\" sizes=\"auto, (max-width: 60px) 100vw, 60px\" \/><\/a> <em>Au Bonheur des Vivants&nbsp;<\/em>| <a href=\"https:\/\/www.lafermedebelebat.fr\/evenement\/au-bonheur-des-vivants\/\" target=\"_blank\" rel=\"noreferrer noopener\">Guyancourt<\/a> (78)<\/p>\n\n\n\n<p><strong><em>26 avril<\/em><br><\/strong><a href=\"https:\/\/www.lesamesnocturnes.com\/?page_id=793\"><img loading=\"lazy\" decoding=\"async\" width=\"60\" height=\"60\" class=\"wp-image-1473\" style=\"width: 60px;\" src=\"https:\/\/www.lesamesnocturnes.com\/wp-content\/uploads\/2023\/09\/Flyer-Au-Bonheur-des-Vivants-vierge.png\" alt=\"\" srcset=\"https:\/\/www.lesamesnocturnes.com\/wp-content\/uploads\/2023\/09\/Flyer-Au-Bonheur-des-Vivants-vierge.png 1689w, https:\/\/www.lesamesnocturnes.com\/wp-content\/uploads\/2023\/09\/Flyer-Au-Bonheur-des-Vivants-vierge-300x300.png 300w, https:\/\/www.lesamesnocturnes.com\/wp-content\/uploads\/2023\/09\/Flyer-Au-Bonheur-des-Vivants-vierge-1024x1024.png 1024w, https:\/\/www.lesamesnocturnes.com\/wp-content\/uploads\/2023\/09\/Flyer-Au-Bonheur-des-Vivants-vierge-150x150.png 150w, https:\/\/www.lesamesnocturnes.com\/wp-content\/uploads\/2023\/09\/Flyer-Au-Bonheur-des-Vivants-vierge-768x768.png 768w, https:\/\/www.lesamesnocturnes.com\/wp-content\/uploads\/2023\/09\/Flyer-Au-Bonheur-des-Vivants-vierge-1536x1536.png 1536w, https:\/\/www.lesamesnocturnes.com\/wp-content\/uploads\/2023\/09\/Flyer-Au-Bonheur-des-Vivants-vierge-950x950.png 950w\" sizes=\"auto, (max-width: 60px) 100vw, 60px\" \/><\/a> <em>Au Bonheur des Vivants&nbsp;<\/em>| <a href=\"https:\/\/dreux.com\/actualites\/la-nouvelle-saison-leve-le-rideau\/\" target=\"_blank\" rel=\"noreferrer noopener\">Dreux<\/a> (28)<\/p>\n\n\n\n<p><strong>3 &amp; 4 avril<br><\/strong><a href=\"https:\/\/www.lesamesnocturnes.com\/?page_id=793\"><img loading=\"lazy\" decoding=\"async\" width=\"60\" height=\"60\" class=\"wp-image-1473\" style=\"width: 60px;\" src=\"https:\/\/www.lesamesnocturnes.com\/wp-content\/uploads\/2023\/09\/Flyer-Au-Bonheur-des-Vivants-vierge.png\" alt=\"\" srcset=\"https:\/\/www.lesamesnocturnes.com\/wp-content\/uploads\/2023\/09\/Flyer-Au-Bonheur-des-Vivants-vierge.png 1689w, https:\/\/www.lesamesnocturnes.com\/wp-content\/uploads\/2023\/09\/Flyer-Au-Bonheur-des-Vivants-vierge-300x300.png 300w, https:\/\/www.lesamesnocturnes.com\/wp-content\/uploads\/2023\/09\/Flyer-Au-Bonheur-des-Vivants-vierge-1024x1024.png 1024w, https:\/\/www.lesamesnocturnes.com\/wp-content\/uploads\/2023\/09\/Flyer-Au-Bonheur-des-Vivants-vierge-150x150.png 150w, https:\/\/www.lesamesnocturnes.com\/wp-content\/uploads\/2023\/09\/Flyer-Au-Bonheur-des-Vivants-vierge-768x768.png 768w, https:\/\/www.lesamesnocturnes.com\/wp-content\/uploads\/2023\/09\/Flyer-Au-Bonheur-des-Vivants-vierge-1536x1536.png 1536w, https:\/\/www.lesamesnocturnes.com\/wp-content\/uploads\/2023\/09\/Flyer-Au-Bonheur-des-Vivants-vierge-950x950.png 950w\" sizes=\"auto, (max-width: 60px) 100vw, 60px\" \/><\/a> <em>Au Bonheur des Vivants&nbsp;<\/em>| <a href=\"https:\/\/www.bidart.fr\/bouger-sortir\/culture\/agenda-et-grands-rendez-vous\" target=\"_blank\" rel=\"noreferrer noopener\">Bidart<\/a> (64)<\/p>\n\n\n\n<p><strong>27 mars (tout public), 28 mars (scolaire) &amp; 29 mars (tout public)<br><\/strong><a href=\"https:\/\/www.lesamesnocturnes.com\/?page_id=177\"><img loading=\"lazy\" decoding=\"async\" width=\"50\" height=\"74\" class=\"wp-image-1319\" style=\"width: 50px;\" src=\"https:\/\/www.lesamesnocturnes.com\/wp-content\/uploads\/2022\/09\/Affiche-Carnaval-baroque-2.png\" alt=\"\" srcset=\"https:\/\/www.lesamesnocturnes.com\/wp-content\/uploads\/2022\/09\/Affiche-Carnaval-baroque-2.png 345w, https:\/\/www.lesamesnocturnes.com\/wp-content\/uploads\/2022\/09\/Affiche-Carnaval-baroque-2-203x300.png 203w\" sizes=\"auto, (max-width: 50px) 100vw, 50px\" \/><\/a><em> Carnaval Baroque&nbsp;<\/em>&nbsp;| <a href=\"https:\/\/www.la-coursive.com\/projects\/le-carnaval-baroque-24-25\/?pr=48609&amp;gr=1&amp;post=all&amp;sa=1991\" target=\"_blank\" rel=\"noreferrer noopener\">La Rochelle<\/a> (17)&nbsp;<\/p>\n\n\n\n<p><strong>27 mars (tout public) et 28 mars (scolaire)<br><\/strong><a href=\"https:\/\/www.lesamesnocturnes.com\/?page_id=1269\"><img loading=\"lazy\" decoding=\"async\" width=\"1754\" height=\"2480\" class=\"wp-image-1315\" style=\"border-width: medium; border-style: none; width: 50px;\" src=\"https:\/\/www.lesamesnocturnes.com\/wp-content\/uploads\/2022\/09\/AFFICHE-FINALE-OK.jpg\" alt=\"\" srcset=\"https:\/\/www.lesamesnocturnes.com\/wp-content\/uploads\/2022\/09\/AFFICHE-FINALE-OK.jpg 1754w, https:\/\/www.lesamesnocturnes.com\/wp-content\/uploads\/2022\/09\/AFFICHE-FINALE-OK-212x300.jpg 212w, https:\/\/www.lesamesnocturnes.com\/wp-content\/uploads\/2022\/09\/AFFICHE-FINALE-OK-724x1024.jpg 724w, https:\/\/www.lesamesnocturnes.com\/wp-content\/uploads\/2022\/09\/AFFICHE-FINALE-OK-768x1086.jpg 768w, https:\/\/www.lesamesnocturnes.com\/wp-content\/uploads\/2022\/09\/AFFICHE-FINALE-OK-1086x1536.jpg 1086w, https:\/\/www.lesamesnocturnes.com\/wp-content\/uploads\/2022\/09\/AFFICHE-FINALE-OK-1448x2048.jpg 1448w, https:\/\/www.lesamesnocturnes.com\/wp-content\/uploads\/2022\/09\/AFFICHE-FINALE-OK-950x1343.jpg 950w\" sizes=\"auto, (max-width: 1754px) 100vw, 1754px\" \/><\/a> <em>Dreams&nbsp;<\/em>&nbsp;|&nbsp;<a href=\"https:\/\/www.theatre-du-pays-de-morlaix.fr\/-Programmation-.html\" target=\"_blank\" rel=\"noreferrer noopener\">Morlaix<\/a>(29)<\/p>\n\n\n\n<p><strong>21, 22 &amp; 23 mars<br><\/strong><a href=\"https:\/\/www.lesamesnocturnes.com\/?page_id=177\"><img loading=\"lazy\" decoding=\"async\" width=\"50\" height=\"74\" class=\"wp-image-1319\" style=\"width: 50px;\" src=\"https:\/\/www.lesamesnocturnes.com\/wp-content\/uploads\/2022\/09\/Affiche-Carnaval-baroque-2.png\" alt=\"\" srcset=\"https:\/\/www.lesamesnocturnes.com\/wp-content\/uploads\/2022\/09\/Affiche-Carnaval-baroque-2.png 345w, https:\/\/www.lesamesnocturnes.com\/wp-content\/uploads\/2022\/09\/Affiche-Carnaval-baroque-2-203x300.png 203w\" sizes=\"auto, (max-width: 50px) 100vw, 50px\" \/><\/a><em> Carnaval Baroque&nbsp;<\/em>&nbsp;| <a href=\"https:\/\/m.mupa.hu\/en\/events\/event-list?from=2025-3-01&amp;to=2025-3-31&amp;lang=en\" target=\"_blank\" rel=\"noreferrer noopener\">Budapest<\/a> (Hongrie)&nbsp;<\/p>\n\n\n\n<p><strong>20 mars (scolaire) et 21 mars (tout public)<br><\/strong><a href=\"https:\/\/www.lesamesnocturnes.com\/?page_id=1269\"><img loading=\"lazy\" decoding=\"async\" width=\"50\" height=\"71\" class=\"wp-image-1315\" style=\"width: 50px;\" src=\"https:\/\/www.lesamesnocturnes.com\/wp-content\/uploads\/2022\/09\/AFFICHE-FINALE-OK.jpg\" alt=\"\" srcset=\"https:\/\/www.lesamesnocturnes.com\/wp-content\/uploads\/2022\/09\/AFFICHE-FINALE-OK.jpg 1754w, https:\/\/www.lesamesnocturnes.com\/wp-content\/uploads\/2022\/09\/AFFICHE-FINALE-OK-212x300.jpg 212w, https:\/\/www.lesamesnocturnes.com\/wp-content\/uploads\/2022\/09\/AFFICHE-FINALE-OK-724x1024.jpg 724w, https:\/\/www.lesamesnocturnes.com\/wp-content\/uploads\/2022\/09\/AFFICHE-FINALE-OK-768x1086.jpg 768w, https:\/\/www.lesamesnocturnes.com\/wp-content\/uploads\/2022\/09\/AFFICHE-FINALE-OK-1086x1536.jpg 1086w, https:\/\/www.lesamesnocturnes.com\/wp-content\/uploads\/2022\/09\/AFFICHE-FINALE-OK-1448x2048.jpg 1448w, https:\/\/www.lesamesnocturnes.com\/wp-content\/uploads\/2022\/09\/AFFICHE-FINALE-OK-950x1343.jpg 950w\" sizes=\"auto, (max-width: 50px) 100vw, 50px\" \/><\/a> <em>Dreams&nbsp;<\/em>&nbsp;|&nbsp;<a href=\"https:\/\/saison-culturelle.dinan-agglomeration.fr\/Programme-de-la-Saison\" target=\"_blank\" rel=\"noreferrer noopener\">Dinan<\/a>(22)<\/p>\n\n\n\n<p><strong>14 mars<br><\/strong><a href=\"https:\/\/www.lesamesnocturnes.com\/?page_id=793\"><img loading=\"lazy\" decoding=\"async\" width=\"60\" height=\"60\" class=\"wp-image-1473\" style=\"width: 60px;\" src=\"https:\/\/www.lesamesnocturnes.com\/wp-content\/uploads\/2023\/09\/Flyer-Au-Bonheur-des-Vivants-vierge.png\" alt=\"\" srcset=\"https:\/\/www.lesamesnocturnes.com\/wp-content\/uploads\/2023\/09\/Flyer-Au-Bonheur-des-Vivants-vierge.png 1689w, https:\/\/www.lesamesnocturnes.com\/wp-content\/uploads\/2023\/09\/Flyer-Au-Bonheur-des-Vivants-vierge-300x300.png 300w, https:\/\/www.lesamesnocturnes.com\/wp-content\/uploads\/2023\/09\/Flyer-Au-Bonheur-des-Vivants-vierge-1024x1024.png 1024w, https:\/\/www.lesamesnocturnes.com\/wp-content\/uploads\/2023\/09\/Flyer-Au-Bonheur-des-Vivants-vierge-150x150.png 150w, https:\/\/www.lesamesnocturnes.com\/wp-content\/uploads\/2023\/09\/Flyer-Au-Bonheur-des-Vivants-vierge-768x768.png 768w, https:\/\/www.lesamesnocturnes.com\/wp-content\/uploads\/2023\/09\/Flyer-Au-Bonheur-des-Vivants-vierge-1536x1536.png 1536w, https:\/\/www.lesamesnocturnes.com\/wp-content\/uploads\/2023\/09\/Flyer-Au-Bonheur-des-Vivants-vierge-950x950.png 950w\" sizes=\"auto, (max-width: 60px) 100vw, 60px\" \/><\/a> <em>Au Bonheur des Vivants&nbsp;<\/em>| <a href=\"https:\/\/saujon.fr\/salicorne\" target=\"_blank\" rel=\"noreferrer noopener\">Saujon<\/a> (17)<\/p>\n\n\n\n<p><strong>6 (scolaire), 7 &amp; 8 f\u00e9vrier (tout public)<br><\/strong><a href=\"https:\/\/www.lesamesnocturnes.com\/?page_id=177\"><img loading=\"lazy\" decoding=\"async\" width=\"50\" height=\"74\" class=\"wp-image-1319\" style=\"width: 50px;\" src=\"https:\/\/www.lesamesnocturnes.com\/wp-content\/uploads\/2022\/09\/Affiche-Carnaval-baroque-2.png\" alt=\"\" srcset=\"https:\/\/www.lesamesnocturnes.com\/wp-content\/uploads\/2022\/09\/Affiche-Carnaval-baroque-2.png 345w, https:\/\/www.lesamesnocturnes.com\/wp-content\/uploads\/2022\/09\/Affiche-Carnaval-baroque-2-203x300.png 203w\" sizes=\"auto, (max-width: 50px) 100vw, 50px\" \/><\/a><em> Carnaval Baroque&nbsp;<\/em>&nbsp;| <a href=\"https:\/\/www.opera-massy.com\/fr\/le-carnaval-baroque.html?cmp_id=77&amp;news_id=1099&amp;vID=3\" target=\"_blank\" rel=\"noreferrer noopener\">Op\u00e9ra de Massy<\/a> (91)&nbsp;<\/p>\n\n\n\n<p><strong>1er f\u00e9vrier<br><\/strong><a href=\"https:\/\/www.lesamesnocturnes.com\/?page_id=793\"><img loading=\"lazy\" decoding=\"async\" width=\"60\" height=\"60\" class=\"wp-image-1473\" style=\"width: 60px;\" src=\"https:\/\/www.lesamesnocturnes.com\/wp-content\/uploads\/2023\/09\/Flyer-Au-Bonheur-des-Vivants-vierge.png\" alt=\"\" srcset=\"https:\/\/www.lesamesnocturnes.com\/wp-content\/uploads\/2023\/09\/Flyer-Au-Bonheur-des-Vivants-vierge.png 1689w, https:\/\/www.lesamesnocturnes.com\/wp-content\/uploads\/2023\/09\/Flyer-Au-Bonheur-des-Vivants-vierge-300x300.png 300w, https:\/\/www.lesamesnocturnes.com\/wp-content\/uploads\/2023\/09\/Flyer-Au-Bonheur-des-Vivants-vierge-1024x1024.png 1024w, https:\/\/www.lesamesnocturnes.com\/wp-content\/uploads\/2023\/09\/Flyer-Au-Bonheur-des-Vivants-vierge-150x150.png 150w, https:\/\/www.lesamesnocturnes.com\/wp-content\/uploads\/2023\/09\/Flyer-Au-Bonheur-des-Vivants-vierge-768x768.png 768w, https:\/\/www.lesamesnocturnes.com\/wp-content\/uploads\/2023\/09\/Flyer-Au-Bonheur-des-Vivants-vierge-1536x1536.png 1536w, https:\/\/www.lesamesnocturnes.com\/wp-content\/uploads\/2023\/09\/Flyer-Au-Bonheur-des-Vivants-vierge-950x950.png 950w\" sizes=\"auto, (max-width: 60px) 100vw, 60px\" \/><\/a> <em>Au Bonheur des Vivants&nbsp;<\/em>| <a href=\"https:\/\/www.sarlat-tourisme.com\/offres\/theatre-visuel-clown-compagnie-les-ames-nocturnes-au-bonheur-des-vivants-sarlat-la-caneda-fr-5088308\/\" target=\"_blank\" rel=\"noreferrer noopener\">Sarlat<\/a> (24)<\/p>\n\n\n\n<p><strong>24 janvier<br><\/strong><a href=\"https:\/\/www.lesamesnocturnes.com\/?page_id=793\"><img loading=\"lazy\" decoding=\"async\" width=\"60\" height=\"60\" class=\"wp-image-1473\" style=\"width: 60px;\" src=\"https:\/\/www.lesamesnocturnes.com\/wp-content\/uploads\/2023\/09\/Flyer-Au-Bonheur-des-Vivants-vierge.png\" alt=\"\" srcset=\"https:\/\/www.lesamesnocturnes.com\/wp-content\/uploads\/2023\/09\/Flyer-Au-Bonheur-des-Vivants-vierge.png 1689w, https:\/\/www.lesamesnocturnes.com\/wp-content\/uploads\/2023\/09\/Flyer-Au-Bonheur-des-Vivants-vierge-300x300.png 300w, https:\/\/www.lesamesnocturnes.com\/wp-content\/uploads\/2023\/09\/Flyer-Au-Bonheur-des-Vivants-vierge-1024x1024.png 1024w, https:\/\/www.lesamesnocturnes.com\/wp-content\/uploads\/2023\/09\/Flyer-Au-Bonheur-des-Vivants-vierge-150x150.png 150w, https:\/\/www.lesamesnocturnes.com\/wp-content\/uploads\/2023\/09\/Flyer-Au-Bonheur-des-Vivants-vierge-768x768.png 768w, https:\/\/www.lesamesnocturnes.com\/wp-content\/uploads\/2023\/09\/Flyer-Au-Bonheur-des-Vivants-vierge-1536x1536.png 1536w, https:\/\/www.lesamesnocturnes.com\/wp-content\/uploads\/2023\/09\/Flyer-Au-Bonheur-des-Vivants-vierge-950x950.png 950w\" sizes=\"auto, (max-width: 60px) 100vw, 60px\" \/><\/a> <em>Au Bonheur des Vivants&nbsp;<\/em>| <a href=\"http:\/\/www.talange.com\/fr\/evenements\/1\/1\/2025\" target=\"_blank\" rel=\"noreferrer noopener\">Talange<\/a> (57)<\/p>\n\n\n\n<p><strong>18 janvier<br><\/strong><a href=\"https:\/\/www.lesamesnocturnes.com\/?page_id=793\"><img loading=\"lazy\" decoding=\"async\" width=\"60\" height=\"60\" class=\"wp-image-1473\" style=\"width: 60px;\" src=\"https:\/\/www.lesamesnocturnes.com\/wp-content\/uploads\/2023\/09\/Flyer-Au-Bonheur-des-Vivants-vierge.png\" alt=\"\" srcset=\"https:\/\/www.lesamesnocturnes.com\/wp-content\/uploads\/2023\/09\/Flyer-Au-Bonheur-des-Vivants-vierge.png 1689w, https:\/\/www.lesamesnocturnes.com\/wp-content\/uploads\/2023\/09\/Flyer-Au-Bonheur-des-Vivants-vierge-300x300.png 300w, https:\/\/www.lesamesnocturnes.com\/wp-content\/uploads\/2023\/09\/Flyer-Au-Bonheur-des-Vivants-vierge-1024x1024.png 1024w, https:\/\/www.lesamesnocturnes.com\/wp-content\/uploads\/2023\/09\/Flyer-Au-Bonheur-des-Vivants-vierge-150x150.png 150w, https:\/\/www.lesamesnocturnes.com\/wp-content\/uploads\/2023\/09\/Flyer-Au-Bonheur-des-Vivants-vierge-768x768.png 768w, https:\/\/www.lesamesnocturnes.com\/wp-content\/uploads\/2023\/09\/Flyer-Au-Bonheur-des-Vivants-vierge-1536x1536.png 1536w, https:\/\/www.lesamesnocturnes.com\/wp-content\/uploads\/2023\/09\/Flyer-Au-Bonheur-des-Vivants-vierge-950x950.png 950w\" sizes=\"auto, (max-width: 60px) 100vw, 60px\" \/><\/a> <em>Au Bonheur des Vivants&nbsp;<\/em>| <a href=\"https:\/\/culturueil.fr\/evenements\/au-bonheur-des-vivants-2\/\" target=\"_blank\" rel=\"noreferrer noopener\">Rueil-Malmaison<\/a> (92)<\/p>\n\n\n\n<p><strong>1er janvier<br><\/strong><img loading=\"lazy\" decoding=\"async\" width=\"50\" height=\"74\" class=\"wp-image-1314\" style=\"width: 50px;\" src=\"https:\/\/www.lesamesnocturnes.com\/wp-content\/uploads\/2022\/09\/affiche-flute-enchantee.jpg\" alt=\"\" srcset=\"https:\/\/www.lesamesnocturnes.com\/wp-content\/uploads\/2022\/09\/affiche-flute-enchantee.jpg 1056w, https:\/\/www.lesamesnocturnes.com\/wp-content\/uploads\/2022\/09\/affiche-flute-enchantee-204x300.jpg 204w, https:\/\/www.lesamesnocturnes.com\/wp-content\/uploads\/2022\/09\/affiche-flute-enchantee-696x1024.jpg 696w, https:\/\/www.lesamesnocturnes.com\/wp-content\/uploads\/2022\/09\/affiche-flute-enchantee-768x1130.jpg 768w, https:\/\/www.lesamesnocturnes.com\/wp-content\/uploads\/2022\/09\/affiche-flute-enchantee-1044x1536.jpg 1044w, https:\/\/www.lesamesnocturnes.com\/wp-content\/uploads\/2022\/09\/affiche-flute-enchantee-950x1398.jpg 950w\" sizes=\"auto, (max-width: 50px) 100vw, 50px\" \/> <em>La Fl\u00fbte Enchant\u00e9e&nbsp;<\/em>&nbsp;|&nbsp;<a href=\"https:\/\/www.operaroyal-versailles.fr\/event\/mozart-la-flute-enchantee\/\" target=\"_blank\" rel=\"noreferrer noopener\">Op\u00e9ra Royal de Versailles<\/a> (78)<\/p>\n\n\n\n<p class=\"has-text-align-center has-cyan-bluish-gray-background-color has-background has-small-font-size\" style=\"font-style:normal;font-weight:800\"><span style=\"color: #800000;\"><strong><em>2024<\/em><\/strong><\/span><\/p>\n\n\n\n<p><strong>29 &amp; 31 d\u00e9cembre<br><\/strong><a href=\"https:\/\/www.lesamesnocturnes.com\/?page_id=1309\"><img loading=\"lazy\" decoding=\"async\" width=\"50\" height=\"76\" class=\"wp-image-1308\" style=\"width: 50px;\" src=\"https:\/\/www.lesamesnocturnes.com\/wp-content\/uploads\/2022\/09\/Valse-du-Marcassin-provisoir-scaled.jpg\" alt=\"\" srcset=\"https:\/\/www.lesamesnocturnes.com\/wp-content\/uploads\/2022\/09\/Valse-du-Marcassin-provisoir-scaled.jpg 1683w, https:\/\/www.lesamesnocturnes.com\/wp-content\/uploads\/2022\/09\/Valse-du-Marcassin-provisoir-197x300.jpg 197w, https:\/\/www.lesamesnocturnes.com\/wp-content\/uploads\/2022\/09\/Valse-du-Marcassin-provisoir-673x1024.jpg 673w, https:\/\/www.lesamesnocturnes.com\/wp-content\/uploads\/2022\/09\/Valse-du-Marcassin-provisoir-768x1168.jpg 768w, https:\/\/www.lesamesnocturnes.com\/wp-content\/uploads\/2022\/09\/Valse-du-Marcassin-provisoir-1010x1536.jpg 1010w, https:\/\/www.lesamesnocturnes.com\/wp-content\/uploads\/2022\/09\/Valse-du-Marcassin-provisoir-1347x2048.jpg 1347w, https:\/\/www.lesamesnocturnes.com\/wp-content\/uploads\/2022\/09\/Valse-du-Marcassin-provisoir-950x1445.jpg 950w\" sizes=\"auto, (max-width: 50px) 100vw, 50px\" \/><\/a> &nbsp;<em>La Valse du Marcassin<\/em> | <a href=\"https:\/\/www.theatredupassage.ch\/spectacles\/la-valse-du-marcassin\" target=\"_blank\" rel=\"noreferrer noopener\">Neuch\u00e2tel<\/a> (Suisse)<\/p>\n\n\n\n<p><strong>27, 28, 29, 31 d\u00e9cembre<br><\/strong><img loading=\"lazy\" decoding=\"async\" width=\"50\" height=\"74\" class=\"wp-image-1314\" style=\"width: 50px;\" src=\"https:\/\/www.lesamesnocturnes.com\/wp-content\/uploads\/2022\/09\/affiche-flute-enchantee.jpg\" alt=\"\" srcset=\"https:\/\/www.lesamesnocturnes.com\/wp-content\/uploads\/2022\/09\/affiche-flute-enchantee.jpg 1056w, https:\/\/www.lesamesnocturnes.com\/wp-content\/uploads\/2022\/09\/affiche-flute-enchantee-204x300.jpg 204w, https:\/\/www.lesamesnocturnes.com\/wp-content\/uploads\/2022\/09\/affiche-flute-enchantee-696x1024.jpg 696w, https:\/\/www.lesamesnocturnes.com\/wp-content\/uploads\/2022\/09\/affiche-flute-enchantee-768x1130.jpg 768w, https:\/\/www.lesamesnocturnes.com\/wp-content\/uploads\/2022\/09\/affiche-flute-enchantee-1044x1536.jpg 1044w, https:\/\/www.lesamesnocturnes.com\/wp-content\/uploads\/2022\/09\/affiche-flute-enchantee-950x1398.jpg 950w\" sizes=\"auto, (max-width: 50px) 100vw, 50px\" \/> <em>La Fl\u00fbte Enchant\u00e9e&nbsp;<\/em>|&nbsp;<a href=\"https:\/\/www.operaroyal-versailles.fr\/event\/mozart-la-flute-enchantee\/\" target=\"_blank\" rel=\"noreferrer noopener\">Op\u00e9ra Royal de Versailles<\/a>&nbsp;(78)<\/p>\n\n\n\n<p><strong>1er d\u00e9cembre<br><\/strong><a href=\"https:\/\/www.lesamesnocturnes.com\/?page_id=1309\"><img loading=\"lazy\" decoding=\"async\" width=\"50\" height=\"76\" class=\"wp-image-1308\" style=\"width: 50px;\" src=\"https:\/\/www.lesamesnocturnes.com\/wp-content\/uploads\/2022\/09\/Valse-du-Marcassin-provisoir-scaled.jpg\" alt=\"\" srcset=\"https:\/\/www.lesamesnocturnes.com\/wp-content\/uploads\/2022\/09\/Valse-du-Marcassin-provisoir-scaled.jpg 1683w, https:\/\/www.lesamesnocturnes.com\/wp-content\/uploads\/2022\/09\/Valse-du-Marcassin-provisoir-197x300.jpg 197w, https:\/\/www.lesamesnocturnes.com\/wp-content\/uploads\/2022\/09\/Valse-du-Marcassin-provisoir-673x1024.jpg 673w, https:\/\/www.lesamesnocturnes.com\/wp-content\/uploads\/2022\/09\/Valse-du-Marcassin-provisoir-768x1168.jpg 768w, https:\/\/www.lesamesnocturnes.com\/wp-content\/uploads\/2022\/09\/Valse-du-Marcassin-provisoir-1010x1536.jpg 1010w, https:\/\/www.lesamesnocturnes.com\/wp-content\/uploads\/2022\/09\/Valse-du-Marcassin-provisoir-1347x2048.jpg 1347w, https:\/\/www.lesamesnocturnes.com\/wp-content\/uploads\/2022\/09\/Valse-du-Marcassin-provisoir-950x1445.jpg 950w\" sizes=\"auto, (max-width: 50px) 100vw, 50px\" \/><\/a> &nbsp;<em>La Valse du Marcassin<\/em> | <a href=\"https:\/\/billetterie-chamonix.mapado.com\/event\/365018-la-valse-du-marcassin\" target=\"_blank\" rel=\"noreferrer noopener\">Chamonix<\/a> (74)<\/p>\n\n\n\n<p><strong>16 novembre (2 repr\u00e9sentations)<br><\/strong><em><a href=\"https:\/\/www.youtube.com\/watch?v=u7NUAO9zxG8\"><img loading=\"lazy\" decoding=\"async\" width=\"50\" height=\"74\" class=\"wp-image-1249\" style=\"width: 50px;\" src=\"https:\/\/www.lesamesnocturnes.com\/wp-content\/uploads\/2022\/09\/AFFICHE-MAGIC-MOZART-LIGHT.jpg\" alt=\"\" srcset=\"https:\/\/www.lesamesnocturnes.com\/wp-content\/uploads\/2022\/09\/AFFICHE-MAGIC-MOZART-LIGHT.jpg 860w, https:\/\/www.lesamesnocturnes.com\/wp-content\/uploads\/2022\/09\/AFFICHE-MAGIC-MOZART-LIGHT-202x300.jpg 202w, https:\/\/www.lesamesnocturnes.com\/wp-content\/uploads\/2022\/09\/AFFICHE-MAGIC-MOZART-LIGHT-688x1024.jpg 688w, https:\/\/www.lesamesnocturnes.com\/wp-content\/uploads\/2022\/09\/AFFICHE-MAGIC-MOZART-LIGHT-768x1143.jpg 768w\" sizes=\"auto, (max-width: 50px) 100vw, 50px\" \/><\/a> Magic Mozart<\/em>&nbsp;| <a href=\"https:\/\/www.theatre-tarare.fr\/evenements\/magic-mozart\/\" target=\"_blank\" rel=\"noreferrer noopener\">Tarare<\/a> (57)<\/p>\n\n\n\n<p><strong>18, 19, 20 octobre (5 repr\u00e9sentations)<br><\/strong><a href=\"https:\/\/www.lesamesnocturnes.com\/?page_id=439\"><img loading=\"lazy\" decoding=\"async\" width=\"50\" height=\"75\" class=\"wp-image-1242\" style=\"width: 50px;\" src=\"https:\/\/www.lesamesnocturnes.com\/wp-content\/uploads\/2022\/09\/didon-31.jpg\" alt=\"\" srcset=\"https:\/\/www.lesamesnocturnes.com\/wp-content\/uploads\/2022\/09\/didon-31.jpg 1333w, https:\/\/www.lesamesnocturnes.com\/wp-content\/uploads\/2022\/09\/didon-31-200x300.jpg 200w, https:\/\/www.lesamesnocturnes.com\/wp-content\/uploads\/2022\/09\/didon-31-682x1024.jpg 682w, https:\/\/www.lesamesnocturnes.com\/wp-content\/uploads\/2022\/09\/didon-31-768x1152.jpg 768w, https:\/\/www.lesamesnocturnes.com\/wp-content\/uploads\/2022\/09\/didon-31-1024x1536.jpg 1024w, https:\/\/www.lesamesnocturnes.com\/wp-content\/uploads\/2022\/09\/didon-31-950x1425.jpg 950w\" sizes=\"auto, (max-width: 50px) 100vw, 50px\" \/><\/a> <em>Didon &amp; \u00c9n\u00e9e <\/em>&nbsp;| <a href=\"https:\/\/www.operaroyal-versailles.fr\/event\/purcell-didon-et-enee-2\/\" target=\"_blank\" rel=\"noreferrer noopener\">Op\u00e9ra Royal de Versailles<\/a> (78)<\/p>\n\n\n\n<p><strong>5 octobre<br><\/strong><a href=\"https:\/\/www.lesamesnocturnes.com\/?page_id=793\"><img loading=\"lazy\" decoding=\"async\" width=\"60\" height=\"60\" class=\"wp-image-1473\" style=\"width: 60px;\" src=\"https:\/\/www.lesamesnocturnes.com\/wp-content\/uploads\/2023\/09\/Flyer-Au-Bonheur-des-Vivants-vierge.png\" alt=\"\" srcset=\"https:\/\/www.lesamesnocturnes.com\/wp-content\/uploads\/2023\/09\/Flyer-Au-Bonheur-des-Vivants-vierge.png 1689w, https:\/\/www.lesamesnocturnes.com\/wp-content\/uploads\/2023\/09\/Flyer-Au-Bonheur-des-Vivants-vierge-300x300.png 300w, https:\/\/www.lesamesnocturnes.com\/wp-content\/uploads\/2023\/09\/Flyer-Au-Bonheur-des-Vivants-vierge-1024x1024.png 1024w, https:\/\/www.lesamesnocturnes.com\/wp-content\/uploads\/2023\/09\/Flyer-Au-Bonheur-des-Vivants-vierge-150x150.png 150w, https:\/\/www.lesamesnocturnes.com\/wp-content\/uploads\/2023\/09\/Flyer-Au-Bonheur-des-Vivants-vierge-768x768.png 768w, https:\/\/www.lesamesnocturnes.com\/wp-content\/uploads\/2023\/09\/Flyer-Au-Bonheur-des-Vivants-vierge-1536x1536.png 1536w, https:\/\/www.lesamesnocturnes.com\/wp-content\/uploads\/2023\/09\/Flyer-Au-Bonheur-des-Vivants-vierge-950x950.png 950w\" sizes=\"auto, (max-width: 60px) 100vw, 60px\" \/><\/a> <em>Au Bonheur des Vivants<\/em>&nbsp;| <a href=\"https:\/\/www.sgdb91.com\/categorie-evenements\/saison-culturelle\/\" target=\"_blank\" rel=\"noreferrer noopener\">Sainte-Genevi\u00e8ve des Bois <\/a> (92)<\/p>\n\n\n\n<p><strong>27 septembre (2 repr\u00e9sentations)<br><\/strong><em><a href=\"https:\/\/www.youtube.com\/watch?v=u7NUAO9zxG8\"><img loading=\"lazy\" decoding=\"async\" width=\"50\" height=\"74\" class=\"wp-image-1249\" style=\"width: 50px;\" src=\"https:\/\/www.lesamesnocturnes.com\/wp-content\/uploads\/2022\/09\/AFFICHE-MAGIC-MOZART-LIGHT.jpg\" alt=\"\" srcset=\"https:\/\/www.lesamesnocturnes.com\/wp-content\/uploads\/2022\/09\/AFFICHE-MAGIC-MOZART-LIGHT.jpg 860w, https:\/\/www.lesamesnocturnes.com\/wp-content\/uploads\/2022\/09\/AFFICHE-MAGIC-MOZART-LIGHT-202x300.jpg 202w, https:\/\/www.lesamesnocturnes.com\/wp-content\/uploads\/2022\/09\/AFFICHE-MAGIC-MOZART-LIGHT-688x1024.jpg 688w, https:\/\/www.lesamesnocturnes.com\/wp-content\/uploads\/2022\/09\/AFFICHE-MAGIC-MOZART-LIGHT-768x1143.jpg 768w\" sizes=\"auto, (max-width: 50px) 100vw, 50px\" \/><\/a> Magic Mozart&nbsp;<\/em>&nbsp;| <a href=\"https:\/\/www.sarreguemines.fr\/agenda\/30-saison-culturelle\/1373-saison-culturelle-spectacle-douverture-magic-mozart\" target=\"_blank\" rel=\"noreferrer noopener\">Sarreguemines<\/a> (57)<\/p>\n\n\n\n<p><strong>20 Septembre<br><\/strong><a href=\"https:\/\/www.lesamesnocturnes.com\/?page_id=1309\"><img loading=\"lazy\" decoding=\"async\" width=\"50\" height=\"76\" class=\"wp-image-1308\" style=\"width: 50px;\" src=\"https:\/\/www.lesamesnocturnes.com\/wp-content\/uploads\/2022\/09\/Valse-du-Marcassin-provisoir-scaled.jpg\" alt=\"\" srcset=\"https:\/\/www.lesamesnocturnes.com\/wp-content\/uploads\/2022\/09\/Valse-du-Marcassin-provisoir-scaled.jpg 1683w, https:\/\/www.lesamesnocturnes.com\/wp-content\/uploads\/2022\/09\/Valse-du-Marcassin-provisoir-197x300.jpg 197w, https:\/\/www.lesamesnocturnes.com\/wp-content\/uploads\/2022\/09\/Valse-du-Marcassin-provisoir-673x1024.jpg 673w, https:\/\/www.lesamesnocturnes.com\/wp-content\/uploads\/2022\/09\/Valse-du-Marcassin-provisoir-768x1168.jpg 768w, https:\/\/www.lesamesnocturnes.com\/wp-content\/uploads\/2022\/09\/Valse-du-Marcassin-provisoir-1010x1536.jpg 1010w, https:\/\/www.lesamesnocturnes.com\/wp-content\/uploads\/2022\/09\/Valse-du-Marcassin-provisoir-1347x2048.jpg 1347w, https:\/\/www.lesamesnocturnes.com\/wp-content\/uploads\/2022\/09\/Valse-du-Marcassin-provisoir-950x1445.jpg 950w\" sizes=\"auto, (max-width: 50px) 100vw, 50px\" \/><\/a> &nbsp;<em>La Valse du Marcassin<\/em> | <a href=\"https:\/\/www.lure.fr\/agenda\/la-valse-du-marcassin\/\" target=\"_blank\" rel=\"noreferrer noopener\">Lure<\/a> (70)<\/p>\n\n\n\n<p><strong>12 Juillet<br><\/strong><a href=\"https:\/\/www.lesamesnocturnes.com\/?page_id=1309\"><img loading=\"lazy\" decoding=\"async\" width=\"50\" height=\"76\" class=\"wp-image-1308\" style=\"width: 50px;\" src=\"https:\/\/www.lesamesnocturnes.com\/wp-content\/uploads\/2022\/09\/Valse-du-Marcassin-provisoir-scaled.jpg\" alt=\"\" srcset=\"https:\/\/www.lesamesnocturnes.com\/wp-content\/uploads\/2022\/09\/Valse-du-Marcassin-provisoir-scaled.jpg 1683w, https:\/\/www.lesamesnocturnes.com\/wp-content\/uploads\/2022\/09\/Valse-du-Marcassin-provisoir-197x300.jpg 197w, https:\/\/www.lesamesnocturnes.com\/wp-content\/uploads\/2022\/09\/Valse-du-Marcassin-provisoir-673x1024.jpg 673w, https:\/\/www.lesamesnocturnes.com\/wp-content\/uploads\/2022\/09\/Valse-du-Marcassin-provisoir-768x1168.jpg 768w, https:\/\/www.lesamesnocturnes.com\/wp-content\/uploads\/2022\/09\/Valse-du-Marcassin-provisoir-1010x1536.jpg 1010w, https:\/\/www.lesamesnocturnes.com\/wp-content\/uploads\/2022\/09\/Valse-du-Marcassin-provisoir-1347x2048.jpg 1347w, https:\/\/www.lesamesnocturnes.com\/wp-content\/uploads\/2022\/09\/Valse-du-Marcassin-provisoir-950x1445.jpg 950w\" sizes=\"auto, (max-width: 50px) 100vw, 50px\" \/><\/a> &nbsp;<em>La Valse du Marcassin<\/em> | <a href=\"https:\/\/www.saintpierre.re\/culture\/theatre-et-danse\/la-valse-du-marcassin\" target=\"_blank\" rel=\"noreferrer noopener\">Ile de la R\u00e9union &#8211; Saint-Pierre<\/a> (972)<\/p>\n\n\n\n<p><strong>9 &amp; 10 Juillet <br><\/strong><a href=\"https:\/\/www.lesamesnocturnes.com\/?page_id=1309\"><img loading=\"lazy\" decoding=\"async\" width=\"50\" height=\"76\" class=\"wp-image-1308\" style=\"width: 50px;\" src=\"https:\/\/www.lesamesnocturnes.com\/wp-content\/uploads\/2022\/09\/Valse-du-Marcassin-provisoir-scaled.jpg\" alt=\"\" srcset=\"https:\/\/www.lesamesnocturnes.com\/wp-content\/uploads\/2022\/09\/Valse-du-Marcassin-provisoir-scaled.jpg 1683w, https:\/\/www.lesamesnocturnes.com\/wp-content\/uploads\/2022\/09\/Valse-du-Marcassin-provisoir-197x300.jpg 197w, https:\/\/www.lesamesnocturnes.com\/wp-content\/uploads\/2022\/09\/Valse-du-Marcassin-provisoir-673x1024.jpg 673w, https:\/\/www.lesamesnocturnes.com\/wp-content\/uploads\/2022\/09\/Valse-du-Marcassin-provisoir-768x1168.jpg 768w, https:\/\/www.lesamesnocturnes.com\/wp-content\/uploads\/2022\/09\/Valse-du-Marcassin-provisoir-1010x1536.jpg 1010w, https:\/\/www.lesamesnocturnes.com\/wp-content\/uploads\/2022\/09\/Valse-du-Marcassin-provisoir-1347x2048.jpg 1347w, https:\/\/www.lesamesnocturnes.com\/wp-content\/uploads\/2022\/09\/Valse-du-Marcassin-provisoir-950x1445.jpg 950w\" sizes=\"auto, (max-width: 50px) 100vw, 50px\" \/><\/a> &nbsp;<em>La Valse du Marcassin<\/em> | <a href=\"https:\/\/lespas.re\/la-valse-du-marcassin\/\" target=\"_blank\" rel=\"noreferrer noopener\">Ile de la R\u00e9union &#8211; Saint-Paul<\/a> (972)&nbsp;<\/p>\n\n\n\n<p><strong>5 &amp; 6 Juillet<br><\/strong><a href=\"https:\/\/www.lesamesnocturnes.com\/?page_id=1309\"><img loading=\"lazy\" decoding=\"async\" width=\"50\" height=\"76\" class=\"wp-image-1308\" style=\"width: 50px;\" src=\"https:\/\/www.lesamesnocturnes.com\/wp-content\/uploads\/2022\/09\/Valse-du-Marcassin-provisoir-scaled.jpg\" alt=\"\" srcset=\"https:\/\/www.lesamesnocturnes.com\/wp-content\/uploads\/2022\/09\/Valse-du-Marcassin-provisoir-scaled.jpg 1683w, https:\/\/www.lesamesnocturnes.com\/wp-content\/uploads\/2022\/09\/Valse-du-Marcassin-provisoir-197x300.jpg 197w, https:\/\/www.lesamesnocturnes.com\/wp-content\/uploads\/2022\/09\/Valse-du-Marcassin-provisoir-673x1024.jpg 673w, https:\/\/www.lesamesnocturnes.com\/wp-content\/uploads\/2022\/09\/Valse-du-Marcassin-provisoir-768x1168.jpg 768w, https:\/\/www.lesamesnocturnes.com\/wp-content\/uploads\/2022\/09\/Valse-du-Marcassin-provisoir-1010x1536.jpg 1010w, https:\/\/www.lesamesnocturnes.com\/wp-content\/uploads\/2022\/09\/Valse-du-Marcassin-provisoir-1347x2048.jpg 1347w, https:\/\/www.lesamesnocturnes.com\/wp-content\/uploads\/2022\/09\/Valse-du-Marcassin-provisoir-950x1445.jpg 950w\" sizes=\"auto, (max-width: 50px) 100vw, 50px\" \/><\/a> &nbsp;<em>La Valse du Marcassin<\/em> |<a href=\"https:\/\/www.teat.re\/programmation\/nouveau-cirque\/la-valse-du-marcassin\/cie-les-Ames-nocturnes,544.htm\"> <\/a><a href=\"https:\/\/www.teat.re\/programmation\/nouveau-cirque\/la-valse-du-marcassin\/cie-les-Ames-nocturnes,544.htm\" target=\"_blank\" rel=\"noreferrer noopener\">Ile de la R\u00e9union &#8211; Saint-Deni<\/a><a href=\"https:\/\/www.teat.re\/programmation\/nouveau-cirque\/la-valse-du-marcassin\/cie-les-Ames-nocturnes,544.htm\">s <\/a>(972)&nbsp;<\/p>\n\n\n\n<p><strong>4 juin <br><\/strong><a href=\"https:\/\/www.lesamesnocturnes.com\/?page_id=177\"><img loading=\"lazy\" decoding=\"async\" width=\"50\" height=\"74\" class=\"wp-image-1319\" style=\"width: 50px;\" src=\"https:\/\/www.lesamesnocturnes.com\/wp-content\/uploads\/2022\/09\/Affiche-Carnaval-baroque-2.png\" alt=\"\" srcset=\"https:\/\/www.lesamesnocturnes.com\/wp-content\/uploads\/2022\/09\/Affiche-Carnaval-baroque-2.png 345w, https:\/\/www.lesamesnocturnes.com\/wp-content\/uploads\/2022\/09\/Affiche-Carnaval-baroque-2-203x300.png 203w\" sizes=\"auto, (max-width: 50px) 100vw, 50px\" \/><\/a><em> Carnaval Baroque&nbsp;<\/em>&nbsp;| <a href=\"https:\/\/www.ravennafestival.org\/en\/events\/?s=harmonique&amp;qy=2024\">Ravenna<\/a> (Italie)&nbsp;<\/p>\n\n\n\n<p><strong>28, 29 &amp; 30 mai <br><\/strong><a href=\"https:\/\/www.lesamesnocturnes.com\/?page_id=177\"><img loading=\"lazy\" decoding=\"async\" width=\"50\" height=\"74\" class=\"wp-image-1319\" style=\"width: 50px;\" src=\"https:\/\/www.lesamesnocturnes.com\/wp-content\/uploads\/2022\/09\/Affiche-Carnaval-baroque-2.png\" alt=\"\" srcset=\"https:\/\/www.lesamesnocturnes.com\/wp-content\/uploads\/2022\/09\/Affiche-Carnaval-baroque-2.png 345w, https:\/\/www.lesamesnocturnes.com\/wp-content\/uploads\/2022\/09\/Affiche-Carnaval-baroque-2-203x300.png 203w\" sizes=\"auto, (max-width: 50px) 100vw, 50px\" \/><\/a><em> Carnaval Baroque&nbsp;<\/em>&nbsp;| <a href=\"https:\/\/theatre.caen.fr\/spectacle\/le-carnaval-baroque\" target=\"_blank\" rel=\"noreferrer noopener\">Caen<\/a> (14)&nbsp;<\/p>\n\n\n\n<p><strong>26 mai<br><\/strong><a href=\"https:\/\/www.lesamesnocturnes.com\/?page_id=793\"><img loading=\"lazy\" decoding=\"async\" width=\"60\" height=\"60\" class=\"wp-image-1473\" style=\"width: 60px;\" src=\"https:\/\/www.lesamesnocturnes.com\/wp-content\/uploads\/2023\/09\/Flyer-Au-Bonheur-des-Vivants-vierge.png\" alt=\"\" srcset=\"https:\/\/www.lesamesnocturnes.com\/wp-content\/uploads\/2023\/09\/Flyer-Au-Bonheur-des-Vivants-vierge.png 1689w, https:\/\/www.lesamesnocturnes.com\/wp-content\/uploads\/2023\/09\/Flyer-Au-Bonheur-des-Vivants-vierge-300x300.png 300w, https:\/\/www.lesamesnocturnes.com\/wp-content\/uploads\/2023\/09\/Flyer-Au-Bonheur-des-Vivants-vierge-1024x1024.png 1024w, https:\/\/www.lesamesnocturnes.com\/wp-content\/uploads\/2023\/09\/Flyer-Au-Bonheur-des-Vivants-vierge-150x150.png 150w, https:\/\/www.lesamesnocturnes.com\/wp-content\/uploads\/2023\/09\/Flyer-Au-Bonheur-des-Vivants-vierge-768x768.png 768w, https:\/\/www.lesamesnocturnes.com\/wp-content\/uploads\/2023\/09\/Flyer-Au-Bonheur-des-Vivants-vierge-1536x1536.png 1536w, https:\/\/www.lesamesnocturnes.com\/wp-content\/uploads\/2023\/09\/Flyer-Au-Bonheur-des-Vivants-vierge-950x950.png 950w\" sizes=\"auto, (max-width: 60px) 100vw, 60px\" \/><\/a> <em>Au Bonheur des Vivants&nbsp;<\/em>&nbsp;|<a href=\"https:\/\/www.puteaux.fr\/Agenda\/Au-Bonheur-Des-Vivants\"> Puteaux<\/a> (92)<\/p>\n\n\n\n<p><strong>21 mai<br><\/strong><a href=\"https:\/\/www.lesamesnocturnes.com\/?page_id=793\"><img loading=\"lazy\" decoding=\"async\" width=\"60\" height=\"60\" class=\"wp-image-1473\" style=\"width: 60px;\" src=\"https:\/\/www.lesamesnocturnes.com\/wp-content\/uploads\/2023\/09\/Flyer-Au-Bonheur-des-Vivants-vierge.png\" alt=\"\" srcset=\"https:\/\/www.lesamesnocturnes.com\/wp-content\/uploads\/2023\/09\/Flyer-Au-Bonheur-des-Vivants-vierge.png 1689w, https:\/\/www.lesamesnocturnes.com\/wp-content\/uploads\/2023\/09\/Flyer-Au-Bonheur-des-Vivants-vierge-300x300.png 300w, https:\/\/www.lesamesnocturnes.com\/wp-content\/uploads\/2023\/09\/Flyer-Au-Bonheur-des-Vivants-vierge-1024x1024.png 1024w, https:\/\/www.lesamesnocturnes.com\/wp-content\/uploads\/2023\/09\/Flyer-Au-Bonheur-des-Vivants-vierge-150x150.png 150w, https:\/\/www.lesamesnocturnes.com\/wp-content\/uploads\/2023\/09\/Flyer-Au-Bonheur-des-Vivants-vierge-768x768.png 768w, https:\/\/www.lesamesnocturnes.com\/wp-content\/uploads\/2023\/09\/Flyer-Au-Bonheur-des-Vivants-vierge-1536x1536.png 1536w, https:\/\/www.lesamesnocturnes.com\/wp-content\/uploads\/2023\/09\/Flyer-Au-Bonheur-des-Vivants-vierge-950x950.png 950w\" sizes=\"auto, (max-width: 60px) 100vw, 60px\" \/><\/a> <em>Au Bonheur des Vivants&nbsp;<\/em>&nbsp;|<a href=\"https:\/\/www.puteaux.fr\/Agenda\/Au-Bonheur-Des-Vivants\"> Coye-la-For\u00eat<\/a> (60)<\/p>\n\n\n\n<p><strong>11 mai<br><\/strong><a href=\"https:\/\/www.lesamesnocturnes.com\/?page_id=793\"><img loading=\"lazy\" decoding=\"async\" width=\"60\" height=\"60\" class=\"wp-image-1473\" style=\"width: 60px;\" src=\"https:\/\/www.lesamesnocturnes.com\/wp-content\/uploads\/2023\/09\/Flyer-Au-Bonheur-des-Vivants-vierge.png\" alt=\"\" srcset=\"https:\/\/www.lesamesnocturnes.com\/wp-content\/uploads\/2023\/09\/Flyer-Au-Bonheur-des-Vivants-vierge.png 1689w, https:\/\/www.lesamesnocturnes.com\/wp-content\/uploads\/2023\/09\/Flyer-Au-Bonheur-des-Vivants-vierge-300x300.png 300w, https:\/\/www.lesamesnocturnes.com\/wp-content\/uploads\/2023\/09\/Flyer-Au-Bonheur-des-Vivants-vierge-1024x1024.png 1024w, https:\/\/www.lesamesnocturnes.com\/wp-content\/uploads\/2023\/09\/Flyer-Au-Bonheur-des-Vivants-vierge-150x150.png 150w, https:\/\/www.lesamesnocturnes.com\/wp-content\/uploads\/2023\/09\/Flyer-Au-Bonheur-des-Vivants-vierge-768x768.png 768w, https:\/\/www.lesamesnocturnes.com\/wp-content\/uploads\/2023\/09\/Flyer-Au-Bonheur-des-Vivants-vierge-1536x1536.png 1536w, https:\/\/www.lesamesnocturnes.com\/wp-content\/uploads\/2023\/09\/Flyer-Au-Bonheur-des-Vivants-vierge-950x950.png 950w\" sizes=\"auto, (max-width: 60px) 100vw, 60px\" \/><\/a> <em>Au Bonheur des Vivants&nbsp;<\/em>&nbsp;|<a href=\"https:\/\/www.ville-volvic.fr\/agenda\/au-bonheur-des-vivants-2597\"> <\/a><a href=\"https:\/\/www.cc-seignanx.fr\/Communaute-de-Communes\/Sortir-et-decouvrir\/FestiMai\">Seignanx<\/a> (40)<\/p>\n\n\n\n<p><strong>30 avril<br><\/strong><a href=\"https:\/\/www.lesamesnocturnes.com\/?page_id=1309\"><img loading=\"lazy\" decoding=\"async\" width=\"50\" height=\"76\" class=\"wp-image-1308\" style=\"width: 50px;\" src=\"https:\/\/www.lesamesnocturnes.com\/wp-content\/uploads\/2022\/09\/Valse-du-Marcassin-provisoir-scaled.jpg\" alt=\"\" srcset=\"https:\/\/www.lesamesnocturnes.com\/wp-content\/uploads\/2022\/09\/Valse-du-Marcassin-provisoir-scaled.jpg 1683w, https:\/\/www.lesamesnocturnes.com\/wp-content\/uploads\/2022\/09\/Valse-du-Marcassin-provisoir-197x300.jpg 197w, https:\/\/www.lesamesnocturnes.com\/wp-content\/uploads\/2022\/09\/Valse-du-Marcassin-provisoir-673x1024.jpg 673w, https:\/\/www.lesamesnocturnes.com\/wp-content\/uploads\/2022\/09\/Valse-du-Marcassin-provisoir-768x1168.jpg 768w, https:\/\/www.lesamesnocturnes.com\/wp-content\/uploads\/2022\/09\/Valse-du-Marcassin-provisoir-1010x1536.jpg 1010w, https:\/\/www.lesamesnocturnes.com\/wp-content\/uploads\/2022\/09\/Valse-du-Marcassin-provisoir-1347x2048.jpg 1347w, https:\/\/www.lesamesnocturnes.com\/wp-content\/uploads\/2022\/09\/Valse-du-Marcassin-provisoir-950x1445.jpg 950w\" sizes=\"auto, (max-width: 50px) 100vw, 50px\" \/><\/a> &nbsp;<em>La Valse du Marcassin<\/em> | <a href=\"https:\/\/www.moulins-tourisme.com\/agenda\/spectacle-la-valse-du-marcassin\/\" target=\"_blank\" rel=\"noreferrer noopener\">Yzeure<\/a> (03)&nbsp;<\/p>\n\n\n\n<p><strong>12 avril<br><\/strong><a href=\"https:\/\/www.lesamesnocturnes.com\/?page_id=793\"><img loading=\"lazy\" decoding=\"async\" width=\"60\" height=\"60\" class=\"wp-image-1473\" style=\"width: 60px;\" src=\"https:\/\/www.lesamesnocturnes.com\/wp-content\/uploads\/2023\/09\/Flyer-Au-Bonheur-des-Vivants-vierge.png\" alt=\"\" srcset=\"https:\/\/www.lesamesnocturnes.com\/wp-content\/uploads\/2023\/09\/Flyer-Au-Bonheur-des-Vivants-vierge.png 1689w, https:\/\/www.lesamesnocturnes.com\/wp-content\/uploads\/2023\/09\/Flyer-Au-Bonheur-des-Vivants-vierge-300x300.png 300w, https:\/\/www.lesamesnocturnes.com\/wp-content\/uploads\/2023\/09\/Flyer-Au-Bonheur-des-Vivants-vierge-1024x1024.png 1024w, https:\/\/www.lesamesnocturnes.com\/wp-content\/uploads\/2023\/09\/Flyer-Au-Bonheur-des-Vivants-vierge-150x150.png 150w, https:\/\/www.lesamesnocturnes.com\/wp-content\/uploads\/2023\/09\/Flyer-Au-Bonheur-des-Vivants-vierge-768x768.png 768w, https:\/\/www.lesamesnocturnes.com\/wp-content\/uploads\/2023\/09\/Flyer-Au-Bonheur-des-Vivants-vierge-1536x1536.png 1536w, https:\/\/www.lesamesnocturnes.com\/wp-content\/uploads\/2023\/09\/Flyer-Au-Bonheur-des-Vivants-vierge-950x950.png 950w\" sizes=\"auto, (max-width: 60px) 100vw, 60px\" \/><\/a> <em>Au Bonheur des Vivants&nbsp;<\/em>&nbsp;| <a href=\"https:\/\/www.ville-volvic.fr\/agenda\/au-bonheur-des-vivants-2597\">Volvic<\/a> (63)<\/p>\n\n\n\n<p><strong>6 avril<br><\/strong><a href=\"https:\/\/www.lesamesnocturnes.com\/?page_id=793\"><img loading=\"lazy\" decoding=\"async\" width=\"60\" height=\"60\" class=\"wp-image-1473\" style=\"width: 60px;\" src=\"https:\/\/www.lesamesnocturnes.com\/wp-content\/uploads\/2023\/09\/Flyer-Au-Bonheur-des-Vivants-vierge.png\" alt=\"\" srcset=\"https:\/\/www.lesamesnocturnes.com\/wp-content\/uploads\/2023\/09\/Flyer-Au-Bonheur-des-Vivants-vierge.png 1689w, https:\/\/www.lesamesnocturnes.com\/wp-content\/uploads\/2023\/09\/Flyer-Au-Bonheur-des-Vivants-vierge-300x300.png 300w, https:\/\/www.lesamesnocturnes.com\/wp-content\/uploads\/2023\/09\/Flyer-Au-Bonheur-des-Vivants-vierge-1024x1024.png 1024w, https:\/\/www.lesamesnocturnes.com\/wp-content\/uploads\/2023\/09\/Flyer-Au-Bonheur-des-Vivants-vierge-150x150.png 150w, https:\/\/www.lesamesnocturnes.com\/wp-content\/uploads\/2023\/09\/Flyer-Au-Bonheur-des-Vivants-vierge-768x768.png 768w, https:\/\/www.lesamesnocturnes.com\/wp-content\/uploads\/2023\/09\/Flyer-Au-Bonheur-des-Vivants-vierge-1536x1536.png 1536w, https:\/\/www.lesamesnocturnes.com\/wp-content\/uploads\/2023\/09\/Flyer-Au-Bonheur-des-Vivants-vierge-950x950.png 950w\" sizes=\"auto, (max-width: 60px) 100vw, 60px\" \/><\/a> <em>Au Bonheur des Vivants&nbsp;<\/em>&nbsp;| <a href=\"https:\/\/www.ville-noisiel.fr\/evenement\/au-bonheur-des-vivants\/\">Saint-Val\u00e9ry-sur-Somme<\/a> (80)<\/p>\n\n\n\n<p><em><strong>17 mars<br><\/strong><a href=\"https:\/\/www.lesamesnocturnes.com\/?page_id=1309\"><img loading=\"lazy\" decoding=\"async\" width=\"50\" height=\"76\" class=\"wp-image-1308\" style=\"width: 50px;\" src=\"https:\/\/www.lesamesnocturnes.com\/wp-content\/uploads\/2022\/09\/Valse-du-Marcassin-provisoir-scaled.jpg\" alt=\"\" srcset=\"https:\/\/www.lesamesnocturnes.com\/wp-content\/uploads\/2022\/09\/Valse-du-Marcassin-provisoir-scaled.jpg 1683w, https:\/\/www.lesamesnocturnes.com\/wp-content\/uploads\/2022\/09\/Valse-du-Marcassin-provisoir-197x300.jpg 197w, https:\/\/www.lesamesnocturnes.com\/wp-content\/uploads\/2022\/09\/Valse-du-Marcassin-provisoir-673x1024.jpg 673w, https:\/\/www.lesamesnocturnes.com\/wp-content\/uploads\/2022\/09\/Valse-du-Marcassin-provisoir-768x1168.jpg 768w, https:\/\/www.lesamesnocturnes.com\/wp-content\/uploads\/2022\/09\/Valse-du-Marcassin-provisoir-1010x1536.jpg 1010w, https:\/\/www.lesamesnocturnes.com\/wp-content\/uploads\/2022\/09\/Valse-du-Marcassin-provisoir-1347x2048.jpg 1347w, https:\/\/www.lesamesnocturnes.com\/wp-content\/uploads\/2022\/09\/Valse-du-Marcassin-provisoir-950x1445.jpg 950w\" sizes=\"auto, (max-width: 50px) 100vw, 50px\" \/><\/a> &nbsp;<em>La Valse du Marcassin<\/em> | <a href=\"https:\/\/www.creusotmontceautourisme.fr\/a-voir-a-faire\/agenda\/la-valse-du-marcassin-cie-les-ames-nocturnes-4592972\" target=\"_blank\" rel=\"noreferrer noopener\">Saint<\/a><a href=\"https:\/\/web.digitick.com\/la-valse-du-marcassin-les-ames-nocturnes-spectacle-l-illiade-illkirch-graffenstaden-19-novembre-2023-css5-spllilliade-pg101-ri9708179.html\" target=\"_blank\" rel=\"noreferrer noopener\">-Vallier<\/a> (<\/em>71)<\/p>\n\n\n\n<p><strong>9 &amp; 10 mars<br><\/strong><em><a href=\"https:\/\/www.youtube.com\/watch?v=u7NUAO9zxG8\"><img loading=\"lazy\" decoding=\"async\" width=\"50\" height=\"74\" class=\"wp-image-1249\" style=\"width: 50px;\" src=\"https:\/\/www.lesamesnocturnes.com\/wp-content\/uploads\/2022\/09\/AFFICHE-MAGIC-MOZART-LIGHT.jpg\" alt=\"\" srcset=\"https:\/\/www.lesamesnocturnes.com\/wp-content\/uploads\/2022\/09\/AFFICHE-MAGIC-MOZART-LIGHT.jpg 860w, https:\/\/www.lesamesnocturnes.com\/wp-content\/uploads\/2022\/09\/AFFICHE-MAGIC-MOZART-LIGHT-202x300.jpg 202w, https:\/\/www.lesamesnocturnes.com\/wp-content\/uploads\/2022\/09\/AFFICHE-MAGIC-MOZART-LIGHT-688x1024.jpg 688w, https:\/\/www.lesamesnocturnes.com\/wp-content\/uploads\/2022\/09\/AFFICHE-MAGIC-MOZART-LIGHT-768x1143.jpg 768w\" sizes=\"auto, (max-width: 50px) 100vw, 50px\" \/><\/a> Magic Mozart&nbsp;<\/em>&nbsp;| <a rel=\"noreferrer noopener\" href=\"https:\/\/letoboggan.com\/spectacles\/magic_mozart-3369\/\" target=\"_blank\">D\u00e9cines<\/a> (69)<\/p>\n\n\n\n<p><strong>2 mars <br><\/strong><a href=\"https:\/\/www.lesamesnocturnes.com\/?page_id=177\"><img loading=\"lazy\" decoding=\"async\" width=\"50\" height=\"74\" class=\"wp-image-1319\" style=\"width: 50px;\" src=\"https:\/\/www.lesamesnocturnes.com\/wp-content\/uploads\/2022\/09\/Affiche-Carnaval-baroque-2.png\" alt=\"\" srcset=\"https:\/\/www.lesamesnocturnes.com\/wp-content\/uploads\/2022\/09\/Affiche-Carnaval-baroque-2.png 345w, https:\/\/www.lesamesnocturnes.com\/wp-content\/uploads\/2022\/09\/Affiche-Carnaval-baroque-2-203x300.png 203w\" sizes=\"auto, (max-width: 50px) 100vw, 50px\" \/><\/a><em> Carnaval Baroque&nbsp;<\/em>&nbsp;| <a href=\"https:\/\/www.theatrejeanvilar.com\/2605-24895\/la-saison\/detail-d-un-spectacle\/fiche\/carnaval-baroque.htm\" target=\"_blank\" rel=\"noreferrer noopener\">Vitry-sur-Seine<\/a> (94)&nbsp;<\/p>\n\n\n\n<p><strong>22 f\u00e9vrier (scolaire), 23 f\u00e9vrier<br><\/strong><a href=\"https:\/\/www.lesamesnocturnes.com\/?page_id=177\"><img loading=\"lazy\" decoding=\"async\" width=\"50\" height=\"74\" class=\"wp-image-1319\" style=\"width: 50px;\" src=\"https:\/\/www.lesamesnocturnes.com\/wp-content\/uploads\/2022\/09\/Affiche-Carnaval-baroque-2.png\" alt=\"\" srcset=\"https:\/\/www.lesamesnocturnes.com\/wp-content\/uploads\/2022\/09\/Affiche-Carnaval-baroque-2.png 345w, https:\/\/www.lesamesnocturnes.com\/wp-content\/uploads\/2022\/09\/Affiche-Carnaval-baroque-2-203x300.png 203w\" sizes=\"auto, (max-width: 50px) 100vw, 50px\" \/><\/a><em> Carnaval Baroque&nbsp;<\/em>&nbsp;| <a rel=\"noreferrer noopener\" href=\"https:\/\/www.atelierlyriquedetourcoing.fr\/le-carnaval-baroque-23-fevrier-24\/\" target=\"_blank\">Tourcoing<\/a> (59)&nbsp;<\/p>\n\n\n\n<p><strong>9 f\u00e9vrier (scolaires), 10 &amp; 11 f\u00e9vrier<br><\/strong><a href=\"https:\/\/www.lesamesnocturnes.com\/?page_id=177\"><img loading=\"lazy\" decoding=\"async\" width=\"50\" height=\"74\" class=\"wp-image-1319\" style=\"width: 50px;\" src=\"https:\/\/www.lesamesnocturnes.com\/wp-content\/uploads\/2022\/09\/Affiche-Carnaval-baroque-2.png\" alt=\"\" srcset=\"https:\/\/www.lesamesnocturnes.com\/wp-content\/uploads\/2022\/09\/Affiche-Carnaval-baroque-2.png 345w, https:\/\/www.lesamesnocturnes.com\/wp-content\/uploads\/2022\/09\/Affiche-Carnaval-baroque-2-203x300.png 203w\" sizes=\"auto, (max-width: 50px) 100vw, 50px\" \/><\/a><em> Carnaval Baroque&nbsp;<\/em>&nbsp;| <a rel=\"noreferrer noopener\" href=\"https:\/\/www.operaderouen.fr\/programmation\/le-carnaval-baroque\/\" target=\"_blank\">Op\u00e9ra de Rouen<\/a> (76)&nbsp;<\/p>\n\n\n\n<p><strong>8 f\u00e9vrier<br><\/strong><a href=\"https:\/\/www.lesamesnocturnes.com\/?page_id=1269\"><img loading=\"lazy\" decoding=\"async\" width=\"50\" height=\"71\" class=\"wp-image-1315\" style=\"width: 50px;\" src=\"https:\/\/www.lesamesnocturnes.com\/wp-content\/uploads\/2022\/09\/AFFICHE-FINALE-OK.jpg\" alt=\"\" srcset=\"https:\/\/www.lesamesnocturnes.com\/wp-content\/uploads\/2022\/09\/AFFICHE-FINALE-OK.jpg 1754w, https:\/\/www.lesamesnocturnes.com\/wp-content\/uploads\/2022\/09\/AFFICHE-FINALE-OK-212x300.jpg 212w, https:\/\/www.lesamesnocturnes.com\/wp-content\/uploads\/2022\/09\/AFFICHE-FINALE-OK-724x1024.jpg 724w, https:\/\/www.lesamesnocturnes.com\/wp-content\/uploads\/2022\/09\/AFFICHE-FINALE-OK-768x1086.jpg 768w, https:\/\/www.lesamesnocturnes.com\/wp-content\/uploads\/2022\/09\/AFFICHE-FINALE-OK-1086x1536.jpg 1086w, https:\/\/www.lesamesnocturnes.com\/wp-content\/uploads\/2022\/09\/AFFICHE-FINALE-OK-1448x2048.jpg 1448w, https:\/\/www.lesamesnocturnes.com\/wp-content\/uploads\/2022\/09\/AFFICHE-FINALE-OK-950x1343.jpg 950w\" sizes=\"auto, (max-width: 50px) 100vw, 50px\" \/><\/a> <em>Dreams&nbsp;<\/em>&nbsp;|&nbsp;<a rel=\"noreferrer noopener\" href=\"https:\/\/www.festivalbaroque-pontoise.fr\/jeudi-8-fevrier-2024-20h00-dreams-le-banquet-points-communs-theatre-des-louvrais-pontoise\" target=\"_blank\">Cergy-Pontoise, sc\u00e8ne nationale&nbsp;<\/a>(95)<\/p>\n\n\n\n<p><strong>13, 14 &amp; 15  janvier<br><\/strong><a href=\"https:\/\/www.lesamesnocturnes.com\/?page_id=177\"><img loading=\"lazy\" decoding=\"async\" width=\"50\" height=\"74\" class=\"wp-image-1319\" style=\"width: 50px;\" src=\"https:\/\/www.lesamesnocturnes.com\/wp-content\/uploads\/2022\/09\/Affiche-Carnaval-baroque-2.png\" alt=\"\" srcset=\"https:\/\/www.lesamesnocturnes.com\/wp-content\/uploads\/2022\/09\/Affiche-Carnaval-baroque-2.png 345w, https:\/\/www.lesamesnocturnes.com\/wp-content\/uploads\/2022\/09\/Affiche-Carnaval-baroque-2-203x300.png 203w\" sizes=\"auto, (max-width: 50px) 100vw, 50px\" \/><\/a><em> Carnaval Baroque&nbsp;<\/em>&nbsp;| <a rel=\"noreferrer noopener\" href=\"https:\/\/www.theatrechampselysees.fr\/saison-2023-2024\/theatre-spectacle-musical\/le-carnaval-baroque\" target=\"_blank\">Paris, Th\u00e9\u00e2tre des Champs-Elys\u00e9es<\/a> (75)&nbsp;<\/p>\n\n\n\n<p><strong>2 &amp; 3 janvier<br><\/strong><a href=\"https:\/\/www.lesamesnocturnes.com\/?page_id=177\"><img loading=\"lazy\" decoding=\"async\" width=\"50\" height=\"74\" class=\"wp-image-1319\" style=\"width: 50px;\" src=\"https:\/\/www.lesamesnocturnes.com\/wp-content\/uploads\/2022\/09\/Affiche-Carnaval-baroque-2.png\" alt=\"\" srcset=\"https:\/\/www.lesamesnocturnes.com\/wp-content\/uploads\/2022\/09\/Affiche-Carnaval-baroque-2.png 345w, https:\/\/www.lesamesnocturnes.com\/wp-content\/uploads\/2022\/09\/Affiche-Carnaval-baroque-2-203x300.png 203w\" sizes=\"auto, (max-width: 50px) 100vw, 50px\" \/><\/a><em> Carnaval Baroque&nbsp;<\/em>&nbsp;| <a rel=\"noreferrer noopener\" href=\"https:\/\/opera-rennes.fr\/fr\/evenement\/le-carnaval-baroque\" target=\"_blank\">Op\u00e9ra de Rennes<\/a> (35)&nbsp;<\/p>\n\n\n\n<p class=\"has-text-align-center has-cyan-bluish-gray-background-color has-background has-small-font-size\" style=\"font-style:normal;font-weight:800\"><span style=\"color: #800000;\"><strong><em>2023<\/em><\/strong><\/span><\/p>\n\n\n\n<p><\/p>\n\n\n\n<p><strong>30 &amp; 31 d\u00e9cembre<br><\/strong><a href=\"https:\/\/www.lesamesnocturnes.com\/?page_id=177\"><img loading=\"lazy\" decoding=\"async\" width=\"50\" height=\"74\" class=\"wp-image-1319\" style=\"width: 50px;\" src=\"https:\/\/www.lesamesnocturnes.com\/wp-content\/uploads\/2022\/09\/Affiche-Carnaval-baroque-2.png\" alt=\"\" srcset=\"https:\/\/www.lesamesnocturnes.com\/wp-content\/uploads\/2022\/09\/Affiche-Carnaval-baroque-2.png 345w, https:\/\/www.lesamesnocturnes.com\/wp-content\/uploads\/2022\/09\/Affiche-Carnaval-baroque-2-203x300.png 203w\" sizes=\"auto, (max-width: 50px) 100vw, 50px\" \/><\/a><em> <\/em><em>Carnaval Baroque&nbsp;<\/em>&nbsp;| <a rel=\"noreferrer noopener\" href=\"https:\/\/opera-rennes.fr\/fr\/evenement\/le-carnaval-baroque\" target=\"_blank\">Op\u00e9ra de Rennes<\/a> (35)&nbsp;<\/p>\n\n\n\n<p><strong>19 &amp; 20 d\u00e9cembre<br><\/strong><img loading=\"lazy\" decoding=\"async\" width=\"50\" height=\"70\" class=\"wp-image-1458\" style=\"width: 50px;\" src=\"https:\/\/www.lesamesnocturnes.com\/wp-content\/uploads\/2023\/07\/Affiche-Ames-nocturnes-2015-vierge-copie.jpg\" alt=\"\" srcset=\"https:\/\/www.lesamesnocturnes.com\/wp-content\/uploads\/2023\/07\/Affiche-Ames-nocturnes-2015-vierge-copie.jpg 591w, https:\/\/www.lesamesnocturnes.com\/wp-content\/uploads\/2023\/07\/Affiche-Ames-nocturnes-2015-vierge-copie-214x300.jpg 214w\" sizes=\"auto, (max-width: 50px) 100vw, 50px\" \/> &nbsp;<em>Les \u00c2mes Nocturnes<\/em> | <a href=\"https:\/\/www.lure.fr\/agenda\/les-ames-nocturnes\/\" target=\"_blank\" rel=\"noreferrer noopener\">Lure<\/a> (85)&nbsp;<\/p>\n\n\n\n<p><strong>19, 21, 23, 28, 30, 31 d\u00e9cembre 2023 et 6 janvier 2024<br><\/strong><img loading=\"lazy\" decoding=\"async\" width=\"50\" height=\"74\" class=\"wp-image-1314\" style=\"width: 50px;\" src=\"https:\/\/www.lesamesnocturnes.com\/wp-content\/uploads\/2022\/09\/affiche-flute-enchantee.jpg\" alt=\"\" srcset=\"https:\/\/www.lesamesnocturnes.com\/wp-content\/uploads\/2022\/09\/affiche-flute-enchantee.jpg 1056w, https:\/\/www.lesamesnocturnes.com\/wp-content\/uploads\/2022\/09\/affiche-flute-enchantee-204x300.jpg 204w, https:\/\/www.lesamesnocturnes.com\/wp-content\/uploads\/2022\/09\/affiche-flute-enchantee-696x1024.jpg 696w, https:\/\/www.lesamesnocturnes.com\/wp-content\/uploads\/2022\/09\/affiche-flute-enchantee-768x1130.jpg 768w, https:\/\/www.lesamesnocturnes.com\/wp-content\/uploads\/2022\/09\/affiche-flute-enchantee-1044x1536.jpg 1044w, https:\/\/www.lesamesnocturnes.com\/wp-content\/uploads\/2022\/09\/affiche-flute-enchantee-950x1398.jpg 950w\" sizes=\"auto, (max-width: 50px) 100vw, 50px\" \/> <em>La Fl\u00fbte Enchant\u00e9e&nbsp;<\/em>&nbsp;|&nbsp;<a rel=\"noreferrer noopener\" href=\"https:\/\/www.operaliege.be\/spectacle\/die-zauberflote-2023\/\" target=\"_blank\">Op\u00e9ra Royal de Wallonie \u00e0 Li\u00e8ge<\/a>&nbsp;(Belgique)<\/p>\n\n\n\n<p><strong>10 d\u00e9cembre<br><\/strong><a href=\"https:\/\/www.lesamesnocturnes.com\/?page_id=793\"><img loading=\"lazy\" decoding=\"async\" width=\"60\" height=\"60\" class=\"wp-image-1473\" style=\"width: 60px;\" src=\"https:\/\/www.lesamesnocturnes.com\/wp-content\/uploads\/2023\/09\/Flyer-Au-Bonheur-des-Vivants-vierge.png\" alt=\"\" srcset=\"https:\/\/www.lesamesnocturnes.com\/wp-content\/uploads\/2023\/09\/Flyer-Au-Bonheur-des-Vivants-vierge.png 1689w, https:\/\/www.lesamesnocturnes.com\/wp-content\/uploads\/2023\/09\/Flyer-Au-Bonheur-des-Vivants-vierge-300x300.png 300w, https:\/\/www.lesamesnocturnes.com\/wp-content\/uploads\/2023\/09\/Flyer-Au-Bonheur-des-Vivants-vierge-1024x1024.png 1024w, https:\/\/www.lesamesnocturnes.com\/wp-content\/uploads\/2023\/09\/Flyer-Au-Bonheur-des-Vivants-vierge-150x150.png 150w, https:\/\/www.lesamesnocturnes.com\/wp-content\/uploads\/2023\/09\/Flyer-Au-Bonheur-des-Vivants-vierge-768x768.png 768w, https:\/\/www.lesamesnocturnes.com\/wp-content\/uploads\/2023\/09\/Flyer-Au-Bonheur-des-Vivants-vierge-1536x1536.png 1536w, https:\/\/www.lesamesnocturnes.com\/wp-content\/uploads\/2023\/09\/Flyer-Au-Bonheur-des-Vivants-vierge-950x950.png 950w\" sizes=\"auto, (max-width: 60px) 100vw, 60px\" \/><\/a> <em>Au Bonheur des Vivants&nbsp;<\/em>&nbsp;| <a href=\"https:\/\/www.ville-noisiel.fr\/evenement\/au-bonheur-des-vivants\/\">Panazol<\/a> (87)<\/p>\n\n\n\n<p><strong>2 d\u00e9cembre<br><\/strong><em><a href=\"https:\/\/www.youtube.com\/watch?v=u7NUAO9zxG8\"><img loading=\"lazy\" decoding=\"async\" width=\"50\" height=\"74\" class=\"wp-image-1249\" style=\"width: 50px;\" src=\"https:\/\/www.lesamesnocturnes.com\/wp-content\/uploads\/2022\/09\/AFFICHE-MAGIC-MOZART-LIGHT.jpg\" alt=\"\" srcset=\"https:\/\/www.lesamesnocturnes.com\/wp-content\/uploads\/2022\/09\/AFFICHE-MAGIC-MOZART-LIGHT.jpg 860w, https:\/\/www.lesamesnocturnes.com\/wp-content\/uploads\/2022\/09\/AFFICHE-MAGIC-MOZART-LIGHT-202x300.jpg 202w, https:\/\/www.lesamesnocturnes.com\/wp-content\/uploads\/2022\/09\/AFFICHE-MAGIC-MOZART-LIGHT-688x1024.jpg 688w, https:\/\/www.lesamesnocturnes.com\/wp-content\/uploads\/2022\/09\/AFFICHE-MAGIC-MOZART-LIGHT-768x1143.jpg 768w\" sizes=\"auto, (max-width: 50px) 100vw, 50px\" \/><\/a> Magic Mozart&nbsp;<\/em>&nbsp;| <a rel=\"noreferrer noopener\" href=\"https:\/\/www.lesquinconces.com\/au-theatre\/magic-mozart-2\/\" target=\"_blank\">Vals-les-Bains<\/a> (07)<\/p>\n\n\n\n<p><strong>25 novembre<br><\/strong><a href=\"https:\/\/www.lesamesnocturnes.com\/?page_id=793\"><img loading=\"lazy\" decoding=\"async\" width=\"60\" height=\"60\" class=\"wp-image-1473\" style=\"width: 60px;\" src=\"https:\/\/www.lesamesnocturnes.com\/wp-content\/uploads\/2023\/09\/Flyer-Au-Bonheur-des-Vivants-vierge.png\" alt=\"\" srcset=\"https:\/\/www.lesamesnocturnes.com\/wp-content\/uploads\/2023\/09\/Flyer-Au-Bonheur-des-Vivants-vierge.png 1689w, https:\/\/www.lesamesnocturnes.com\/wp-content\/uploads\/2023\/09\/Flyer-Au-Bonheur-des-Vivants-vierge-300x300.png 300w, https:\/\/www.lesamesnocturnes.com\/wp-content\/uploads\/2023\/09\/Flyer-Au-Bonheur-des-Vivants-vierge-1024x1024.png 1024w, https:\/\/www.lesamesnocturnes.com\/wp-content\/uploads\/2023\/09\/Flyer-Au-Bonheur-des-Vivants-vierge-150x150.png 150w, https:\/\/www.lesamesnocturnes.com\/wp-content\/uploads\/2023\/09\/Flyer-Au-Bonheur-des-Vivants-vierge-768x768.png 768w, https:\/\/www.lesamesnocturnes.com\/wp-content\/uploads\/2023\/09\/Flyer-Au-Bonheur-des-Vivants-vierge-1536x1536.png 1536w, https:\/\/www.lesamesnocturnes.com\/wp-content\/uploads\/2023\/09\/Flyer-Au-Bonheur-des-Vivants-vierge-950x950.png 950w\" sizes=\"auto, (max-width: 60px) 100vw, 60px\" \/><\/a> <em>Au Bonheur des Vivants&nbsp;<\/em>&nbsp;| <a href=\"https:\/\/www.ville-noisiel.fr\/evenement\/au-bonheur-des-vivants\/\">Noisiel<\/a> (77)<\/p>\n\n\n\n<p><strong>19 novembre<br><\/strong><a href=\"https:\/\/www.lesamesnocturnes.com\/?page_id=1309\"><img loading=\"lazy\" decoding=\"async\" width=\"50\" height=\"76\" class=\"wp-image-1308\" style=\"width: 50px;\" src=\"https:\/\/www.lesamesnocturnes.com\/wp-content\/uploads\/2022\/09\/Valse-du-Marcassin-provisoir-scaled.jpg\" alt=\"\" srcset=\"https:\/\/www.lesamesnocturnes.com\/wp-content\/uploads\/2022\/09\/Valse-du-Marcassin-provisoir-scaled.jpg 1683w, https:\/\/www.lesamesnocturnes.com\/wp-content\/uploads\/2022\/09\/Valse-du-Marcassin-provisoir-197x300.jpg 197w, https:\/\/www.lesamesnocturnes.com\/wp-content\/uploads\/2022\/09\/Valse-du-Marcassin-provisoir-673x1024.jpg 673w, https:\/\/www.lesamesnocturnes.com\/wp-content\/uploads\/2022\/09\/Valse-du-Marcassin-provisoir-768x1168.jpg 768w, https:\/\/www.lesamesnocturnes.com\/wp-content\/uploads\/2022\/09\/Valse-du-Marcassin-provisoir-1010x1536.jpg 1010w, https:\/\/www.lesamesnocturnes.com\/wp-content\/uploads\/2022\/09\/Valse-du-Marcassin-provisoir-1347x2048.jpg 1347w, https:\/\/www.lesamesnocturnes.com\/wp-content\/uploads\/2022\/09\/Valse-du-Marcassin-provisoir-950x1445.jpg 950w\" sizes=\"auto, (max-width: 50px) 100vw, 50px\" \/><\/a> &nbsp;<em>La Valse du Marcassin<\/em> | <a href=\"https:\/\/web.digitick.com\/la-valse-du-marcassin-les-ames-nocturnes-spectacle-l-illiade-illkirch-graffenstaden-19-novembre-2023-css5-spllilliade-pg101-ri9708179.html\" target=\"_blank\" rel=\"noreferrer noopener\">Illkirch-Graffenstaden<\/a> (67)&nbsp;<\/p>\n\n\n\n<p><strong> 17 novembre<br><\/strong><em><a href=\"https:\/\/www.youtube.com\/watch?v=u7NUAO9zxG8\"><img loading=\"lazy\" decoding=\"async\" width=\"50\" height=\"74\" class=\"wp-image-1249\" style=\"width: 50px;\" src=\"https:\/\/www.lesamesnocturnes.com\/wp-content\/uploads\/2022\/09\/AFFICHE-MAGIC-MOZART-LIGHT.jpg\" alt=\"\" srcset=\"https:\/\/www.lesamesnocturnes.com\/wp-content\/uploads\/2022\/09\/AFFICHE-MAGIC-MOZART-LIGHT.jpg 860w, https:\/\/www.lesamesnocturnes.com\/wp-content\/uploads\/2022\/09\/AFFICHE-MAGIC-MOZART-LIGHT-202x300.jpg 202w, https:\/\/www.lesamesnocturnes.com\/wp-content\/uploads\/2022\/09\/AFFICHE-MAGIC-MOZART-LIGHT-688x1024.jpg 688w, https:\/\/www.lesamesnocturnes.com\/wp-content\/uploads\/2022\/09\/AFFICHE-MAGIC-MOZART-LIGHT-768x1143.jpg 768w\" sizes=\"auto, (max-width: 50px) 100vw, 50px\" \/><\/a> Magic Mozart&nbsp;<\/em>&nbsp;| <a href=\"https:\/\/indiv.themisweb.fr\/0720\/fChoixSeanceWidget.aspx?idstructure=0720&amp;EventId=42&amp;request=QcE+w0WHSuCOV08yhl\/D7v4tlnglPGkndShbzyVWgYUXkj6YfLYB6o14Oxv9O2xHso6ZJ9uyY1c=&amp;yymm=20231117\" target=\"_blank\" rel=\"noreferrer noopener\">Saint-Cyr-l&rsquo;\u00c9cole<\/a>&nbsp;(78)<\/p>\n\n\n\n<p><strong>14 novembre<br><\/strong><a href=\"https:\/\/www.lesamesnocturnes.com\/?page_id=1309\"><img loading=\"lazy\" decoding=\"async\" width=\"50\" height=\"76\" class=\"wp-image-1308\" style=\"width: 50px;\" src=\"https:\/\/www.lesamesnocturnes.com\/wp-content\/uploads\/2022\/09\/Valse-du-Marcassin-provisoir-scaled.jpg\" alt=\"\" srcset=\"https:\/\/www.lesamesnocturnes.com\/wp-content\/uploads\/2022\/09\/Valse-du-Marcassin-provisoir-scaled.jpg 1683w, https:\/\/www.lesamesnocturnes.com\/wp-content\/uploads\/2022\/09\/Valse-du-Marcassin-provisoir-197x300.jpg 197w, https:\/\/www.lesamesnocturnes.com\/wp-content\/uploads\/2022\/09\/Valse-du-Marcassin-provisoir-673x1024.jpg 673w, https:\/\/www.lesamesnocturnes.com\/wp-content\/uploads\/2022\/09\/Valse-du-Marcassin-provisoir-768x1168.jpg 768w, https:\/\/www.lesamesnocturnes.com\/wp-content\/uploads\/2022\/09\/Valse-du-Marcassin-provisoir-1010x1536.jpg 1010w, https:\/\/www.lesamesnocturnes.com\/wp-content\/uploads\/2022\/09\/Valse-du-Marcassin-provisoir-1347x2048.jpg 1347w, https:\/\/www.lesamesnocturnes.com\/wp-content\/uploads\/2022\/09\/Valse-du-Marcassin-provisoir-950x1445.jpg 950w\" sizes=\"auto, (max-width: 50px) 100vw, 50px\" \/><\/a> &nbsp;<em>La Valse du Marcassin<\/em> | <a href=\"https:\/\/lavencescene.saint-egreve.fr\/spectacles\/la-valse-du-marcassin-les-10-ans-lvs-2255.html\" target=\"_blank\" rel=\"noreferrer noopener\">Saint-Egr\u00e8ve<\/a> (38)&nbsp;<\/p>\n\n\n\n<p><strong>11 novembre<br><\/strong><a href=\"https:\/\/www.lesamesnocturnes.com\/?page_id=793\"><img loading=\"lazy\" decoding=\"async\" width=\"60\" height=\"60\" class=\"wp-image-1473\" style=\"width: 60px;\" src=\"https:\/\/www.lesamesnocturnes.com\/wp-content\/uploads\/2023\/09\/Flyer-Au-Bonheur-des-Vivants-vierge.png\" alt=\"\" srcset=\"https:\/\/www.lesamesnocturnes.com\/wp-content\/uploads\/2023\/09\/Flyer-Au-Bonheur-des-Vivants-vierge.png 1689w, https:\/\/www.lesamesnocturnes.com\/wp-content\/uploads\/2023\/09\/Flyer-Au-Bonheur-des-Vivants-vierge-300x300.png 300w, https:\/\/www.lesamesnocturnes.com\/wp-content\/uploads\/2023\/09\/Flyer-Au-Bonheur-des-Vivants-vierge-1024x1024.png 1024w, https:\/\/www.lesamesnocturnes.com\/wp-content\/uploads\/2023\/09\/Flyer-Au-Bonheur-des-Vivants-vierge-150x150.png 150w, https:\/\/www.lesamesnocturnes.com\/wp-content\/uploads\/2023\/09\/Flyer-Au-Bonheur-des-Vivants-vierge-768x768.png 768w, https:\/\/www.lesamesnocturnes.com\/wp-content\/uploads\/2023\/09\/Flyer-Au-Bonheur-des-Vivants-vierge-1536x1536.png 1536w, https:\/\/www.lesamesnocturnes.com\/wp-content\/uploads\/2023\/09\/Flyer-Au-Bonheur-des-Vivants-vierge-950x950.png 950w\" sizes=\"auto, (max-width: 60px) 100vw, 60px\" \/><\/a> <em>Au Bonheur des Vivants&nbsp;<\/em>&nbsp;| <a href=\"https:\/\/www.rambouillet-tourisme.fr\/evenements\/programme-de-la-lanterne-2023-2024\/\">Rambouillet<\/a> (78)<\/p>\n\n\n\n<p><strong>21 octobre<br><\/strong><img loading=\"lazy\" decoding=\"async\" width=\"50\" height=\"70\" class=\"wp-image-1458\" style=\"width: 50px;\" src=\"https:\/\/www.lesamesnocturnes.com\/wp-content\/uploads\/2023\/07\/Affiche-Ames-nocturnes-2015-vierge-copie.jpg\" alt=\"\" srcset=\"https:\/\/www.lesamesnocturnes.com\/wp-content\/uploads\/2023\/07\/Affiche-Ames-nocturnes-2015-vierge-copie.jpg 591w, https:\/\/www.lesamesnocturnes.com\/wp-content\/uploads\/2023\/07\/Affiche-Ames-nocturnes-2015-vierge-copie-214x300.jpg 214w\" sizes=\"auto, (max-width: 50px) 100vw, 50px\" \/> &nbsp;<em>Les \u00c2mes Nocturnes<\/em> | <a rel=\"noreferrer noopener\" href=\"https:\/\/www.saintgillescroixdevie.fr\/agenda\/les-ames-nocturnes-par-la-cie-les-ames-nocturnes\/\" target=\"_blank\">Saint-Gilles-Croix-de-Vie<\/a> (85)&nbsp;<\/p>\n\n\n\n<p><strong>14 octobre<br><\/strong><a href=\"https:\/\/www.lesamesnocturnes.com\/?page_id=1309\"><img loading=\"lazy\" decoding=\"async\" width=\"50\" height=\"76\" class=\"wp-image-1308\" style=\"width: 50px;\" src=\"https:\/\/www.lesamesnocturnes.com\/wp-content\/uploads\/2022\/09\/Valse-du-Marcassin-provisoir-scaled.jpg\" alt=\"\" srcset=\"https:\/\/www.lesamesnocturnes.com\/wp-content\/uploads\/2022\/09\/Valse-du-Marcassin-provisoir-scaled.jpg 1683w, https:\/\/www.lesamesnocturnes.com\/wp-content\/uploads\/2022\/09\/Valse-du-Marcassin-provisoir-197x300.jpg 197w, https:\/\/www.lesamesnocturnes.com\/wp-content\/uploads\/2022\/09\/Valse-du-Marcassin-provisoir-673x1024.jpg 673w, https:\/\/www.lesamesnocturnes.com\/wp-content\/uploads\/2022\/09\/Valse-du-Marcassin-provisoir-768x1168.jpg 768w, https:\/\/www.lesamesnocturnes.com\/wp-content\/uploads\/2022\/09\/Valse-du-Marcassin-provisoir-1010x1536.jpg 1010w, https:\/\/www.lesamesnocturnes.com\/wp-content\/uploads\/2022\/09\/Valse-du-Marcassin-provisoir-1347x2048.jpg 1347w, https:\/\/www.lesamesnocturnes.com\/wp-content\/uploads\/2022\/09\/Valse-du-Marcassin-provisoir-950x1445.jpg 950w\" sizes=\"auto, (max-width: 50px) 100vw, 50px\" \/><\/a> &nbsp;<em>La Valse du Marcassin<\/em> | <a href=\"http:\/\/egp.ville-feignies.fr\" target=\"_blank\" rel=\"noreferrer noopener\">Feignies<\/a> (59)&nbsp;<\/p>\n\n\n\n<p><strong>7 octobre<br><\/strong><a href=\"https:\/\/www.lesamesnocturnes.com\/?page_id=793\"><img loading=\"lazy\" decoding=\"async\" width=\"60\" height=\"60\" class=\"wp-image-1473\" style=\"width: 60px;\" src=\"https:\/\/www.lesamesnocturnes.com\/wp-content\/uploads\/2023\/09\/Flyer-Au-Bonheur-des-Vivants-vierge.png\" alt=\"\" srcset=\"https:\/\/www.lesamesnocturnes.com\/wp-content\/uploads\/2023\/09\/Flyer-Au-Bonheur-des-Vivants-vierge.png 1689w, https:\/\/www.lesamesnocturnes.com\/wp-content\/uploads\/2023\/09\/Flyer-Au-Bonheur-des-Vivants-vierge-300x300.png 300w, https:\/\/www.lesamesnocturnes.com\/wp-content\/uploads\/2023\/09\/Flyer-Au-Bonheur-des-Vivants-vierge-1024x1024.png 1024w, https:\/\/www.lesamesnocturnes.com\/wp-content\/uploads\/2023\/09\/Flyer-Au-Bonheur-des-Vivants-vierge-150x150.png 150w, https:\/\/www.lesamesnocturnes.com\/wp-content\/uploads\/2023\/09\/Flyer-Au-Bonheur-des-Vivants-vierge-768x768.png 768w, https:\/\/www.lesamesnocturnes.com\/wp-content\/uploads\/2023\/09\/Flyer-Au-Bonheur-des-Vivants-vierge-1536x1536.png 1536w, https:\/\/www.lesamesnocturnes.com\/wp-content\/uploads\/2023\/09\/Flyer-Au-Bonheur-des-Vivants-vierge-950x950.png 950w\" sizes=\"auto, (max-width: 60px) 100vw, 60px\" \/><\/a> <em>Au Bonheur des Vivants&nbsp;<\/em>&nbsp;| <a href=\"https:\/\/www.tempo-leguevin.fr\/evenements\/au-bonheur-des-vivants\/\">L\u00e9guevin<\/a> (31)<\/p>\n\n\n\n<p><strong>28 Septembre <br><\/strong><a href=\"https:\/\/www.lesamesnocturnes.com\/?page_id=793\"><img loading=\"lazy\" decoding=\"async\" width=\"60\" height=\"60\" class=\"wp-image-1473\" style=\"width: 60px;\" src=\"https:\/\/www.lesamesnocturnes.com\/wp-content\/uploads\/2023\/09\/Flyer-Au-Bonheur-des-Vivants-vierge.png\" alt=\"\" srcset=\"https:\/\/www.lesamesnocturnes.com\/wp-content\/uploads\/2023\/09\/Flyer-Au-Bonheur-des-Vivants-vierge.png 1689w, https:\/\/www.lesamesnocturnes.com\/wp-content\/uploads\/2023\/09\/Flyer-Au-Bonheur-des-Vivants-vierge-300x300.png 300w, https:\/\/www.lesamesnocturnes.com\/wp-content\/uploads\/2023\/09\/Flyer-Au-Bonheur-des-Vivants-vierge-1024x1024.png 1024w, https:\/\/www.lesamesnocturnes.com\/wp-content\/uploads\/2023\/09\/Flyer-Au-Bonheur-des-Vivants-vierge-150x150.png 150w, https:\/\/www.lesamesnocturnes.com\/wp-content\/uploads\/2023\/09\/Flyer-Au-Bonheur-des-Vivants-vierge-768x768.png 768w, https:\/\/www.lesamesnocturnes.com\/wp-content\/uploads\/2023\/09\/Flyer-Au-Bonheur-des-Vivants-vierge-1536x1536.png 1536w, https:\/\/www.lesamesnocturnes.com\/wp-content\/uploads\/2023\/09\/Flyer-Au-Bonheur-des-Vivants-vierge-950x950.png 950w\" sizes=\"auto, (max-width: 60px) 100vw, 60px\" \/><\/a> <em>Au Bonheur des Vivants&nbsp;<\/em>&nbsp;| <a href=\"https:\/\/saisonculturelle.agglo-saumur.fr\/la-saison\/au-bonheur-des-vivants\">Dou\u00e9-en-Anjou<\/a>(49)<\/p>\n\n\n\n<p><strong>27  Septembre <br><\/strong><a href=\"https:\/\/www.lesamesnocturnes.com\/?page_id=793\"><img loading=\"lazy\" decoding=\"async\" width=\"60\" height=\"60\" class=\"wp-image-1473\" style=\"width: 60px;\" src=\"https:\/\/www.lesamesnocturnes.com\/wp-content\/uploads\/2023\/09\/Flyer-Au-Bonheur-des-Vivants-vierge.png\" alt=\"\" srcset=\"https:\/\/www.lesamesnocturnes.com\/wp-content\/uploads\/2023\/09\/Flyer-Au-Bonheur-des-Vivants-vierge.png 1689w, https:\/\/www.lesamesnocturnes.com\/wp-content\/uploads\/2023\/09\/Flyer-Au-Bonheur-des-Vivants-vierge-300x300.png 300w, https:\/\/www.lesamesnocturnes.com\/wp-content\/uploads\/2023\/09\/Flyer-Au-Bonheur-des-Vivants-vierge-1024x1024.png 1024w, https:\/\/www.lesamesnocturnes.com\/wp-content\/uploads\/2023\/09\/Flyer-Au-Bonheur-des-Vivants-vierge-150x150.png 150w, https:\/\/www.lesamesnocturnes.com\/wp-content\/uploads\/2023\/09\/Flyer-Au-Bonheur-des-Vivants-vierge-768x768.png 768w, https:\/\/www.lesamesnocturnes.com\/wp-content\/uploads\/2023\/09\/Flyer-Au-Bonheur-des-Vivants-vierge-1536x1536.png 1536w, https:\/\/www.lesamesnocturnes.com\/wp-content\/uploads\/2023\/09\/Flyer-Au-Bonheur-des-Vivants-vierge-950x950.png 950w\" sizes=\"auto, (max-width: 60px) 100vw, 60px\" \/><\/a> <em>Au Bonheur des Vivants&nbsp;<\/em>&nbsp;| <a href=\"https:\/\/saisonculturelle.agglo-saumur.fr\/la-saison\/au-bonheur-des-vivants\">Saumur<\/a>(49)<\/p>\n\n\n\n<p><strong>26 Septembre <br><\/strong><a href=\"https:\/\/www.lesamesnocturnes.com\/?page_id=793\"><img loading=\"lazy\" decoding=\"async\" width=\"60\" height=\"60\" class=\"wp-image-1473\" style=\"width: 60px;\" src=\"https:\/\/www.lesamesnocturnes.com\/wp-content\/uploads\/2023\/09\/Flyer-Au-Bonheur-des-Vivants-vierge.png\" alt=\"\" srcset=\"https:\/\/www.lesamesnocturnes.com\/wp-content\/uploads\/2023\/09\/Flyer-Au-Bonheur-des-Vivants-vierge.png 1689w, https:\/\/www.lesamesnocturnes.com\/wp-content\/uploads\/2023\/09\/Flyer-Au-Bonheur-des-Vivants-vierge-300x300.png 300w, https:\/\/www.lesamesnocturnes.com\/wp-content\/uploads\/2023\/09\/Flyer-Au-Bonheur-des-Vivants-vierge-1024x1024.png 1024w, https:\/\/www.lesamesnocturnes.com\/wp-content\/uploads\/2023\/09\/Flyer-Au-Bonheur-des-Vivants-vierge-150x150.png 150w, https:\/\/www.lesamesnocturnes.com\/wp-content\/uploads\/2023\/09\/Flyer-Au-Bonheur-des-Vivants-vierge-768x768.png 768w, https:\/\/www.lesamesnocturnes.com\/wp-content\/uploads\/2023\/09\/Flyer-Au-Bonheur-des-Vivants-vierge-1536x1536.png 1536w, https:\/\/www.lesamesnocturnes.com\/wp-content\/uploads\/2023\/09\/Flyer-Au-Bonheur-des-Vivants-vierge-950x950.png 950w\" sizes=\"auto, (max-width: 60px) 100vw, 60px\" \/><\/a> <em>Au Bonheur des Vivants&nbsp;<\/em>&nbsp;| <a href=\"https:\/\/saisonculturelle.agglo-saumur.fr\/la-saison\/au-bonheur-des-vivants\">Montreuil-Bellay<\/a>(49)<\/p>\n\n\n\n<p><strong>7 au 29<\/strong> <strong>Juillet <br><\/strong><a href=\"https:\/\/www.lesamesnocturnes.com\/?page_id=793\"><img loading=\"lazy\" decoding=\"async\" width=\"50\" height=\"63\" class=\"wp-image-1252\" style=\"width: 50px;\" src=\"https:\/\/www.lesamesnocturnes.com\/wp-content\/uploads\/2022\/09\/affiche-ABDV-neutre1.png\" alt=\"\" srcset=\"https:\/\/www.lesamesnocturnes.com\/wp-content\/uploads\/2022\/09\/affiche-ABDV-neutre1.png 822w, https:\/\/www.lesamesnocturnes.com\/wp-content\/uploads\/2022\/09\/affiche-ABDV-neutre1-238x300.png 238w, https:\/\/www.lesamesnocturnes.com\/wp-content\/uploads\/2022\/09\/affiche-ABDV-neutre1-814x1024.png 814w, https:\/\/www.lesamesnocturnes.com\/wp-content\/uploads\/2022\/09\/affiche-ABDV-neutre1-768x966.png 768w\" sizes=\"auto, (max-width: 50px) 100vw, 50px\" \/><\/a> <em>Au Bonheur des Vivants&nbsp;<\/em>&nbsp;| <a href=\"https:\/\/www.theatredeslucioles.com\/bonheur\" target=\"_blank\" rel=\"noreferrer noopener\">Festival d\u2019Avignon <\/a>(20 repr\u00e9sentations)<\/p>\n\n\n\n<p><strong>16 avril<br><\/strong><a href=\"https:\/\/www.lesamesnocturnes.com\/?page_id=793\"><img loading=\"lazy\" decoding=\"async\" width=\"50\" height=\"63\" class=\"wp-image-1252\" style=\"width: 50px;\" src=\"https:\/\/www.lesamesnocturnes.com\/wp-content\/uploads\/2022\/09\/affiche-ABDV-neutre1.png\" alt=\"\" srcset=\"https:\/\/www.lesamesnocturnes.com\/wp-content\/uploads\/2022\/09\/affiche-ABDV-neutre1.png 822w, https:\/\/www.lesamesnocturnes.com\/wp-content\/uploads\/2022\/09\/affiche-ABDV-neutre1-238x300.png 238w, https:\/\/www.lesamesnocturnes.com\/wp-content\/uploads\/2022\/09\/affiche-ABDV-neutre1-814x1024.png 814w, https:\/\/www.lesamesnocturnes.com\/wp-content\/uploads\/2022\/09\/affiche-ABDV-neutre1-768x966.png 768w\" sizes=\"auto, (max-width: 50px) 100vw, 50px\" \/><\/a> <em>Au Bonheur des Vivants&nbsp;<\/em>&nbsp;| <a rel=\"noopener\" href=\"https:\/\/www.espacemichelsimon.fr\/la-saison\/au-bonheur-des-vivants-5717\" target=\"_blank\">Noisy le Grand<\/a>&nbsp;(93)<\/p>\n\n\n\n<p><strong>13 avril<br><\/strong><em><a href=\"https:\/\/www.youtube.com\/watch?v=u7NUAO9zxG8\"><img loading=\"lazy\" decoding=\"async\" width=\"50\" height=\"74\" class=\"wp-image-1249\" style=\"width: 50px;\" src=\"https:\/\/www.lesamesnocturnes.com\/wp-content\/uploads\/2022\/09\/AFFICHE-MAGIC-MOZART-LIGHT.jpg\" alt=\"\" srcset=\"https:\/\/www.lesamesnocturnes.com\/wp-content\/uploads\/2022\/09\/AFFICHE-MAGIC-MOZART-LIGHT.jpg 860w, https:\/\/www.lesamesnocturnes.com\/wp-content\/uploads\/2022\/09\/AFFICHE-MAGIC-MOZART-LIGHT-202x300.jpg 202w, https:\/\/www.lesamesnocturnes.com\/wp-content\/uploads\/2022\/09\/AFFICHE-MAGIC-MOZART-LIGHT-688x1024.jpg 688w, https:\/\/www.lesamesnocturnes.com\/wp-content\/uploads\/2022\/09\/AFFICHE-MAGIC-MOZART-LIGHT-768x1143.jpg 768w\" sizes=\"auto, (max-width: 50px) 100vw, 50px\" \/><\/a> Magic Mozart&nbsp;<\/em>&nbsp;| <a rel=\"noopener\" href=\"http:\/\/www.culture.puteaux.fr\/saison-2022-2023\/magic-mozart-les-ames-nocturnes\/\" target=\"_blank\">Puteaux<\/a>&nbsp;(92)<\/p>\n\n\n\n<p><strong>17 mars<br><\/strong><a href=\"https:\/\/www.lesamesnocturnes.com\/?page_id=1309\"><img loading=\"lazy\" decoding=\"async\" width=\"50\" height=\"76\" class=\"wp-image-1308\" style=\"width: 50px;\" src=\"https:\/\/www.lesamesnocturnes.com\/wp-content\/uploads\/2022\/09\/Valse-du-Marcassin-provisoir-scaled.jpg\" alt=\"\" srcset=\"https:\/\/www.lesamesnocturnes.com\/wp-content\/uploads\/2022\/09\/Valse-du-Marcassin-provisoir-scaled.jpg 1683w, https:\/\/www.lesamesnocturnes.com\/wp-content\/uploads\/2022\/09\/Valse-du-Marcassin-provisoir-197x300.jpg 197w, https:\/\/www.lesamesnocturnes.com\/wp-content\/uploads\/2022\/09\/Valse-du-Marcassin-provisoir-673x1024.jpg 673w, https:\/\/www.lesamesnocturnes.com\/wp-content\/uploads\/2022\/09\/Valse-du-Marcassin-provisoir-768x1168.jpg 768w, https:\/\/www.lesamesnocturnes.com\/wp-content\/uploads\/2022\/09\/Valse-du-Marcassin-provisoir-1010x1536.jpg 1010w, https:\/\/www.lesamesnocturnes.com\/wp-content\/uploads\/2022\/09\/Valse-du-Marcassin-provisoir-1347x2048.jpg 1347w, https:\/\/www.lesamesnocturnes.com\/wp-content\/uploads\/2022\/09\/Valse-du-Marcassin-provisoir-950x1445.jpg 950w\" sizes=\"auto, (max-width: 50px) 100vw, 50px\" \/><\/a> <strong><span style=\"color: #ff0000;\"><em>La Valse du Marcassin &#8211; cr\u00e9ation !&nbsp;<\/em><\/span><\/strong>&nbsp;| <a rel=\"noopener\" href=\"https:\/\/www.ville-st-remy-chevreuse.fr\/evenement\/la-valse-du-marcassin\/\" target=\"_blank\">Saint-R\u00e9my-l\u00e8s-Chevreuse<\/a> (78)&nbsp;<\/p>\n\n\n\n<p><strong>10 mars<br><\/strong><em><a href=\"https:\/\/www.lesamesnocturnes.com\/?page_id=793\"><img loading=\"lazy\" decoding=\"async\" width=\"50\" height=\"63\" class=\"wp-image-1252\" style=\"width: 50px;\" src=\"https:\/\/www.lesamesnocturnes.com\/wp-content\/uploads\/2022\/09\/affiche-ABDV-neutre1.png\" alt=\"\" srcset=\"https:\/\/www.lesamesnocturnes.com\/wp-content\/uploads\/2022\/09\/affiche-ABDV-neutre1.png 822w, https:\/\/www.lesamesnocturnes.com\/wp-content\/uploads\/2022\/09\/affiche-ABDV-neutre1-238x300.png 238w, https:\/\/www.lesamesnocturnes.com\/wp-content\/uploads\/2022\/09\/affiche-ABDV-neutre1-814x1024.png 814w, https:\/\/www.lesamesnocturnes.com\/wp-content\/uploads\/2022\/09\/affiche-ABDV-neutre1-768x966.png 768w\" sizes=\"auto, (max-width: 50px) 100vw, 50px\" \/><\/a> Au Bonheur des Vivants&nbsp;<\/em>&nbsp;| <a rel=\"noopener\" href=\"https:\/\/www.villiers94.fr\/wp-content\/uploads\/2022\/08\/art-scene-2022-2023.pdf\" target=\"_blank\">Villiers-sur-Marne<\/a> (94)&nbsp;<\/p>\n\n\n\n<p><strong>3 mars<br><\/strong><em><em><a href=\"https:\/\/www.youtube.com\/watch?v=u7NUAO9zxG8\"><img loading=\"lazy\" decoding=\"async\" width=\"50\" height=\"74\" class=\"wp-image-1249\" style=\"width: 50px;\" src=\"https:\/\/www.lesamesnocturnes.com\/wp-content\/uploads\/2022\/09\/AFFICHE-MAGIC-MOZART-LIGHT.jpg\" alt=\"\" srcset=\"https:\/\/www.lesamesnocturnes.com\/wp-content\/uploads\/2022\/09\/AFFICHE-MAGIC-MOZART-LIGHT.jpg 860w, https:\/\/www.lesamesnocturnes.com\/wp-content\/uploads\/2022\/09\/AFFICHE-MAGIC-MOZART-LIGHT-202x300.jpg 202w, https:\/\/www.lesamesnocturnes.com\/wp-content\/uploads\/2022\/09\/AFFICHE-MAGIC-MOZART-LIGHT-688x1024.jpg 688w, https:\/\/www.lesamesnocturnes.com\/wp-content\/uploads\/2022\/09\/AFFICHE-MAGIC-MOZART-LIGHT-768x1143.jpg 768w\" sizes=\"auto, (max-width: 50px) 100vw, 50px\" \/><\/a><\/em> Magic Mozart&nbsp;<\/em>&nbsp;| <a rel=\"noopener\" href=\"https:\/\/saisonculturelle.agglo-saumur.fr\/la-saison\/magic-mozart\" target=\"_blank\">Saumur<\/a> (49)<\/p>\n\n\n\n<p><strong>11 f\u00e9vrier<br><\/strong><em><em><a href=\"https:\/\/www.lesamesnocturnes.com\/?page_id=793\"><img loading=\"lazy\" decoding=\"async\" width=\"50\" height=\"63\" class=\"wp-image-1252\" style=\"width: 50px;\" src=\"https:\/\/www.lesamesnocturnes.com\/wp-content\/uploads\/2022\/09\/affiche-ABDV-neutre1.png\" alt=\"\" srcset=\"https:\/\/www.lesamesnocturnes.com\/wp-content\/uploads\/2022\/09\/affiche-ABDV-neutre1.png 822w, https:\/\/www.lesamesnocturnes.com\/wp-content\/uploads\/2022\/09\/affiche-ABDV-neutre1-238x300.png 238w, https:\/\/www.lesamesnocturnes.com\/wp-content\/uploads\/2022\/09\/affiche-ABDV-neutre1-814x1024.png 814w, https:\/\/www.lesamesnocturnes.com\/wp-content\/uploads\/2022\/09\/affiche-ABDV-neutre1-768x966.png 768w\" sizes=\"auto, (max-width: 50px) 100vw, 50px\" \/><\/a><\/em><\/em> <em>Au Bonheur des Vivants&nbsp;<\/em>&nbsp;| <a rel=\"noopener\" href=\"http:\/\/egp.ville-feignies.fr\/?p=153\" target=\"_blank\">Feignies<\/a> (59)&nbsp;<\/p>\n\n\n\n<p><strong>3 f\u00e9vrier<br><\/strong><a href=\"https:\/\/www.lesamesnocturnes.com\/?page_id=177\"><img loading=\"lazy\" decoding=\"async\" width=\"50\" height=\"74\" class=\"wp-image-1319\" style=\"width: 50px;\" src=\"https:\/\/www.lesamesnocturnes.com\/wp-content\/uploads\/2022\/09\/Affiche-Carnaval-baroque-2.png\" alt=\"\" srcset=\"https:\/\/www.lesamesnocturnes.com\/wp-content\/uploads\/2022\/09\/Affiche-Carnaval-baroque-2.png 345w, https:\/\/www.lesamesnocturnes.com\/wp-content\/uploads\/2022\/09\/Affiche-Carnaval-baroque-2-203x300.png 203w\" sizes=\"auto, (max-width: 50px) 100vw, 50px\" \/><\/a><em>Carnaval Baroque&nbsp;<\/em>&nbsp;| <a rel=\"noopener\" href=\"https:\/\/media.saintgermainenlaye.fr\/1484-4330\/fiche\/le-carnaval-baroque.htm\" target=\"_blank\">Saint-Germain-en-Laye<\/a> (78)&nbsp;<\/p>\n\n\n\n<p><strong>20 janvier<br><\/strong><em><em><a href=\"https:\/\/www.lesamesnocturnes.com\/?page_id=793\"><img loading=\"lazy\" decoding=\"async\" width=\"50\" height=\"63\" class=\"wp-image-1252\" style=\"width: 50px;\" src=\"https:\/\/www.lesamesnocturnes.com\/wp-content\/uploads\/2022\/09\/affiche-ABDV-neutre1.png\" alt=\"\" srcset=\"https:\/\/www.lesamesnocturnes.com\/wp-content\/uploads\/2022\/09\/affiche-ABDV-neutre1.png 822w, https:\/\/www.lesamesnocturnes.com\/wp-content\/uploads\/2022\/09\/affiche-ABDV-neutre1-238x300.png 238w, https:\/\/www.lesamesnocturnes.com\/wp-content\/uploads\/2022\/09\/affiche-ABDV-neutre1-814x1024.png 814w, https:\/\/www.lesamesnocturnes.com\/wp-content\/uploads\/2022\/09\/affiche-ABDV-neutre1-768x966.png 768w\" sizes=\"auto, (max-width: 50px) 100vw, 50px\" \/><\/a><\/em><\/em> <em>Au Bonheur des Vivants&nbsp;<\/em>&nbsp;| <a rel=\"noopener\" href=\"https:\/\/www.cc-montesquieu.fr\/tous-les-evenements\/au-bonheur-des-vivants\" target=\"_blank\">Leognan<\/a>(33)&nbsp;<\/p>\n\n\n\n<p><\/p>\n\n\n\n<p class=\"has-text-align-center has-cyan-bluish-gray-background-color has-background has-small-font-size\"><span style=\"color: #800000;\"><strong><em>2022<\/em><\/strong><\/span><\/p>\n\n\n\n<p><strong>27, 28, 30, 31 d\u00e9cembre 2022 et 1er janvier 2023<br><\/strong><img loading=\"lazy\" decoding=\"async\" width=\"50\" height=\"74\" class=\"wp-image-1314\" style=\"width: 50px;\" src=\"https:\/\/www.lesamesnocturnes.com\/wp-content\/uploads\/2022\/09\/affiche-flute-enchantee.jpg\" alt=\"\" srcset=\"https:\/\/www.lesamesnocturnes.com\/wp-content\/uploads\/2022\/09\/affiche-flute-enchantee.jpg 1056w, https:\/\/www.lesamesnocturnes.com\/wp-content\/uploads\/2022\/09\/affiche-flute-enchantee-204x300.jpg 204w, https:\/\/www.lesamesnocturnes.com\/wp-content\/uploads\/2022\/09\/affiche-flute-enchantee-696x1024.jpg 696w, https:\/\/www.lesamesnocturnes.com\/wp-content\/uploads\/2022\/09\/affiche-flute-enchantee-768x1130.jpg 768w, https:\/\/www.lesamesnocturnes.com\/wp-content\/uploads\/2022\/09\/affiche-flute-enchantee-1044x1536.jpg 1044w, https:\/\/www.lesamesnocturnes.com\/wp-content\/uploads\/2022\/09\/affiche-flute-enchantee-950x1398.jpg 950w\" sizes=\"auto, (max-width: 50px) 100vw, 50px\" \/> <em>La Fl\u00fbte Enchant\u00e9e&nbsp;<\/em>&nbsp;|&nbsp;<a rel=\"noopener\" href=\"https:\/\/www.chateauversailles-spectacles.fr\/programmation\/mozart-la-flute-enchantee_e2588\" target=\"_blank\">Versailles, Op\u00e9ra<\/a>&nbsp;(78)<\/p>\n\n\n\n<p><strong>8 d\u00e9cembre<br><\/strong><a href=\"https:\/\/www.lesamesnocturnes.com\/wp-admin\/post.php?post=1269&amp;action=edit\"><img loading=\"lazy\" decoding=\"async\" width=\"50\" height=\"71\" class=\"wp-image-1315\" style=\"width: 50px;\" src=\"https:\/\/www.lesamesnocturnes.com\/wp-content\/uploads\/2022\/09\/AFFICHE-FINALE-OK.jpg\" alt=\"\" srcset=\"https:\/\/www.lesamesnocturnes.com\/wp-content\/uploads\/2022\/09\/AFFICHE-FINALE-OK.jpg 1754w, https:\/\/www.lesamesnocturnes.com\/wp-content\/uploads\/2022\/09\/AFFICHE-FINALE-OK-212x300.jpg 212w, https:\/\/www.lesamesnocturnes.com\/wp-content\/uploads\/2022\/09\/AFFICHE-FINALE-OK-724x1024.jpg 724w, https:\/\/www.lesamesnocturnes.com\/wp-content\/uploads\/2022\/09\/AFFICHE-FINALE-OK-768x1086.jpg 768w, https:\/\/www.lesamesnocturnes.com\/wp-content\/uploads\/2022\/09\/AFFICHE-FINALE-OK-1086x1536.jpg 1086w, https:\/\/www.lesamesnocturnes.com\/wp-content\/uploads\/2022\/09\/AFFICHE-FINALE-OK-1448x2048.jpg 1448w, https:\/\/www.lesamesnocturnes.com\/wp-content\/uploads\/2022\/09\/AFFICHE-FINALE-OK-950x1343.jpg 950w\" sizes=\"auto, (max-width: 50px) 100vw, 50px\" \/><\/a> <em>Dreams&nbsp;<\/em>&nbsp;|&nbsp;<a rel=\"noopener\" href=\"https:\/\/www.angers-nantes-opera.com\/dreams\" target=\"_blank\">Angers, Op\u00e9ra&nbsp;<\/a>(49)<\/p>\n\n\n\n<p><strong>2 d\u00e9cembre<br><\/strong><em><em><em><a href=\"https:\/\/www.lesamesnocturnes.com\/?page_id=793\"><img loading=\"lazy\" decoding=\"async\" width=\"50\" height=\"63\" class=\"wp-image-1252\" style=\"width: 50px;\" src=\"https:\/\/www.lesamesnocturnes.com\/wp-content\/uploads\/2022\/09\/affiche-ABDV-neutre1.png\" alt=\"\" srcset=\"https:\/\/www.lesamesnocturnes.com\/wp-content\/uploads\/2022\/09\/affiche-ABDV-neutre1.png 822w, https:\/\/www.lesamesnocturnes.com\/wp-content\/uploads\/2022\/09\/affiche-ABDV-neutre1-238x300.png 238w, https:\/\/www.lesamesnocturnes.com\/wp-content\/uploads\/2022\/09\/affiche-ABDV-neutre1-814x1024.png 814w, https:\/\/www.lesamesnocturnes.com\/wp-content\/uploads\/2022\/09\/affiche-ABDV-neutre1-768x966.png 768w\" sizes=\"auto, (max-width: 50px) 100vw, 50px\" \/><\/a><\/em><\/em><\/em> <em>Au Bonheur des Vivants&nbsp;<\/em>&nbsp;| <a rel=\"noopener\" href=\"https:\/\/www.charenton.fr\/lestheatres\/spectacle.php?id=191\" target=\"_blank\">Charenton<\/a> (94)&nbsp;<\/p>\n\n\n\n<p><strong>27 et 28 novembre<br><\/strong><em><em><a href=\"https:\/\/www.lesamesnocturnes.com\/?page_id=793\"><\/a><\/em><\/em><a href=\"https:\/\/www.lesamesnocturnes.com\/?page_id=793\" target=\"_blank\" rel=\"noreferrer noopener\"><img loading=\"lazy\" decoding=\"async\" width=\"50\" height=\"63\" class=\"wp-image-1252\" style=\"width: 50px;\" src=\"https:\/\/www.lesamesnocturnes.com\/wp-content\/uploads\/2022\/09\/affiche-ABDV-neutre1.png\" alt=\"\" srcset=\"https:\/\/www.lesamesnocturnes.com\/wp-content\/uploads\/2022\/09\/affiche-ABDV-neutre1.png 822w, https:\/\/www.lesamesnocturnes.com\/wp-content\/uploads\/2022\/09\/affiche-ABDV-neutre1-238x300.png 238w, https:\/\/www.lesamesnocturnes.com\/wp-content\/uploads\/2022\/09\/affiche-ABDV-neutre1-814x1024.png 814w, https:\/\/www.lesamesnocturnes.com\/wp-content\/uploads\/2022\/09\/affiche-ABDV-neutre1-768x966.png 768w\" sizes=\"auto, (max-width: 50px) 100vw, 50px\" \/><\/a> <em>Au Bonheur des Vivants&nbsp;<\/em>&nbsp;| <a href=\"https:\/\/www.tuttimattipercolorno.it\/index.php\/non-solo-festival\/tutti-matti-sotto-zero\" target=\"_blank\" rel=\"noreferrer noopener\">Parme, Italie <\/a><\/p>\n\n\n\n<p><strong>25 novembre<br><\/strong><em><em><em><a href=\"https:\/\/www.lesamesnocturnes.com\/?page_id=793\"><img loading=\"lazy\" decoding=\"async\" width=\"50\" height=\"63\" class=\"wp-image-1252\" style=\"width: 50px;\" src=\"https:\/\/www.lesamesnocturnes.com\/wp-content\/uploads\/2022\/09\/affiche-ABDV-neutre1.png\" alt=\"\" srcset=\"https:\/\/www.lesamesnocturnes.com\/wp-content\/uploads\/2022\/09\/affiche-ABDV-neutre1.png 822w, https:\/\/www.lesamesnocturnes.com\/wp-content\/uploads\/2022\/09\/affiche-ABDV-neutre1-238x300.png 238w, https:\/\/www.lesamesnocturnes.com\/wp-content\/uploads\/2022\/09\/affiche-ABDV-neutre1-814x1024.png 814w, https:\/\/www.lesamesnocturnes.com\/wp-content\/uploads\/2022\/09\/affiche-ABDV-neutre1-768x966.png 768w\" sizes=\"auto, (max-width: 50px) 100vw, 50px\" \/><\/a><\/em><\/em><\/em> <em>Au Bonheur des Vivants&nbsp;<\/em>&nbsp;| <a rel=\"noopener\" href=\"https:\/\/balises-theatres.com\/infos\/25\" target=\"_blank\">Irigny<\/a> (69)&nbsp;<\/p>\n\n\n\n<p><strong>9, 10, 12, 13 novembre<br><\/strong><em><a href=\"https:\/\/www.lesamesnocturnes.com\/wp-admin\/post.php?post=1269&amp;action=edit\"><img loading=\"lazy\" decoding=\"async\" width=\"50\" height=\"71\" class=\"wp-image-1315\" style=\"width: 50px;\" src=\"https:\/\/www.lesamesnocturnes.com\/wp-content\/uploads\/2022\/09\/AFFICHE-FINALE-OK.jpg\" alt=\"\" srcset=\"https:\/\/www.lesamesnocturnes.com\/wp-content\/uploads\/2022\/09\/AFFICHE-FINALE-OK.jpg 1754w, https:\/\/www.lesamesnocturnes.com\/wp-content\/uploads\/2022\/09\/AFFICHE-FINALE-OK-212x300.jpg 212w, https:\/\/www.lesamesnocturnes.com\/wp-content\/uploads\/2022\/09\/AFFICHE-FINALE-OK-724x1024.jpg 724w, https:\/\/www.lesamesnocturnes.com\/wp-content\/uploads\/2022\/09\/AFFICHE-FINALE-OK-768x1086.jpg 768w, https:\/\/www.lesamesnocturnes.com\/wp-content\/uploads\/2022\/09\/AFFICHE-FINALE-OK-1086x1536.jpg 1086w, https:\/\/www.lesamesnocturnes.com\/wp-content\/uploads\/2022\/09\/AFFICHE-FINALE-OK-1448x2048.jpg 1448w, https:\/\/www.lesamesnocturnes.com\/wp-content\/uploads\/2022\/09\/AFFICHE-FINALE-OK-950x1343.jpg 950w\" sizes=\"auto, (max-width: 50px) 100vw, 50px\" \/><\/a><\/em> <em>Dreams&nbsp;<\/em>&nbsp;|&nbsp;<a rel=\"noopener\" href=\"https:\/\/www.angers-nantes-opera.com\/dreams\" target=\"_blank\">Nantes, Op\u00e9ra<\/a>&nbsp;(44)<\/p>\n\n\n\n<p><strong>28 octobre<br><\/strong><em><em><em><em><a href=\"https:\/\/www.lesamesnocturnes.com\/?page_id=793\"><img loading=\"lazy\" decoding=\"async\" width=\"50\" height=\"63\" class=\"wp-image-1252\" style=\"width: 50px;\" src=\"https:\/\/www.lesamesnocturnes.com\/wp-content\/uploads\/2022\/09\/affiche-ABDV-neutre1.png\" alt=\"\" srcset=\"https:\/\/www.lesamesnocturnes.com\/wp-content\/uploads\/2022\/09\/affiche-ABDV-neutre1.png 822w, https:\/\/www.lesamesnocturnes.com\/wp-content\/uploads\/2022\/09\/affiche-ABDV-neutre1-238x300.png 238w, https:\/\/www.lesamesnocturnes.com\/wp-content\/uploads\/2022\/09\/affiche-ABDV-neutre1-814x1024.png 814w, https:\/\/www.lesamesnocturnes.com\/wp-content\/uploads\/2022\/09\/affiche-ABDV-neutre1-768x966.png 768w\" sizes=\"auto, (max-width: 50px) 100vw, 50px\" \/><\/a><\/em><\/em><\/em><\/em> <em>Au Bonheur des Vivants&nbsp;<\/em>&nbsp;| <a rel=\"noopener\" href=\"https:\/\/www.moka-mag.com\/agenda\/au-bonheur-des-vivants-1\" target=\"_blank\">Chamonix<\/a> (74)&nbsp;<\/p>\n\n\n\n<p><strong>15 octobre<br><\/strong><em><em><em><em><a href=\"https:\/\/www.lesamesnocturnes.com\/?page_id=793\"><img loading=\"lazy\" decoding=\"async\" width=\"50\" height=\"63\" class=\"wp-image-1252\" style=\"width: 50px;\" src=\"https:\/\/www.lesamesnocturnes.com\/wp-content\/uploads\/2022\/09\/affiche-ABDV-neutre1.png\" alt=\"\" srcset=\"https:\/\/www.lesamesnocturnes.com\/wp-content\/uploads\/2022\/09\/affiche-ABDV-neutre1.png 822w, https:\/\/www.lesamesnocturnes.com\/wp-content\/uploads\/2022\/09\/affiche-ABDV-neutre1-238x300.png 238w, https:\/\/www.lesamesnocturnes.com\/wp-content\/uploads\/2022\/09\/affiche-ABDV-neutre1-814x1024.png 814w, https:\/\/www.lesamesnocturnes.com\/wp-content\/uploads\/2022\/09\/affiche-ABDV-neutre1-768x966.png 768w\" sizes=\"auto, (max-width: 50px) 100vw, 50px\" \/><\/a><\/em><\/em><\/em><\/em> <em>Au Bonheur des Vivants&nbsp;<\/em>&nbsp;|&nbsp;<a rel=\"noopener\" href=\"https:\/\/www.operagrandavignon.fr\/au-bonheur-des-vivants\" target=\"_blank\">Avignon (Op\u00e9ra- L&rsquo;autre sc\u00e8ne Ved\u00e8ne)<\/a>(84)&nbsp;<\/p>\n\n\n\n<p><strong>11 octobre<br><\/strong><em><em><em><em><a href=\"https:\/\/www.lesamesnocturnes.com\/?page_id=793\"><img loading=\"lazy\" decoding=\"async\" width=\"50\" height=\"63\" class=\"wp-image-1252\" style=\"width: 50px;\" src=\"https:\/\/www.lesamesnocturnes.com\/wp-content\/uploads\/2022\/09\/affiche-ABDV-neutre1.png\" alt=\"\" srcset=\"https:\/\/www.lesamesnocturnes.com\/wp-content\/uploads\/2022\/09\/affiche-ABDV-neutre1.png 822w, https:\/\/www.lesamesnocturnes.com\/wp-content\/uploads\/2022\/09\/affiche-ABDV-neutre1-238x300.png 238w, https:\/\/www.lesamesnocturnes.com\/wp-content\/uploads\/2022\/09\/affiche-ABDV-neutre1-814x1024.png 814w, https:\/\/www.lesamesnocturnes.com\/wp-content\/uploads\/2022\/09\/affiche-ABDV-neutre1-768x966.png 768w\" sizes=\"auto, (max-width: 50px) 100vw, 50px\" \/><\/a><\/em><\/em><\/em><\/em> <em>Au Bonheur des Vivants&nbsp;<\/em>&nbsp;|&nbsp;<a rel=\"noopener\" href=\"https:\/\/lavelanet-culture.com\/spectacle\/au-bonheur-des-vivants\" target=\"_blank\">Lavelanet<\/a>&nbsp;(09)&nbsp;<\/p>\n\n\n\n<p><strong>8 octobre<br><\/strong><em><em><em><em><a href=\"https:\/\/www.lesamesnocturnes.com\/?page_id=793\"><img loading=\"lazy\" decoding=\"async\" width=\"50\" height=\"63\" class=\"wp-image-1252\" style=\"width: 50px;\" src=\"https:\/\/www.lesamesnocturnes.com\/wp-content\/uploads\/2022\/09\/affiche-ABDV-neutre1.png\" alt=\"\" srcset=\"https:\/\/www.lesamesnocturnes.com\/wp-content\/uploads\/2022\/09\/affiche-ABDV-neutre1.png 822w, https:\/\/www.lesamesnocturnes.com\/wp-content\/uploads\/2022\/09\/affiche-ABDV-neutre1-238x300.png 238w, https:\/\/www.lesamesnocturnes.com\/wp-content\/uploads\/2022\/09\/affiche-ABDV-neutre1-814x1024.png 814w, https:\/\/www.lesamesnocturnes.com\/wp-content\/uploads\/2022\/09\/affiche-ABDV-neutre1-768x966.png 768w\" sizes=\"auto, (max-width: 50px) 100vw, 50px\" \/><\/a><\/em><\/em><\/em><\/em> <em>Au Bonheur des Vivants&nbsp;<\/em>&nbsp;|&nbsp;<a rel=\"noopener\" href=\"https:\/\/www.avon77.com\/evenements\/au-bonheur-des-vivants-2\/\" target=\"_blank\">Avon<\/a>&nbsp;(77)&nbsp;<\/p>\n\n\n\n<p><strong>22 ao\u00fbt<br><\/strong><em><em><em><em><a href=\"https:\/\/www.lesamesnocturnes.com\/?page_id=793\"><img loading=\"lazy\" decoding=\"async\" width=\"50\" height=\"63\" class=\"wp-image-1252\" style=\"width: 50px;\" src=\"https:\/\/www.lesamesnocturnes.com\/wp-content\/uploads\/2022\/09\/affiche-ABDV-neutre1.png\" alt=\"\" srcset=\"https:\/\/www.lesamesnocturnes.com\/wp-content\/uploads\/2022\/09\/affiche-ABDV-neutre1.png 822w, https:\/\/www.lesamesnocturnes.com\/wp-content\/uploads\/2022\/09\/affiche-ABDV-neutre1-238x300.png 238w, https:\/\/www.lesamesnocturnes.com\/wp-content\/uploads\/2022\/09\/affiche-ABDV-neutre1-814x1024.png 814w, https:\/\/www.lesamesnocturnes.com\/wp-content\/uploads\/2022\/09\/affiche-ABDV-neutre1-768x966.png 768w\" sizes=\"auto, (max-width: 50px) 100vw, 50px\" \/><\/a><\/em><\/em><\/em><\/em> <em>Au Bonheur des Vivants&nbsp;<\/em>&nbsp;|&nbsp;<a rel=\"noopener\" href=\"https:\/\/www.legrandbornand.com\/medias\/documents\/ABDM\/DP-ABDM-2022.pdf\" target=\"_blank\">Le Grand Bornand<\/a>&nbsp;(74)&nbsp;<\/p>\n\n\n\n<p><strong>19, 20, 21, 23, 24 mai<br><\/strong><em><em><a href=\"https:\/\/www.lesamesnocturnes.com\/wp-admin\/post.php?post=1269&amp;action=edit\"><img loading=\"lazy\" decoding=\"async\" width=\"50\" height=\"71\" class=\"wp-image-1315\" style=\"width: 50px;\" src=\"https:\/\/www.lesamesnocturnes.com\/wp-content\/uploads\/2022\/09\/AFFICHE-FINALE-OK.jpg\" alt=\"\" srcset=\"https:\/\/www.lesamesnocturnes.com\/wp-content\/uploads\/2022\/09\/AFFICHE-FINALE-OK.jpg 1754w, https:\/\/www.lesamesnocturnes.com\/wp-content\/uploads\/2022\/09\/AFFICHE-FINALE-OK-212x300.jpg 212w, https:\/\/www.lesamesnocturnes.com\/wp-content\/uploads\/2022\/09\/AFFICHE-FINALE-OK-724x1024.jpg 724w, https:\/\/www.lesamesnocturnes.com\/wp-content\/uploads\/2022\/09\/AFFICHE-FINALE-OK-768x1086.jpg 768w, https:\/\/www.lesamesnocturnes.com\/wp-content\/uploads\/2022\/09\/AFFICHE-FINALE-OK-1086x1536.jpg 1086w, https:\/\/www.lesamesnocturnes.com\/wp-content\/uploads\/2022\/09\/AFFICHE-FINALE-OK-1448x2048.jpg 1448w, https:\/\/www.lesamesnocturnes.com\/wp-content\/uploads\/2022\/09\/AFFICHE-FINALE-OK-950x1343.jpg 950w\" sizes=\"auto, (max-width: 50px) 100vw, 50px\" \/><\/a><\/em><\/em> <em>Dreams&nbsp;<\/em>&nbsp;|&nbsp;<a rel=\"noopener\" href=\"https:\/\/www.opera-rennes.fr\/en\/node\/248\" target=\"_blank\">Rennes, Op\u00e9ra<\/a>&nbsp;(35)&nbsp;<\/p>\n\n\n\n<p><strong>27 mars<br><\/strong><a href=\"https:\/\/www.lesamesnocturnes.com\/?page_id=793\"><img loading=\"lazy\" decoding=\"async\" width=\"50\" height=\"63\" class=\"wp-image-1252\" style=\"width: 50px;\" src=\"https:\/\/www.lesamesnocturnes.com\/wp-content\/uploads\/2022\/09\/affiche-ABDV-neutre1.png\" alt=\"\" srcset=\"https:\/\/www.lesamesnocturnes.com\/wp-content\/uploads\/2022\/09\/affiche-ABDV-neutre1.png 822w, https:\/\/www.lesamesnocturnes.com\/wp-content\/uploads\/2022\/09\/affiche-ABDV-neutre1-238x300.png 238w, https:\/\/www.lesamesnocturnes.com\/wp-content\/uploads\/2022\/09\/affiche-ABDV-neutre1-814x1024.png 814w, https:\/\/www.lesamesnocturnes.com\/wp-content\/uploads\/2022\/09\/affiche-ABDV-neutre1-768x966.png 768w\" sizes=\"auto, (max-width: 50px) 100vw, 50px\" \/><\/a><em> <\/em><em>Au Bonheur des Vivants&nbsp;<\/em>&nbsp;|&nbsp;<a rel=\"noopener\" href=\"https:\/\/letoboggan.com\/spectacles\/au_bonheur_des_vivants-2029\/\" target=\"_blank\">D\u00e9cines<\/a>&nbsp;(69)&nbsp;<\/p>\n\n\n\n<p><strong>22 mars<br><\/strong><em><a href=\"https:\/\/www.lesamesnocturnes.com\/?page_id=793\"><img loading=\"lazy\" decoding=\"async\" width=\"50\" height=\"63\" class=\"wp-image-1252\" style=\"width: 50px;\" src=\"https:\/\/www.lesamesnocturnes.com\/wp-content\/uploads\/2022\/09\/affiche-ABDV-neutre1.png\" alt=\"\" srcset=\"https:\/\/www.lesamesnocturnes.com\/wp-content\/uploads\/2022\/09\/affiche-ABDV-neutre1.png 822w, https:\/\/www.lesamesnocturnes.com\/wp-content\/uploads\/2022\/09\/affiche-ABDV-neutre1-238x300.png 238w, https:\/\/www.lesamesnocturnes.com\/wp-content\/uploads\/2022\/09\/affiche-ABDV-neutre1-814x1024.png 814w, https:\/\/www.lesamesnocturnes.com\/wp-content\/uploads\/2022\/09\/affiche-ABDV-neutre1-768x966.png 768w\" sizes=\"auto, (max-width: 50px) 100vw, 50px\" \/><\/a><\/em> <em>Au Bonheur des Vivants&nbsp;<\/em>&nbsp;|&nbsp;<a rel=\"noopener\" href=\"https:\/\/pole-en-scenes.com\/spectacles\/article\/les-ames-nocturnes\" target=\"_blank\">Bron<\/a>&nbsp;(69)&nbsp;<\/p>\n\n\n\n<p><strong>16 mars<br><\/strong><em><a href=\"https:\/\/www.lesamesnocturnes.com\/?page_id=793\"><img loading=\"lazy\" decoding=\"async\" width=\"50\" height=\"63\" class=\"wp-image-1252\" style=\"width: 50px;\" src=\"https:\/\/www.lesamesnocturnes.com\/wp-content\/uploads\/2022\/09\/affiche-ABDV-neutre1.png\" alt=\"\" srcset=\"https:\/\/www.lesamesnocturnes.com\/wp-content\/uploads\/2022\/09\/affiche-ABDV-neutre1.png 822w, https:\/\/www.lesamesnocturnes.com\/wp-content\/uploads\/2022\/09\/affiche-ABDV-neutre1-238x300.png 238w, https:\/\/www.lesamesnocturnes.com\/wp-content\/uploads\/2022\/09\/affiche-ABDV-neutre1-814x1024.png 814w, https:\/\/www.lesamesnocturnes.com\/wp-content\/uploads\/2022\/09\/affiche-ABDV-neutre1-768x966.png 768w\" sizes=\"auto, (max-width: 50px) 100vw, 50px\" \/><\/a><\/em> <em>Au Bonheur des Vivants&nbsp;<\/em>&nbsp;|&nbsp;<a rel=\"noopener\" href=\"https:\/\/www.lunel.com\/events\/theatre-avec-les-atp-3\/\" target=\"_blank\">Lunel<\/a>&nbsp;(34)&nbsp;<\/p>\n\n\n\n<p><strong>10 mars&nbsp;<br><em><em><a href=\"https:\/\/www.lesamesnocturnes.com\/wp-admin\/post.php?post=1269&amp;action=edit\"><img loading=\"lazy\" decoding=\"async\" width=\"50\" height=\"71\" class=\"wp-image-1315\" style=\"width: 50px;\" src=\"https:\/\/www.lesamesnocturnes.com\/wp-content\/uploads\/2022\/09\/AFFICHE-FINALE-OK.jpg\" alt=\"\" srcset=\"https:\/\/www.lesamesnocturnes.com\/wp-content\/uploads\/2022\/09\/AFFICHE-FINALE-OK.jpg 1754w, https:\/\/www.lesamesnocturnes.com\/wp-content\/uploads\/2022\/09\/AFFICHE-FINALE-OK-212x300.jpg 212w, https:\/\/www.lesamesnocturnes.com\/wp-content\/uploads\/2022\/09\/AFFICHE-FINALE-OK-724x1024.jpg 724w, https:\/\/www.lesamesnocturnes.com\/wp-content\/uploads\/2022\/09\/AFFICHE-FINALE-OK-768x1086.jpg 768w, https:\/\/www.lesamesnocturnes.com\/wp-content\/uploads\/2022\/09\/AFFICHE-FINALE-OK-1086x1536.jpg 1086w, https:\/\/www.lesamesnocturnes.com\/wp-content\/uploads\/2022\/09\/AFFICHE-FINALE-OK-1448x2048.jpg 1448w, https:\/\/www.lesamesnocturnes.com\/wp-content\/uploads\/2022\/09\/AFFICHE-FINALE-OK-950x1343.jpg 950w\" sizes=\"auto, (max-width: 50px) 100vw, 50px\" \/><\/a><\/em><\/em><\/strong> <em><strong><span style=\"color: #ff0000;\">Dreams &#8211; cr\u00e9ation mondiale !<\/span> <\/strong>&nbsp;<\/em>&nbsp;|&nbsp;<a rel=\"noopener\" href=\"https:\/\/www.quaidesreves.com\/fiche\/dreams-2405.html#.Yd4hxy_pNpQ\" target=\"_blank\">Lamballe<\/a> (22)&nbsp;<\/p>\n\n\n\n<p><strong>27 janvier &amp; 4 f\u00e9vrier<br><\/strong><em><em><em><a href=\"https:\/\/www.youtube.com\/watch?v=u7NUAO9zxG8\"><img loading=\"lazy\" decoding=\"async\" width=\"50\" height=\"74\" class=\"wp-image-1249\" style=\"width: 50px;\" src=\"https:\/\/www.lesamesnocturnes.com\/wp-content\/uploads\/2022\/09\/AFFICHE-MAGIC-MOZART-LIGHT.jpg\" alt=\"\" srcset=\"https:\/\/www.lesamesnocturnes.com\/wp-content\/uploads\/2022\/09\/AFFICHE-MAGIC-MOZART-LIGHT.jpg 860w, https:\/\/www.lesamesnocturnes.com\/wp-content\/uploads\/2022\/09\/AFFICHE-MAGIC-MOZART-LIGHT-202x300.jpg 202w, https:\/\/www.lesamesnocturnes.com\/wp-content\/uploads\/2022\/09\/AFFICHE-MAGIC-MOZART-LIGHT-688x1024.jpg 688w, https:\/\/www.lesamesnocturnes.com\/wp-content\/uploads\/2022\/09\/AFFICHE-MAGIC-MOZART-LIGHT-768x1143.jpg 768w\" sizes=\"auto, (max-width: 50px) 100vw, 50px\" \/><\/a><\/em><\/em><\/em> <em>Magic Mozart &nbsp;<\/em>&nbsp;|&nbsp;<a rel=\"noopener\" href=\"https:\/\/szene-salzburg.net\/programm\/drittel\/220130-1700\" target=\"_blank\">Salzbourg, Festival Mozart&nbsp;<\/a>(Autriche)&nbsp;(<em>annul\u00e9<\/em>)<\/p>\n\n\n\n<p><strong>21 janvier<br><\/strong><em><em><em><a href=\"https:\/\/www.youtube.com\/watch?v=u7NUAO9zxG8\"><img loading=\"lazy\" decoding=\"async\" width=\"50\" height=\"74\" class=\"wp-image-1249\" style=\"width: 50px;\" src=\"https:\/\/www.lesamesnocturnes.com\/wp-content\/uploads\/2022\/09\/AFFICHE-MAGIC-MOZART-LIGHT.jpg\" alt=\"\" srcset=\"https:\/\/www.lesamesnocturnes.com\/wp-content\/uploads\/2022\/09\/AFFICHE-MAGIC-MOZART-LIGHT.jpg 860w, https:\/\/www.lesamesnocturnes.com\/wp-content\/uploads\/2022\/09\/AFFICHE-MAGIC-MOZART-LIGHT-202x300.jpg 202w, https:\/\/www.lesamesnocturnes.com\/wp-content\/uploads\/2022\/09\/AFFICHE-MAGIC-MOZART-LIGHT-688x1024.jpg 688w, https:\/\/www.lesamesnocturnes.com\/wp-content\/uploads\/2022\/09\/AFFICHE-MAGIC-MOZART-LIGHT-768x1143.jpg 768w\" sizes=\"auto, (max-width: 50px) 100vw, 50px\" \/><\/a><\/em><\/em><\/em> <em>Magic Mozart &nbsp;<\/em>&nbsp;|&nbsp;<a rel=\"noopener\" href=\"https:\/\/www.ville-st-remy-chevreuse.fr\/evenement\/magic-mozart\/\" target=\"_blank\">Saint-R\u00e9my-l\u00e8s-Chevreuse&nbsp;<\/a>(78)&nbsp;<\/p>\n\n\n\n<p><strong>18 janvier<br><\/strong><em><a href=\"https:\/\/www.lesamesnocturnes.com\/?page_id=177\"><img loading=\"lazy\" decoding=\"async\" width=\"50\" height=\"74\" class=\"wp-image-1319\" style=\"width: 50px;\" src=\"https:\/\/www.lesamesnocturnes.com\/wp-content\/uploads\/2022\/09\/Affiche-Carnaval-baroque-2.png\" alt=\"\" srcset=\"https:\/\/www.lesamesnocturnes.com\/wp-content\/uploads\/2022\/09\/Affiche-Carnaval-baroque-2.png 345w, https:\/\/www.lesamesnocturnes.com\/wp-content\/uploads\/2022\/09\/Affiche-Carnaval-baroque-2-203x300.png 203w\" sizes=\"auto, (max-width: 50px) 100vw, 50px\" \/><\/a><\/em> <em>Carnaval Baroque &nbsp;<\/em>&nbsp;|&nbsp;<a rel=\"noopener\" href=\"https:\/\/www.saintgermainenlaye.fr\/111-3315\/fiche\/tad-le-carnaval-baroque.htm\" target=\"_blank\">Saint-Germain-en-Laye&nbsp;<\/a>(78) (annul\u00e9)<\/p>\n\n\n\n<p><strong>9 janvier<br><\/strong><em><em><em><em><a href=\"https:\/\/www.youtube.com\/watch?v=u7NUAO9zxG8\"><img loading=\"lazy\" decoding=\"async\" width=\"50\" height=\"74\" class=\"wp-image-1249\" style=\"width: 50px;\" src=\"https:\/\/www.lesamesnocturnes.com\/wp-content\/uploads\/2022\/09\/AFFICHE-MAGIC-MOZART-LIGHT.jpg\" alt=\"\" srcset=\"https:\/\/www.lesamesnocturnes.com\/wp-content\/uploads\/2022\/09\/AFFICHE-MAGIC-MOZART-LIGHT.jpg 860w, https:\/\/www.lesamesnocturnes.com\/wp-content\/uploads\/2022\/09\/AFFICHE-MAGIC-MOZART-LIGHT-202x300.jpg 202w, https:\/\/www.lesamesnocturnes.com\/wp-content\/uploads\/2022\/09\/AFFICHE-MAGIC-MOZART-LIGHT-688x1024.jpg 688w, https:\/\/www.lesamesnocturnes.com\/wp-content\/uploads\/2022\/09\/AFFICHE-MAGIC-MOZART-LIGHT-768x1143.jpg 768w\" sizes=\"auto, (max-width: 50px) 100vw, 50px\" \/><\/a><\/em><\/em><\/em><\/em> <em>Magic Mozart &nbsp;<\/em>&nbsp;|&nbsp;<a rel=\"noopener\" href=\"https:\/\/www.theatrevictorhugo-bagneux.fr\/saison-2021-2022\/spectacle\/?id=873&amp;slug=magic-mozart\" target=\"_blank\">Bagneux <\/a>(92)&nbsp;<\/p>\n\n\n\n<p class=\"has-text-align-center has-cyan-bluish-gray-background-color has-background has-small-font-size\"><span style=\"color: #800000;\"><strong><em>2021<\/em><\/strong><\/span><\/p>\n\n\n\n<p><strong>16 d\u00e9cembre<br><\/strong><em>Au Bonheur des Vivants&nbsp;<\/em>&nbsp;|&nbsp;<a rel=\"noopener\" href=\"https:\/\/culturetvous.fr\/informations-transversales\/agenda\/au-bonheur-des-vivants-vlp-3829\" target=\"_blank\">Vaux le P\u00e9nil<\/a>&nbsp;(77)&nbsp;<\/p>\n\n\n\n<p><strong>11 d\u00e9cembre<br><\/strong><em>Au Bonheur des Vivants&nbsp;<\/em>&nbsp;|&nbsp;<a href=\"https:\/\/www.latranchesurmer.fr\/agenda\/spectacle-visuel-au-bonheur-des-vivants\/\" target=\"_blank\" rel=\"noopener\">La Tranche sur Mer<\/a>&nbsp;(85)&nbsp;<\/p>\n\n\n\n<p><strong>7 d\u00e9cembre<br><\/strong><em>Au Bonheur des Vivants&nbsp;<\/em>&nbsp;|&nbsp;<a href=\"https:\/\/www.ville-beziers.fr\/fileadmin\/user_upload\/PROGRAMME_21_22_WEB.pdf\" target=\"_blank\" rel=\"noopener\">B\u00e9ziers<\/a>&nbsp;(34)&nbsp;<\/p>\n\n\n\n<p><strong>24, 27, 28, 29, 30 novembre<br><\/strong><em><strong><span style=\"color: #ff0000;\">Magic Mozart &#8211;<\/span><span style=\"color: #ff0000;\"> cr\u00e9ation mondiale !&nbsp;<\/span><\/strong><\/em>&nbsp;|&nbsp;<a href=\"https:\/\/www.theatredupassage.ch\/spectacles\/magic-mozart\" target=\"_blank\" rel=\"noopener\">Neuch\u00e2tel<\/a>&nbsp;(Suisse)&nbsp;<\/p>\n\n\n\n<p><strong>18 novembre<br><\/strong><em>Au Bonheur des Vivants&nbsp;<\/em>&nbsp;|&nbsp;<a href=\"https:\/\/www.soyauxfoudhumour.fr\/jeudi-21-novembre\" target=\"_blank\" rel=\"noopener\">Soyaux<\/a>&nbsp;(16)&nbsp;<\/p>\n\n\n\n<p><strong>10 novembre<br><\/strong><em>Au Bonheur des Vivants&nbsp;<\/em>&nbsp;|&nbsp;<a href=\"https:\/\/www.cherbougetoi.com\/event\/au-bonheur-des-vivants-theatre\/\" target=\"_blank\" rel=\"noopener\">Cherbourg<\/a>&nbsp;(50)&nbsp;<\/p>\n\n\n\n<p><strong>22 octobre<br><\/strong><em>Au Bonheur des Vivants&nbsp;<\/em>&nbsp;|&nbsp;<a href=\"https:\/\/culture70.fr\/evenement\/au-bonheur-des-vivants\/\" target=\"_blank\" rel=\"noopener\">Lure<\/a>&nbsp;(70)&nbsp;<\/p>\n\n\n\n<p><strong>20 octobre<br><\/strong><em>Au Bonheur des Vivants&nbsp;<\/em>&nbsp;|&nbsp;<a href=\"https:\/\/www.ville-melun.fr\/agenda\/869-au-bonheur-des-vivants\" target=\"_blank\" rel=\"noopener\">Melun<\/a>&nbsp;(12)&nbsp;<\/p>\n\n\n\n<p><strong>15 &amp; 16 octobre<br><\/strong><em>Au Bonheur des Vivants&nbsp;<\/em>&nbsp;|&nbsp;<a href=\"https:\/\/la-baleine.eu\/au-bonheur-des-vivants\/\" target=\"_blank\" rel=\"noopener\">Onet-le-ch\u00e2teau<\/a>&nbsp;(12)&nbsp;<\/p>\n\n\n\n<p><strong>24 septembre<br><\/strong><em>Au Bonheur des Vivants&nbsp;<\/em>&nbsp;|&nbsp;<a href=\"https:\/\/www.ville-yzeure.com\/images\/publications\/saisonculturelle21_22.pdf\" target=\"_blank\" rel=\"noopener\">Yzeure<\/a>&nbsp;(03)&nbsp;<\/p>\n\n\n\n<p><strong>17 septembre<br><\/strong><em>Au Bonheur des Vivants&nbsp;<\/em>&nbsp;|&nbsp;<a href=\"https:\/\/www.ville-bondy.fr\/open-agenda\/ouverture-de-la-saison-culturelle-2021-2022\/\" target=\"_blank\" rel=\"noopener\">Bondy<\/a>&nbsp;(93)&nbsp;<\/p>\n\n\n\n<p><strong>21 ao\u00fbt<br><\/strong><em>Carnaval Baroque&nbsp;<\/em>&nbsp;|&nbsp;<a href=\"https:\/\/sinfonia-en-perigord.com\/le-festival\/sinfonia-event-detail.php?id=71\" target=\"_blank\" rel=\"noopener\">P\u00e9rigueux<\/a>&nbsp;(24)&nbsp;<\/p>\n\n\n\n<p><strong>16 avril<br><\/strong><em>Au Bonheur des Vivants&nbsp;<\/em>&nbsp;|&nbsp;<a href=\"http:\/\/www.ot-paysdelunel.fr\/Fiche\/Detail\/1567\/Sejourner~Fetes-et-manifestations\/AU-BONHEUR-DES-VIVANTS-:-ATP-DE-LUNEL\" target=\"_blank\" rel=\"noopener\">Lunel<\/a>&nbsp;(34) (annul\u00e9e)<\/p>\n\n\n\n<p><strong>16 avril<br><\/strong><em>Au Bonheur des Vivants&nbsp;<\/em>&nbsp;|&nbsp;<a href=\"http:\/\/www.ot-paysdelunel.fr\/Fiche\/Detail\/1567\/Sejourner~Fetes-et-manifestations\/AU-BONHEUR-DES-VIVANTS-:-ATP-DE-LUNEL\" target=\"_blank\" rel=\"noopener\">Lunel<\/a>&nbsp;(34) (annul\u00e9e)<\/p>\n\n\n\n<p><strong>2 avril<br><\/strong><em>Au Bonheur des Vivants&nbsp;<\/em>&nbsp;|&nbsp;<a href=\"http:\/\/culture70.fr\/evenement\/au-bonheur-des-vivants\" target=\"_blank\" rel=\"noopener\">Lure<\/a>&nbsp;(70) (annul\u00e9e)<\/p>\n\n\n\n<p><strong>14 mars&nbsp;<br><\/strong><em>Au Bonheur des Vivants&nbsp;<\/em>&nbsp;|&nbsp;<a href=\"https:\/\/radiant-bellevue.fr\/spectacles\/au-bonheur-des-vivants-1207\/\" target=\"_blank\" rel=\"noopener\">Caluire<\/a>&nbsp;(69) (annul\u00e9e)<\/p>\n\n\n\n<p><strong>12 f\u00e9vrier&nbsp;<br><\/strong><em>Au Bonheur des Vivants&nbsp;<\/em>&nbsp;|&nbsp;<a href=\"https:\/\/pole-en-scenes.com\/spectacles\/les-ames-nocturnes\" target=\"_blank\" rel=\"noopener\">Leognan<\/a>&nbsp;(33) (annul\u00e9e)<\/p>\n\n\n\n<p><strong>5 f\u00e9vrier<br><\/strong><em>Au Bonheur des Vivants&nbsp;<\/em>&nbsp;|&nbsp;<a href=\"http:\/\/bruaylabuissiere.fr\/event\/au-bonheur-des-vivants\/\" target=\"_blank\" rel=\"noopener\">Bruay-la-Buissiere<\/a>&nbsp;(62) (annul\u00e9e)<\/p>\n\n\n\n<p><b>24, 27, 31&nbsp;<\/b><span style=\"font-weight: 600;\">janvier<\/span><b>&nbsp;<\/b><br><em>Magic Mozart<span style=\"color: #ff0000;\">&nbsp;<\/span><\/em>&nbsp;|&nbsp;<a href=\"https:\/\/mozarteum.at\/en\/mozartwoche2022\/#info\" target=\"_blank\" rel=\"noopener\">Salzbourg, Autriche<\/a>&nbsp;(annul\u00e9e)<\/p>\n\n\n\n<blockquote class=\"wp-block-quote has-text-align-center has-cyan-bluish-gray-background-color has-background has-small-font-size is-layout-flow wp-block-quote-is-layout-flow\">\n<p><span style=\"color: #800000;\"><em><strong>2020<\/strong><\/em><\/span><\/p>\n<\/blockquote>\n\n\n\n<p><strong>30 et 31 d\u00e9cembre<br><\/strong><em>Magic Mozart <span style=\"color: #000000;\">&#8211; <\/span><span style=\"color: #ff0000;\"><span style=\"color: #000000;\"><strong>Cr\u00e9ation !<\/strong><\/span>&nbsp;<\/span><\/em>&nbsp;|&nbsp;<a href=\"https:\/\/www.theatredupassage.ch\/spectacles\/la-valse-du-marcassin\" target=\"_blank\" rel=\"noopener\">Neuch\u00e2tel, Suisse<\/a>&nbsp;(annul\u00e9e)<\/p>\n\n\n\n<p><strong>18 d\u00e9cembre&nbsp;<br><\/strong><em>Au Bonheur des Vivants&nbsp;<\/em>&nbsp;|&nbsp;<a href=\"https:\/\/pole-en-scenes.com\/spectacles\/les-ames-nocturnes\" target=\"_blank\" rel=\"noopener\">Bron<\/a>&nbsp;(03) (annul\u00e9e)<\/p>\n\n\n\n<p><strong>15-16 d\u00e9cembre<br><\/strong><em>Au Bonheur des Vivants&nbsp;<\/em>&nbsp;|&nbsp;<a href=\"http:\/\/culture70.fr\/evenement\/au-bonheur-des-vivants\" target=\"_blank\" rel=\"noopener\">Lure<\/a>&nbsp;(70) (annul\u00e9e)<\/p>\n\n\n\n<p><strong>10 d\u00e9cembre<br><\/strong><em>Au Bonheur des Vivants&nbsp;<\/em>&nbsp;|&nbsp;<a href=\"https:\/\/www.moulins-tourisme.com\/agenda\/au-bonheur-des-vivants-arts-visuels-magie-acrobatie\/\" target=\"_blank\" rel=\"noopener\">Vaux le P\u00e9nil<\/a>&nbsp;(77) (annul\u00e9e)<\/p>\n\n\n\n<p><strong>19 novembre<br><\/strong><em>Au Bonheur des Vivants&nbsp;<\/em>&nbsp;|&nbsp;<a href=\"https:\/\/www.soyauxfoudhumour.fr\/jeudi-21-novembre\" target=\"_blank\" rel=\"noopener\">Soyaux<\/a>&nbsp;(16) (annul\u00e9e)<\/p>\n\n\n\n<p><strong>17 novembre&nbsp;<br><\/strong><em>Au Bonheur des Vivants&nbsp;<\/em>&nbsp;|&nbsp;<a href=\"https:\/\/la-baleine.eu\/au-bonheur-des-vivants\/\" target=\"_blank\" rel=\"noopener\">Onet le Chateau <\/a>&nbsp;(12) (annul\u00e9e)<\/p>\n\n\n\n<p><strong>10, 17, 18 novembre&nbsp;<br><\/strong><em>Dreams,<span style=\"color: #000000;\"> <strong>Cr\u00e9ation ! <\/strong><\/span>&nbsp;<\/em>&nbsp;|&nbsp;<a href=\"https:\/\/www.opera-rennes.fr\/fr\/evenement\/dreams-le-banquet-celeste\" target=\"_blank\" rel=\"noopener\">Rennes, Op\u00e9ra<\/a>&nbsp;(35)<\/p>\n\n\n\n<p><strong>26 septembre<br><\/strong><em>Au Bonheur des Vivants&nbsp;<\/em>&nbsp;| <a href=\"https:\/\/eclats-lavaur.com\/au-bonheur-des-vivants\/\" target=\"_blank\" rel=\"noopener\">Lavaur<\/a> (03)<\/p>\n\n\n\n<p><strong>22 septembre<br><\/strong><em>Au Bonheur des Vivants&nbsp;<\/em>&nbsp;|&nbsp;<a href=\"https:\/\/www.montelimar.fr\/au-quotidien\/agenda\/spectacle-de-clown-cirque-et-poesie-au-bonheur-des-vivants\" target=\"_blank\" rel=\"noopener\">Montelimar<\/a>&nbsp;(26)<\/p>\n\n\n\n<p><strong>19 septembre<br><\/strong><em>Au Bonheur des Vivants&nbsp;<\/em>&nbsp;|&nbsp;<a href=\"https:\/\/www.ahsaisonetfestival.com\/#!prochain-spectacle-1\/cku5\" target=\"_blank\" rel=\"noopener\">Parthenay<\/a>&nbsp;(79)<\/p>\n\n\n\n<p><strong>25 au 28 ao\u00fbt<br><\/strong><em>Au Bonheur des Vivants&nbsp;<\/em>&nbsp;| <a href=\"http:\/\/www.aubonheurdesmomes.com\" target=\"_blank\" rel=\"noopener\">Le Grand Bornand<\/a> (74) (annul\u00e9e)<\/p>\n\n\n\n<p><strong>22 ao\u00fbt<br><\/strong><em>Carnaval Baroque&nbsp;<\/em>&nbsp;| <a href=\"https:\/\/sinfonia-en-perigord.com\/le-festival\/index.php\" target=\"_blank\" rel=\"noopener\">P\u00e9rigueux<\/a>&nbsp;(24)<\/p>\n\n\n\n<p class=\"has-text-align-left\"><strong>5 juin<br><\/strong><em>Au Bonheur des Vivants&nbsp;<\/em>&nbsp;|&nbsp;<a href=\"https:\/\/www.moulins-tourisme.com\/agenda\/au-bonheur-des-vivants-arts-visuels-magie-acrobatie\/\" target=\"_blank\" rel=\"noopener\">Yzeure<\/a>&nbsp;(03) (annul\u00e9e)<\/p>\n\n\n\n<p class=\"has-text-align-left\"><strong>17 mai<br><\/strong><em>Au Bonheur des Vivants&nbsp;<\/em>&nbsp;|&nbsp;<a href=\"https:\/\/www.ahsaisonetfestival.com\/blank\" target=\"_blank\" rel=\"noopener\">Parthenay<\/a>&nbsp;(79) (annul\u00e9e)<\/p>\n\n\n\n<p class=\"has-text-align-left\"><strong>15 mai<br><\/strong><em>Au Bonheur des Vivants&nbsp;<\/em>&nbsp;|&nbsp;<a href=\"https:\/\/letoboggan.com\/spectacles\/au_bonheur_des_vivants-2029\/\" target=\"_blank\" rel=\"noopener\">Decines<\/a>&nbsp;(69) (annul\u00e9e)<\/p>\n\n\n\n<p class=\"has-text-align-left\"><strong>12 mai<br><\/strong><em>Au Bonheur des Vivants&nbsp;<\/em>&nbsp;| <a href=\"https:\/\/www.montelimar-agglo.fr\/application\/files\/4315\/6136\/3071\/AUDITORIUM-Prog201920-WEB-V2.pdf\" target=\"_blank\" rel=\"noopener\">Montelimar<\/a>&nbsp;(26) (annul\u00e9e)<\/p>\n\n\n\n<p class=\"has-text-align-left\"><strong>29 avril<br><\/strong><em>Au Bonheur des Vivants&nbsp;<\/em>&nbsp;|&nbsp;<a href=\"https:\/\/www.lachaudronnerie-laciotat.com\/fr\/meeting\/1983\/au-bonheur-des-vivants\/la-chaudronnerie-la-ciotat\/29-04-2020\/20h00\" target=\"_blank\" rel=\"noopener\">La Ciotat&nbsp;<\/a>(13) (annul\u00e9e)<\/p>\n\n\n\n<p class=\"has-text-align-left\"><strong>2 avril<br><\/strong><em>Au Bonheur des Vivants&nbsp;<\/em>&nbsp;|&nbsp;<a href=\"https:\/\/www.tad-saintgermainenlaye.fr\/1198-1640\/fiche\/au-bonheur-des-vivants.htm\" target=\"_blank\" rel=\"noopener\">Saint-Germain-en-Laye<\/a>&nbsp;(78) (annul\u00e9e)<\/p>\n\n\n\n<p class=\"has-text-align-left\"><strong>4 f\u00e9vrier<br><\/strong><em>Au Bonheur des Vivants&nbsp;<\/em>&nbsp;|&nbsp;<a href=\"https:\/\/www.theatredechartres.fr\/spectacles\/au-bonheur-des-vivants-200.html\" target=\"_blank\" rel=\"noopener\">Chartres<\/a>&nbsp;(28)<\/p>\n\n\n\n<p class=\"has-text-align-left\"><strong>17 janvier<br><\/strong><em>Au Bonheur des Vivants&nbsp;<\/em>&nbsp;|&nbsp;<a href=\"http:\/\/www.sortiravizille.com\/2020\/01\/17\/au-bonheur-des-vivants\/\" target=\"_blank\" rel=\"noopener\">Vizille<\/a>&nbsp;(38)<\/p>\n\n\n\n<p class=\"has-text-align-left\"><strong>10, 11, 12, 14 janvier<br><\/strong><em>La Fl\u00fbte Enchant\u00e9e, Op\u00e9ra de Mozart&nbsp;<\/em>|&nbsp;<a href=\"https:\/\/www.chateauversailles-spectacles.fr\/programmation\/mozart-la-flute-enchantee_e2150\" target=\"_blank\" rel=\"noopener\">Opera Royal de Versailles<\/a>, Versailles (78)<\/p>\n\n\n\n<p class=\"has-text-align-center has-cyan-bluish-gray-background-color has-background has-small-font-size\"><span style=\"text-decoration: underline;\"><em><strong><span style=\"color: #993300; text-decoration: underline;\">2019<\/span><\/strong><\/em><\/span><\/p>\n\n\n\n<p class=\"has-text-align-left\"><strong>27, 29, 31 d\u00e9cembre<br><\/strong><em>La Fl\u00fbte Enchant\u00e9e, Op\u00e9ra de Mozart&nbsp;<\/em>|&nbsp;<a href=\"http:\/\/www.operagrandavignon.fr\/spectacles\/la-flute-enchantee\/\" target=\"_blank\" rel=\"noopener\">Opera du Grand Avignon<\/a>, Avignon (84)<\/p>\n\n\n\n<p class=\"has-text-align-left\"><strong>18, 20, 22, 26, 28, 31 d\u00e9cembre<br><\/strong><em>La Cenerentola, Op\u00e9ra de Rossini&nbsp;<\/em>|&nbsp;<a href=\"https:\/\/www.operaliege.be\/spectacle\/la-cenerentola-2019\/\" target=\"_blank\" rel=\"noopener\">Opera Royal de Wallonie<\/a>, Li\u00e8ge, Belgique<\/p>\n\n\n\n<p class=\"has-text-align-left\"><strong>17 novembre<br><\/strong><em>Au Bonheur des Vivants&nbsp;<\/em>&nbsp;|&nbsp;<a href=\"https:\/\/www.fnacspectacles.com\/place-spectacle\/ticket-evenement\/theatre-contemporain-au-bonheur-des-vivants-man84871-lt.htm\" target=\"_blank\" rel=\"noopener\">Plougastel<\/a>&nbsp;(29)<\/p>\n\n\n\n<p class=\"has-text-align-left\"><strong>15 novembre<br><\/strong><em>Au Bonheur des Vivants&nbsp;<\/em>&nbsp;|&nbsp;<a href=\"http:\/\/www.festival-pour-rire.com\/spectacles\/\" target=\"_blank\" rel=\"noopener\">Matignon<\/a>&nbsp;(22)<\/p>\n\n\n\n<p class=\"has-text-align-left\"><strong>30 octobre<br><\/strong><em>Au Bonheur des Vivants&nbsp;<\/em>&nbsp;|&nbsp;<a href=\"https:\/\/www.ocabonneville.fr\/evenement\/au-bonheur-des-vivants\/\" target=\"_blank\" rel=\"noopener\">Bonneville<\/a>&nbsp;(74)<\/p>\n\n\n\n<p class=\"has-text-align-left\"><strong>25 &amp; 26 octobre<br><\/strong><em>Au Bonheur des Vivants&nbsp;<\/em>&nbsp;|&nbsp;<a href=\"https:\/\/mal-thonon.org\/au-bonheur-des-vivants\/\" target=\"_blank\" rel=\"noopener\">Thonon-les-Bains<\/a>&nbsp;(74)<\/p>\n\n\n\n<p class=\"has-text-align-left\"><strong>3, 6, 8, 16 &amp; 20 octobre<br><span style=\"color: #ff0000;\"><em>Les P\u00eacheurs de Perles, Bizet&nbsp;<\/em>&nbsp;|&nbsp;cr\u00e9ation<\/span><\/strong>&nbsp;|&nbsp;<a href=\"https:\/\/www.teatroregio.torino.it\/en\/opera-e-balletto-2019-2020\/les-pecheurs-de-perles\" target=\"_blank\" rel=\"noopener\">Teatro Regio di Torino<\/a>, Turin, Italie<\/p>\n\n\n\n<p class=\"has-text-align-left\"><strong>7 au 18 ao\u00fbt<br><\/strong><em>Au bonheur des Vivants&nbsp;<\/em>&nbsp;| <a href=\"https:\/\/www.thatsmags.com\/shanghai\/event\/detail\/64226\" target=\"_blank\" rel=\"noopener\">Shanghai<\/a>, Chine<\/p>\n\n\n\n<p class=\"has-text-align-left\"><strong>15, 17, 19, 21, 24 mai<br><span style=\"color: #ff0000;\"><em>La Clemenza di Tito, Mozart&nbsp;<\/em>&nbsp;|&nbsp;cr\u00e9ation<\/span><\/strong>&nbsp;| <a href=\"https:\/\/www.operaliege.be\/spectacle\/la-clemenza-di-tito\/\" target=\"_blank\" rel=\"noopener\">Opera Royal de Wallonie<\/a>, Li\u00e8ge, Belgique<\/p>\n\n\n\n<p class=\"has-text-align-left\"><strong>15 mars<br><\/strong><em>Au Bonheur des Vivants&nbsp;<\/em>&nbsp;| <a href=\"http:\/\/lespas.re\/programme\/\" target=\"_blank\" rel=\"noopener\">Saint-Paul<\/a>, Ile de la R\u00e9union<\/p>\n\n\n\n<p class=\"has-text-align-left\"><strong>12, 13, 14 &nbsp;mars<br><\/strong><em>Au Bonheur des Vivants&nbsp;<\/em>&nbsp;| <a href=\"http:\/\/www.teat.re\/Les-Ames-Nocturnes.html\" target=\"_blank\" rel=\"noopener\">Saint-Denis de la R\u00e9union<\/a>,&nbsp;Ile de la R\u00e9union<\/p>\n\n\n\n<p class=\"has-text-align-left\"><strong>13 janvier<br><\/strong><em>Au Bonheur des Vivants&nbsp;<\/em>&nbsp;|&nbsp;<a href=\"https:\/\/www.agendaou.fr\/au-bonheur-des-vivants-spectacle-circassien-a-l-odyssee-de-dol-de-bretagne-180674.html\" target=\"_blank\" rel=\"noopener\">Dol de Bretagne<\/a>&nbsp;(35)<\/p>\n\n\n\n<p class=\"has-text-align-center has-cyan-bluish-gray-background-color has-background has-small-font-size\"><span style=\"text-decoration: underline;\"><em><strong><span style=\"color: #993300; text-decoration: underline;\">2018<\/span><\/strong><\/em><\/span><\/p>\n\n\n\n<p><strong>30 &amp; 31 d\u00e9cembre<br><\/strong><em>Au Bonheur des Vivants&nbsp;<\/em>&nbsp;| <a href=\"http:\/\/cesena.emiliaromagnateatro.com\/spettacolo\/au-bonheur-de-vivants\/\" target=\"_blank\" rel=\"noopener\">Cesena<\/a>,&nbsp;Italie<\/p>\n\n\n\n<p><strong>23 d\u00e9cembre<br><\/strong><em>Au Bonheur des Vivants&nbsp;<\/em>&nbsp;| <a href=\"https:\/\/www.magny-les-hameaux.fr\/sites\/magnyleshameaux-v2\/files\/document\/agenda\/magny_-_livret_culturel_2018-2019_3_0.pdf\" target=\"_blank\" rel=\"noopener\">Magny-les-Hameaux<\/a>&nbsp;(78)<\/p>\n\n\n\n<p><strong>14, 15, 16 d\u00e9cembre<br><\/strong><em>Carnaval Baroque &nbsp;<\/em>&nbsp;|&nbsp;<a href=\"https:\/\/www.chateauversailles-spectacles.fr\/programmation\/le-carnaval-baroque_e1918\" target=\"_blank\" rel=\"noopener\">Versailles, Op\u00e9ra Royal<\/a>&nbsp;(78)<\/p>\n\n\n\n<p><strong>13, 14, 15 novembre<br><span style=\"color: #ff0000;\"><em>Raoul, Barbe Bleue &#8211; Op\u00e9ra de Gr\u00e9try&nbsp;<\/em>&nbsp;| cr\u00e9ation<\/span><\/strong> |&nbsp;<a href=\"http:\/\/barokkfest.no\/engelsk\/raoul\/\" target=\"_blank\" rel=\"noopener\">Trondheim,<\/a> Norv\u00e8ge<\/p>\n\n\n\n<p><strong>22 septembre<br><\/strong><em>Au Bonheur des Vivants&nbsp;<\/em>&nbsp;| <a href=\"http:\/\/www.centrecultureljeanlhote.fr\/Spectacles\/Spectacles-tout-public-2018-2019\/Au-bonheur-des-vivants-Samedi-22-septembre-a-20h30-Cirque-Illusion\" target=\"_blank\" rel=\"noopener\">Neuves Maison<\/a> (54)<\/p>\n\n\n\n<p><strong>Juillet (20 repr\u00e9sentations)<br><\/strong><em>Au Bonheur des Vivants&nbsp;<\/em>&nbsp;| Th\u00e9\u00e2tre des Lucioles,&nbsp;Festival d&rsquo;Avignon<\/p>\n\n\n\n<p><strong>23 juin<br><\/strong><em>Au Bonheur des Vivants&nbsp;<\/em>|&nbsp;<a href=\"https:\/\/www.lacometehesingue.fr\/programmation\" target=\"_blank\" rel=\"noopener\">H\u00e9singue<\/a>&nbsp;(01)<\/p>\n\n\n\n<p><strong>1 au 11 juin<br><\/strong><em>Didon &amp; En\u00e9e, Op\u00e9ra de Purcell&nbsp;<\/em>|&nbsp;<a href=\"http:\/\/www.israel-opera.co.il\/eng\/?CategoryID=845&amp;ArticleID=2568\" target=\"_blank\" rel=\"noopener\">Op\u00e9ra de Tel-Aviv&nbsp;<\/a>,&nbsp;Isra\u00ebl<\/p>\n\n\n\n<p><strong>27 avril<br><\/strong><em>Au Bonheur des Vivants&nbsp;<\/em>|&nbsp;<a href=\"http:\/\/allegro.free.fr\/rubrique_06_01.php?rub=06\" target=\"_blank\" rel=\"noopener\">Miribel<\/a>&nbsp;(01)<\/p>\n\n\n\n<p><strong>20 &amp; 21 avril<br><\/strong><em>Au Bonheur des Vivants&nbsp;<\/em>|&nbsp;<a href=\"http:\/\/arbanel.ch\/index.php\/event\/au-bonheur-des-vivants\/\" target=\"_blank\" rel=\"noopener\">Treyvaux<\/a>&nbsp;(Suisse)<\/p>\n\n\n\n<p><strong>13 avril<br><\/strong><em>Les \u00c2mes Nocturnes&nbsp;<\/em>|&nbsp;<a href=\"https:\/\/www.saisonculturelle-agde.fr\/agenda\/les-ames-nocturnes\" target=\"_blank\" rel=\"noopener\">Agde<\/a>&nbsp;(34)<\/p>\n\n\n\n<p><strong>10 avril<br><\/strong><em>Les \u00c2mes Nocturnes&nbsp;<\/em>| <a href=\"http:\/\/www.villabe.fr\/l-agenda\/984-spectacle-les-ames-nocturnes\" target=\"_blank\" rel=\"noopener\">Villab\u00e9<\/a> (91)<\/p>\n\n\n\n<p><strong>30 mars<br><\/strong><em>Au Bonheur des Vivants&nbsp;<\/em>| <a href=\"http:\/\/www.lesquinconces.com\/events\/au-bonheur-des-vivants\/\" target=\"_blank\" rel=\"noopener\">Vals les Bains<\/a>&nbsp;(07)<\/p>\n\n\n\n<p><strong>27 mars<br><\/strong><em>Au Bonheur des Vivants&nbsp;<\/em>|&nbsp;<a href=\"http:\/\/www.spectaclevivanta4.fr\/saison\/tp\/alienor.php\" target=\"_blank\" rel=\"noopener\">Saint-Jean d&rsquo;Angely<\/a>&nbsp;(17)<\/p>\n\n\n\n<p><strong>24 mars<br><\/strong><em>Au Bonheur des Vivants&nbsp;<\/em>|&nbsp;<a href=\"https:\/\/www.lapalene.fr\/event\/au-bonheur-des-vivants\/\" target=\"_blank\" rel=\"noopener\">Rouillac<\/a>&nbsp;(16)<\/p>\n\n\n\n<p><strong>23 mars<br><\/strong><em>Au Bonheur des Vivants&nbsp;<\/em>|&nbsp;<a href=\"http:\/\/mptaiffres.csc79.org\/spip.php?article1132\" target=\"_blank\" rel=\"noopener\">Aiffres<\/a>&nbsp;(79)<\/p>\n\n\n\n<p><strong>21 &amp; 22 mars <em>-repr\u00e9sentations scolaires<\/em><br><\/strong><em>Au Bonheur des Vivants&nbsp;<\/em>|&nbsp;<a href=\"https:\/\/www.lapalene.fr\/event\/au-bonheur-des-vivants\/\" target=\"_blank\" rel=\"noopener\">Rouillac<\/a>&nbsp;(16)<\/p>\n\n\n\n<p><strong>18 mars<br><\/strong><em>Au Bonheur des Vivants&nbsp;<\/em>| <a href=\"http:\/\/www.theatrelouisjouvet.fr\/saison\/402\/au-bonheur-vivants-cecile-roussat-julien-lubek\" target=\"_blank\" rel=\"noopener\">Rethel<\/a>&nbsp;(08)<\/p>\n\n\n\n<p><strong>11 mars<br><\/strong><em>Les \u00c2mes Nocturnes&nbsp;<\/em>|&nbsp;<a href=\"http:\/\/www.illiade.com\/spectacle1718.php?id=59\" target=\"_blank\" rel=\"noopener\">Illkirch Graffenstaden<\/a>&nbsp;(67)<\/p>\n\n\n\n<p><strong>6 mars<br><\/strong><em>Au Bonheur des Vivants&nbsp;<\/em>|&nbsp;<a href=\"http:\/\/saison-culturelle.dax.fr\/bienvenue-aux-vivants\" target=\"_blank\" rel=\"noopener\">Dax<\/a>&nbsp;(30)<\/p>\n\n\n\n<p><strong>3 mars<br><\/strong><em>Au Bonheur des Vivants&nbsp;<\/em>| <a href=\"http:\/\/www.csap.fr\/vie-culturelle\/\" target=\"_blank\" rel=\"noopener\">Serres Castet<\/a>&nbsp;(64)<\/p>\n\n\n\n<p><strong>16 f\u00e9vrier<br><\/strong><em>Au Bonheur des Vivants&nbsp;<\/em>|<a href=\"http:\/\/theatredelusine-saintcere.com\/spectacles\/461\/au-bonheur-des-vivants\/\" target=\"_blank\" rel=\"noopener\"> Saint-C\u00e9r\u00e9&nbsp;<\/a>(46)<\/p>\n\n\n\n<p><strong>11 f\u00e9vrier<br><\/strong><em>Au Bonheur des Vivants&nbsp;<\/em>|&nbsp;<a href=\"https:\/\/www.tanzmatten.fr\/saison-culturelle\/programmation\/2017-2018\/au-bonheur-des-vivants.html\" target=\"_blank\" rel=\"noopener\">S\u00e9lestat<\/a>&nbsp;(67)<\/p>\n\n\n\n<p><strong>9 f\u00e9vrier<br><\/strong><em>Au Bonheur des Vivants&nbsp;<\/em>|&nbsp;<a href=\"http:\/\/www.espace-rohan.org\/contenu\/au-bonheur-des-vivants\" target=\"_blank\" rel=\"noopener\">Saverne<\/a>&nbsp;(67)<\/p>\n\n\n\n<p><strong>5 f\u00e9vrier <em>&#8211; repr\u00e9sentations scolaires<\/em><br><\/strong><em>Au Bonheur des Vivants&nbsp;<\/em>|&nbsp;<a href=\"https:\/\/www.theatredupassage.ch\/spectacles\/au-bonheur-des-vivants\" target=\"_blank\" rel=\"noopener\">Neuch\u00e2tel<\/a>&nbsp;(Suisse)<\/p>\n\n\n\n<p><strong>4 f\u00e9vrier<br><\/strong><em>Au Bonheur des Vivants&nbsp;<\/em>|&nbsp;<a href=\"https:\/\/www.theatredupassage.ch\/spectacles\/au-bonheur-des-vivants\" target=\"_blank\" rel=\"noopener\">Neuch\u00e2tel<\/a>&nbsp;(Suisse)<\/p>\n\n\n\n<p><strong>28 janvier<br><\/strong><em>Au Bonheur des Vivants&nbsp;<\/em>|&nbsp;<a href=\"http:\/\/tourism-cognac.com\/spectacle-au-bonheur-des-vivants\/\" target=\"_blank\" rel=\"noopener\">Cherves Richemont<\/a>&nbsp;(16)<\/p>\n\n\n\n<p><strong>26 janvier<br><\/strong><em>Au Bonheur des Vivants&nbsp;<\/em>|&nbsp;<a href=\"http:\/\/www.espacetreulon.fr\/detail\/Au-Bonheur-des-Vivants.html\" target=\"_blank\" rel=\"noopener\">Bruges<\/a>&nbsp;(33)<\/p>\n\n\n\n<p><strong>21 janvier<br><\/strong><em>Au Bonheur des Vivants&nbsp;<\/em>|&nbsp;<a href=\"http:\/\/espacephilippe-auguste.fr\/spectacle\/au-bonheur-des-vivants\/\" target=\"_blank\" rel=\"noopener\">Vernon<\/a>&nbsp;(27)<\/p>\n\n\n\n<p><strong>19 janvier<br><\/strong><em>Au Bonheur des Vivants&nbsp;<\/em>|&nbsp;<a href=\"http:\/\/www.valbreon.fr\/fr\/information\/528\/la-cc-propose\" target=\"_blank\" rel=\"noopener\">Val Br\u00e9on<\/a>&nbsp;(77)<\/p>\n\n\n\n<p><strong>6 &amp; 7 janvier<br><\/strong><em>Au Bonheur des Vivants&nbsp;<\/em>|&nbsp;<a href=\"http:\/\/www.comunalegiuseppeverdi.it\/la-stagione\/prosa\/au-bonheur-des-vivants-compagnia-le-ames-nocturnes\" target=\"_blank\" rel=\"noopener\">Pordenone<\/a>&nbsp;(Italie)<\/p>\n\n\n\n<p><strong>5 janvier<br><\/strong><em>Au Bonheur des Vivants&nbsp;<\/em>|&nbsp;<a href=\"https:\/\/www.ilrossetti.it\/it\/spettacoli\/au-bonheur-des-vivants-2625\" target=\"_blank\" rel=\"noopener\">Trieste<\/a>&nbsp;(Italie)<\/p>\n\n\n\n<p><strong>1er janvier<br><\/strong><em>Au Bonheur des Vivants&nbsp;<\/em>| <a href=\"http:\/\/www.teatrocasalmaggiore.it\/scheda.asp?id=429\" target=\"_blank\" rel=\"noopener\">Casalmaggiore<\/a>&nbsp;(Italie)<\/p>\n\n\n\n<p class=\"has-text-align-center has-cyan-bluish-gray-background-color has-background has-small-font-size\">&nbsp;<em><strong><span style=\"text-decoration: underline; color: #993300;\">2017<\/span><\/strong><\/em><\/p>\n\n\n\n<p><strong>30 d\u00e9cembre<br><\/strong><em>Au Bonheur des Vivants&nbsp;<\/em>|&nbsp;<a href=\"http:\/\/mercatini.merano.eu\/mercatini-natale-merano\/programma\/spettacolo-teatrale-au-bonheur-des-vivants-le-gioie-della-vita\/\" target=\"_blank\" rel=\"noopener\">Merano<\/a>&nbsp;(Italie)<\/p>\n\n\n\n<p><strong>24, 25, 26, 27, 28 d\u00e9cembre<br><\/strong><em>Au Bonheur des Vivants&nbsp;<\/em>|&nbsp;<a href=\"http:\/\/www.centrosantachiara.it\/IT\/au\/\" target=\"_blank\" rel=\"noopener\">Trento<\/a>&nbsp;(Italie)<\/p>\n\n\n\n<p><strong>20 d\u00e9cembre<br><\/strong><em>Les \u00c2mes Nocturnes&nbsp;<\/em>|&nbsp;<a href=\"https:\/\/www.theatredupassage.ch\/spectacles\/les-ames-nocturnes\" target=\"_blank\" rel=\"noopener\">Neuch\u00e2tel<\/a>&nbsp;(Suisse)<\/p>\n\n\n\n<p><strong>16 &amp; 17 d\u00e9cembre<br><\/strong><em>Au Bonheur des Vivants&nbsp;<\/em>| <a href=\"http:\/\/www.theatremontansier.com\/evenement\/au-bonheur-des-vivants-2\/\" target=\"_blank\" rel=\"noopener\">Versailles<\/a>&nbsp;(78)<\/p>\n\n\n\n<p><strong>15 d\u00e9cembre<em> &#8211; repr\u00e9sentations scolaires<\/em><br><\/strong><em>Au Bonheur des Vivants&nbsp;<\/em>|&nbsp;<a href=\"http:\/\/www.theatremontansier.com\/evenement\/au-bonheur-des-vivants-2\/\" target=\"_blank\" rel=\"noopener\">Versailles<\/a>&nbsp;(78)<\/p>\n\n\n\n<p><strong>12 d\u00e9cembre<br><\/strong><em>Au Bonheur des Vivants&nbsp;<\/em>| <a href=\"https:\/\/www.ferney-voltaire.fr\/agendas\/au-bonheur-des-vivants\" target=\"_blank\" rel=\"noopener\">Saint-Genis Pouilly<\/a>&nbsp;(01)<\/p>\n\n\n\n<p><strong>9 d\u00e9cembre<br><\/strong><em>Au Bonheur des Vivants&nbsp;<\/em>|&nbsp;<a href=\"http:\/\/www.theatredessources.fr\/theatre_des_sources\/fiche.cfm\/278838_au_bonheur_des_vivants.html\" target=\"_blank\" rel=\"noopener\">Fontenay-aux-Roses <\/a>(92)<\/p>\n\n\n\n<p><strong>9 &amp; 11 d\u00e9cembre<br><\/strong><em>La Fl\u00fbte Enchant\u00e9e<\/em>&nbsp;| <a href=\"https:\/\/www.teatrofraschini.it\/it\/programma\/stagione-dopera-e-teatrale-20162017\/stagione-dopera-e-teatrale-2016-2017.html\" target=\"_blank\" rel=\"noopener\">Pavia<\/a>, Italie<\/p>\n\n\n\n<p><strong>8 d\u00e9cembre&nbsp;<em>&#8211; repr\u00e9sentations scolaires<\/em><br><\/strong><em>Au Bonheur des Vivants&nbsp;<\/em>|&nbsp;<a href=\"http:\/\/www.theatredessources.fr\/theatre_des_sources\/fiche.cfm\/278838_au_bonheur_des_vivants.html\" target=\"_blank\" rel=\"noopener\">Fontenay-aux-Roses&nbsp;<\/a>(92)<\/p>\n\n\n\n<p><strong>4 &amp; 6 d\u00e9cembre <em>&#8211; repr\u00e9sentations scolaires<\/em><br><\/strong><em>Au Bonheur des Vivants&nbsp;<\/em>| L&rsquo;Archipel, Sc\u00e8ne nationale,&nbsp;<a href=\"http:\/\/www.theatredelarchipel.org\/fr-show-866.html\" target=\"_blank\" rel=\"noopener\">Perpignan<\/a>&nbsp;(66)<\/p>\n\n\n\n<p><strong>3 &amp; 5 d\u00e9cembre<br><\/strong><em>Au Bonheur des Vivants&nbsp;<\/em>| L&rsquo;Archipel, Sc\u00e8ne nationale, <a href=\"http:\/\/www.theatredelarchipel.org\/fr-show-866.html\" target=\"_blank\" rel=\"noopener\">Perpignan<\/a>&nbsp;(66)<\/p>\n\n\n\n<p><strong>1 &amp; 3 d\u00e9cembre<br><\/strong><em>La Fl\u00fbte Enchant\u00e9e<\/em>&nbsp;| <a href=\"http:\/\/www.teatroponchielli.it\/stagioni\/opera\/dettaglio-opera\/die-zauberfloete-il-flauto-magico\/\" target=\"_blank\" rel=\"noopener\">Cremona<\/a>, Italie<\/p>\n\n\n\n<p><strong>10 &amp; 12 novembre<br><\/strong><em>La Fl\u00fbte Enchant\u00e9e<\/em>&nbsp;| <a href=\"https:\/\/www.teatrogrande.it\/spettacolo\/die-zauberflote\/\" target=\"_blank\" rel=\"noopener\">Brescia<\/a>, Italie<\/p>\n\n\n\n<p><strong>3 novembre<br><\/strong><em>Au Bonheur des Vivants <\/em>| Festival de la Magie, Sc\u00e8ne nationale, <a href=\"http:\/\/www.macon.fr\/Actualites\/Evenements\/Culture\/2017\/Novembre\/Festival-de-la-magie\" target=\"_blank\" rel=\"noopener\">M\u00e2con<\/a> (71)<\/p>\n\n\n\n<p><strong>3 &amp; 5 novembre<br><\/strong><em>La Fl\u00fbte Enchant\u00e9e<\/em>&nbsp;| <a href=\"http:\/\/www.teatrosocialecomo.it\/events\/category\/prossimi-appuntamenti\/\" target=\"_blank\" rel=\"noopener\">Como<\/a>, Italie<\/p>\n\n\n\n<p><strong>27 &amp; 29 octobre<br><\/strong><em>La Fl\u00fbte Enchant\u00e9e<\/em>&nbsp;| <a href=\"http:\/\/www.donizetti.org\/fd2016\/event\/die-zauberfloete\/\" target=\"_blank\" rel=\"noopener\">Bergame<\/a>, Italie<\/p>\n\n\n\n<p><strong>1er juillet<br><\/strong><em>Les \u00c2mes Nocturnes<\/em> | <a href=\"http:\/\/www.marrakechdurire.com\/mdr\/index.php?id_product=63&amp;controller=product&amp;id_lang=1\" target=\"_blank\" rel=\"noopener\">Les Marrakech du Rire<\/a>, Marrakech, Maroc<\/p>\n\n\n\n<p><strong>9, 10, 12, 13, 14 mai<br><\/strong><em>Didon &amp; En\u00e9e<\/em>&nbsp;| <a href=\"https:\/\/www.operaliege.be\/fr\/activites\/dido-and-aeneas\" target=\"_blank\" rel=\"noopener\">Op\u00e9ra Royal de Wallonie<\/a>, Li\u00e8ge, Belgique<\/p>\n\n\n\n<p><strong>8 avril<br><\/strong><em>Les \u00c2mes Nocturnes<\/em>&nbsp;| <a href=\"http:\/\/www.mjc-3cm.org\/saison-culturelle\/saison-culturelle-2016-2017\/les-ames-nocturnes\/\" target=\"_blank\" rel=\"noopener\">Montluel<\/a>&nbsp;(01)<\/p>\n\n\n\n<p><strong>25 mars<br><\/strong><em>Les \u00c2mes Nocturnes<\/em>&nbsp;| <a href=\"http:\/\/www.ville-meulan.fr\/IMG\/pdf\/Agenda_2016_29-07BD.pdf\" target=\"_blank\" rel=\"noopener\">Meulan<\/a>&nbsp;(78)<\/p>\n\n\n\n<p><strong>17 mars<br><\/strong><em>Les \u00c2mes Nocturnes<\/em>&nbsp;| <a href=\"http:\/\/www.lesquinconces.com\/events\/les-ames-nocturnes\/\" target=\"_blank\" rel=\"noopener\">Vals les Bains<\/a>&nbsp;(07)<\/p>\n\n\n\n<p><strong>14 mars<br><\/strong><em>Les \u00c2mes Nocturnes<\/em>&nbsp;| <a href=\"http:\/\/www.cc-bassin-annonay.fr\/les-ames-nocturnes.html\" target=\"_blank\" rel=\"noopener\">Annonay<\/a>&nbsp;(07)<\/p>\n\n\n\n<p><strong>3 mars<br><\/strong><em>Les \u00c2mes Nocturnes<\/em>&nbsp;|<a href=\"http:\/\/www.fnacspectacles.com\/place-spectacle\/manifestation\/Theatre-contemporain-LES-AMES-NOCTURNES-BCNOC.htm#\/disponibilite\/c5d9d9f4c0a8280eb98a16d5e96259b9\/normale\" target=\"_blank\" rel=\"noopener\"> Bois Colombes<\/a>&nbsp;(92)<\/p>\n\n\n\n<p><strong>2, 4, 6, 8, 9, 11 mars<br><span style=\"color: #ff0000;\"><em>Le Mariage Secret<\/em>&nbsp;| cr\u00e9ation<\/span><\/strong> |&nbsp;<a href=\"http:\/\/philharmoniedeparis.fr\/fr\/activite\/opera\/16751-le-mariage-secret\" target=\"_blank\" rel=\"noopener\">Philarmonie de Paris<\/a>, Paris<\/p>\n\n\n\n<p><strong>20 janvier<br><\/strong><em>Les \u00c2mes Nocturnes<\/em>&nbsp;| <a href=\"http:\/\/www.herault-tourisme.com\/fetes-et-manifestations\/\/les-ames-nocturnes\/tourisme-FMALAR034V512SR5-1.html\" target=\"_blank\" rel=\"noopener\">Lunel<\/a>&nbsp;(34)<\/p>\n\n\n\n<p><strong>18 janvier<br><\/strong><em>Carnaval Baroque<\/em>&nbsp;| <a href=\"http:\/\/www.krakow.travel\/en\/19673-krakow-opera-rara-2017\" target=\"_blank\" rel=\"noopener\">Cracovie<\/a>, Pologne<\/p>\n\n\n\n<p class=\"has-text-align-center has-cyan-bluish-gray-background-color has-background has-small-font-size\"><em><strong><span style=\"text-decoration: underline; color: #993300;\">2016<\/span><\/strong><\/em><\/p>\n\n\n\n<p><strong><strong>31 d\u00e9cembre<br><\/strong><\/strong><em>Les \u00c2mes Nocturnes<\/em><strong>&nbsp;| <\/strong><a href=\"http:\/\/www.espacecomedia.com\/crbst_9.html#anchor-AMES\" target=\"_blank\" rel=\"noopener\">Toulon<\/a> (83)<\/p>\n\n\n\n<p><strong>17 d\u00e9cembre<br><\/strong><em>Au Bonheur des Vivants<\/em>&nbsp;| <a href=\"http:\/\/www.ville-st-remy-chevreuse.fr\/actualites-stockage\/actualite-focus.html?actu=735\" target=\"_blank\" rel=\"noopener\">Saint-R\u00e9my-l\u00e8s Chevreuse<\/a>&nbsp;(78)<\/p>\n\n\n\n<p><strong>10 d\u00e9cembre<br><\/strong><em>Les \u00c2mes Nocturnes<\/em>&nbsp;| <a href=\"http:\/\/www.chevry-cossigny.com\/Donnees\/Structures\/80775\/Upload\/572837.pdf\" target=\"_blank\" rel=\"noopener\">Chevry Cossigny<\/a>&nbsp;(77)<\/p>\n\n\n\n<p><strong>6 d\u00e9cembre<br><\/strong><em>Au Bonheur des Vivants<\/em>&nbsp;| <a href=\"http:\/\/montauban-tourisme.com\/agenda\/766\/au-bonheur-des-vivants-theatre\" target=\"_blank\" rel=\"noopener\">Montauban<\/a>&nbsp;(82)<\/p>\n\n\n\n<p><strong>3 d\u00e9cembre<br><\/strong><em>Les \u00c2mes Nocturnes<\/em>&nbsp;| <a href=\"http:\/\/www.action-culturelle-melun.fr\/theatre\/les-ames-nocturnes.html\" target=\"_blank\" rel=\"noopener\">Melun<\/a>&nbsp;(77)<\/p>\n\n\n\n<p><strong>25 novembre<br><\/strong><em>Les \u00c2mes Nocturnes<\/em>&nbsp;| <a href=\"http:\/\/lemail.ville-soissons.fr\/events\/les-ames-nocturnes\/\" target=\"_blank\" rel=\"noopener\">Soissons<\/a>&nbsp;(02)<\/p>\n\n\n\n<p><strong>19 &amp; 20 novembre (4 repr\u00e9sentations)<\/strong><br><em>Didon &amp; En\u00e9e&nbsp;<\/em>| <a href=\"http:\/\/www.chateauversailles-spectacles.fr\/spectacles\/2016\/purcell-didon-et-enee\" target=\"_blank\" rel=\"noopener\">Op\u00e9ra de Versailles<\/a><\/p>\n\n\n\n<p><strong>4, 6 &amp; 8 novembre&nbsp;<\/strong><br><em>Didon &amp; En\u00e9e&nbsp;<\/em>| <a href=\"http:\/\/www.operaderouen.fr\/\" target=\"_blank\" rel=\"noopener\">Op\u00e9ra de Rouen<\/a><\/p>\n\n\n\n<p><strong>23 octobre<br><\/strong><em>Les \u00c2mes Nocturnes<\/em>&nbsp;| <a href=\"http:\/\/vd.leprogramme.ch\/autres-spectacles\/les-ames-nocturnes\/yverdon-les-bains\/theatre-benno-besson\/spectacle-enfants\/patati-festival-2016\" target=\"_blank\" rel=\"noopener\">Yverdon<\/a>, Suisse<\/p>\n\n\n\n<p><strong>18 octobre<br><\/strong><em>Les \u00c2mes Nocturnes<\/em>&nbsp;| <a href=\"http:\/\/www.ville-courbevoie.fr\/lagenda-de-vos-evenements\/fiche\/theatre-les-ames-nocturnes.htm\" target=\"_blank\" rel=\"noopener\">Courbevoie<\/a>&nbsp;(78)<\/p>\n\n\n\n<p><strong><strong>15 octobre<br><\/strong><\/strong><em>Didon &amp; En\u00e9e&nbsp;<\/em><strong>|&nbsp;<\/strong><a href=\"https:\/\/www.ville-vichy.fr\/decouvrir-et-sortir\/culture\/opera-de-vichy\" target=\"_blank\" rel=\"noopener\">Op\u00e9ra de Vichy<\/a><\/p>\n\n\n\n<p><strong>14 et 16 octobre&nbsp;<\/strong><br><em>La Fl\u00fbte Enchant\u00e9e&nbsp;<\/em>| <a href=\"https:\/\/impiccioneviaggiatore.iteatridellest.com\/2016\/10\/25\/sassari-il-flauto-magico-wolfgang-amadeus-mozart-16-ottobre-2016\/\" target=\"_blank\" rel=\"noopener\">Teatro comunale de Sassari<\/a>, Sardaigne, Italie<\/p>\n\n\n\n<p><strong>25 septembre<br><\/strong><em>Les \u00c2mes Nocturnes<\/em>&nbsp;| <a href=\"http:\/\/www.ville-montrouge.fr\/920-les-ames-nocturnes.htm\" target=\"_blank\" rel=\"noopener\">Montrouge<\/a>&nbsp;(92)<\/p>\n\n\n\n<p><strong>23 septembre<br><\/strong><em>Les \u00c2mes Nocturnes<\/em>&nbsp;| <a href=\"http:\/\/www.ville-bondy.fr\/culture\/agenda-culturel\/?oaq%5Bfrom%5D=2016-09-23&amp;oaq%5Bto%5D=2016-09-23\" target=\"_blank\" rel=\"noopener\">Bondy<\/a>&nbsp;(93)<\/p>\n\n\n\n<p><strong>du 7 au 30 juillet (24 repr\u00e9sentations)<br><\/strong><em>Au Bonheur des Vivants&nbsp;<\/em>&nbsp;| <a href=\"http:\/\/www.avignonleoff.com\/programme\/2016\/billetterie\/au-bonheur-des-vivants-15923\/\" target=\"_blank\" rel=\"noopener\">Festival d&rsquo;Avignon<\/a>, Th\u00e9\u00e2tre des Lucioles<\/p>\n\n\n\n<p><strong>12 juin<br><\/strong><em>Au Bonheur des Vivants<\/em><strong>&nbsp;|&nbsp;<\/strong><a href=\"http:\/\/melimelo78.fr\/spectacles-2016-2017\/#main\" target=\"_blank\" rel=\"noopener\">Versailles<\/a>&nbsp;(94)<\/p>\n\n\n\n<p><strong><strong>22 mai<br><\/strong><\/strong><em>Au Bonheur des Vivants<\/em><strong>&nbsp;| <\/strong><a href=\"http:\/\/www.charenton.fr\/lestheatres\/aubonheurdesvivants.html\" target=\"_blank\" rel=\"noopener\">Charenton<\/a> (94)<\/p>\n\n\n\n<p><strong>du 22 avril au 4 mai (6 repr\u00e9sentations)<br><\/strong><em>Les \u00c2mes Nocturnes<\/em>&nbsp;| <a href=\"http:\/\/komidi.re\/les-ames-nocturnes\/\" target=\"_blank\" rel=\"noopener\">Festival Komidi,<\/a> Ile de la R\u00e9union (974)<\/p>\n\n\n\n<p><strong>3 avril<br><\/strong><em>Les \u00c2mes Nocturnes<\/em>&nbsp;| <a href=\"http:\/\/www.ville-barentin.fr\/modele-spectacles-123.php\" target=\"_blank\" rel=\"noopener\">Barentin<\/a> (78)<\/p>\n\n\n\n<p><strong>1 &amp; 2 avril<br><\/strong><em>La Cenerentola<\/em>&nbsp;|&nbsp;<a href=\"http:\/\/www.israel-opera.co.il\/eng\/\" target=\"_blank\" rel=\"noopener\">Opera de Tel-Aviv<\/a>,&nbsp;Isra\u00ebl<\/p>\n\n\n\n<p><strong>18, 19, 21, 22, 24, 25, 26, 28, 29, 30, 31 mars<br><\/strong><em>La Cenerentola<\/em>&nbsp;| <a href=\"http:\/\/www.israel-opera.co.il\/eng\/\" target=\"_blank\" rel=\"noopener\">Opera de Tel-Aviv<\/a>,&nbsp;Isra\u00ebl<\/p>\n\n\n\n<p><strong><strong>5 &amp; 6 f\u00e9vrier<br><\/strong><\/strong><em><strong><span style=\"color: #ff0000;\">Au Bonheur des Vivants<\/span><span style=\"color: #ff0000;\">| Cr\u00e9ation<\/span>&nbsp;<\/strong><\/em><strong>|&nbsp;<\/strong><a href=\"http:\/\/www.lavencescene.saint-egreve.fr\/842-au-bonheur-des-vivants.htm\" target=\"_blank\" rel=\"noopener\">Saint-Egr\u00e8ve<\/a>&nbsp;(38)<\/p>\n\n\n\n<p><strong>16 janvier<br><\/strong><em>Les \u00c2mes Nocturnes<\/em>&nbsp;| <a href=\"http:\/\/www.ville-st-remy-chevreuse.fr\/fileadmin\/media\/images\/Spectacle\/Programme_Event_2015-2016_pages_Ames_Nocturnes.pdf\" target=\"_blank\" rel=\"noopener\">Saint-R\u00e9my les Chevreuse<\/a>&nbsp;(78)<\/p>\n\n\n\n<p><strong>9 janvier<\/strong><br><em>La Fl\u00fbte Enchant\u00e9e&nbsp;<\/em>| <a href=\"http:\/\/www.pba.be\/fr\/saison1516\/243\/la-fl%C3%BBte-enchant%C3%A9e-mozart-orw\" target=\"_blank\" rel=\"noopener\">Charleroi<\/a>,&nbsp;Belgique<\/p>\n\n\n\n<p><strong>2 et 5 janvier<\/strong><br><em>La Fl\u00fbte Enchant\u00e9e&nbsp;<\/em>|&nbsp;<a href=\"http:\/\/www.operaliege.be\/fr\" target=\"_blank\" rel=\"noopener\">Op\u00e9ra Royal de Wallonie<\/a>, Li\u00e8ge, Belgique<\/p>\n\n\n\n<p class=\"has-text-align-center has-cyan-bluish-gray-background-color has-background has-small-font-size\"><span style=\"text-decoration: underline;\"><em><strong><span style=\"color: #993300; text-decoration: underline;\">2015<\/span><\/strong><\/em><\/span><\/p>\n\n\n\n<p><strong>18, 20, 22, 27, 29, 31 d\u00e9cembre<\/strong><br><em>La Fl\u00fbte Enchant\u00e9e&nbsp;<\/em>|&nbsp;<a href=\"http:\/\/www.operaliege.be\/fr\" target=\"_blank\" rel=\"noopener\">Op\u00e9ra Royal de Wallonie<\/a>, Li\u00e8ge, Belgique<\/p>\n\n\n\n<p><strong>20, 22, 24, 26, 28 novembre<br><\/strong><em>Didon &amp; En\u00e9e<\/em>&nbsp;| Teatro Regio, <a href=\"http:\/\/www.teatroregio.torino.it\/en\/theatre\" target=\"_blank\" rel=\"noopener\">Op\u00e9ra de Turin<\/a>, Italie<\/p>\n\n\n\n<p><strong>17 octobre<br><\/strong><em>Les \u00c2mes Nocturnes<\/em>&nbsp;| <a href=\"http:\/\/www.les-petits-asticots.com\/programme\/\" target=\"_blank\" rel=\"noopener\">Chamonix<\/a>&nbsp;(74)<\/p>\n\n\n\n<p><strong>12 septembre<br><\/strong><em>Les \u00c2mes Nocturnes<\/em>&nbsp;| Saint-Michel-sur-Orge (91)<\/p>\n\n\n\n<p><strong>25 ao\u00fbt&nbsp;<\/strong><br><em>Carnaval Baroque&nbsp;<\/em>|&nbsp;<a href=\"http:\/\/www.lentracte-sable.fr\/festival.html\" target=\"_blank\" rel=\"noopener\">Sabl\u00e9-sur-Sarthe<\/a> (72)<\/p>\n\n\n\n<p><strong>4 au 26 juillet (23 repr\u00e9sentations)<br><\/strong><em>Les \u00c2mes Nocturnes&nbsp;<\/em>&nbsp;| Festival d&rsquo;Avignon, Th\u00e9\u00e2tre des Lucioles<\/p>\n\n\n\n<p><strong>9 juin<br><\/strong><em>Les \u00c2mes Nocturnes&nbsp;<\/em>&nbsp;|&nbsp;<a href=\"http:\/\/www.esplanadedulac.fr\/les_ames_nocturnes.html\" target=\"_blank\" rel=\"noopener\">Divonne les Bains<\/a>&nbsp;(01)<\/p>\n\n\n\n<p><strong>28 f\u00e9vrier, 1 &amp; 3 mars<\/strong><br><em>Carnaval Baroque&nbsp;<\/em>|&nbsp;<a href=\"http:\/\/www.teatroscanal.com\/espectaculo\/carnaval-barroco-poeme-harmonique\/\" target=\"_blank\" rel=\"noopener\">Teatro del Canal<\/a>, Madrid, Espagne<\/p>\n\n\n\n<p class=\"has-text-align-center has-cyan-bluish-gray-background-color has-background has-small-font-size\"><span style=\"text-decoration: underline;\"><em><strong><span style=\"color: #993300; text-decoration: underline;\">2014<\/span><\/strong><\/em><\/span><\/p>\n\n\n\n<p><strong>12 d\u00e9cembre<\/strong><br><em>Les \u00c2mes Nocturnes&nbsp;<\/em>&nbsp;|&nbsp;<a href=\"http:\/\/www.monweekendalyon.com\/grand-lyon\/val-de-saone\/collonges-au-mont-d-or\/spectacle-de-noel-les-ames-nocturnes#.VK0cemSG88o\" target=\"_blank\" rel=\"noopener\">Collonges au mont d&rsquo;or<\/a> (69)<\/p>\n\n\n\n<p><strong>4 octobre<\/strong><br><em>La Cenerentola (Cendrillon) &nbsp;<\/em>|&nbsp;<a href=\"http:\/\/www.pba.be\/fr\/saison\/112\/la-cenerentola\" target=\"_blank\" rel=\"noopener\">Palais des Beaux Arts de&nbsp;Charleroi<\/a>, Belgique<\/p>\n\n\n\n<p><strong><strong>19, 21, 23, 25, 27, 30 septembre<\/strong><\/strong><br><strong><span style=\"color: #ff0000;\"><em>La Cenerentola (Cendrillon) &nbsp;<\/em>| Cr\u00e9ation<\/span><\/strong>&nbsp;\u00e0 l&rsquo;<a href=\"http:\/\/www.operaliege.be\/fr\" target=\"_blank\" rel=\"noopener\">Op\u00e9ra Royal de Wallonie<\/a>, Li\u00e8ge, Belgique<\/p>\n\n\n\n<p><em><strong>23 juin<\/strong><\/em><br><em>Carnaval Baroque&nbsp;<\/em>| <a href=\"http:\/\/theatre.perm.ru\/en\/\" target=\"_blank\" rel=\"noopener\">Op\u00e9ra de Perm<\/a>, Russie<\/p>\n\n\n\n<p><strong>14 &amp; 15 juin (4 repr\u00e9sentations)<br><\/strong><em>Didon &amp; En\u00e9e, Op\u00e9ra de Purcell<\/em>&nbsp;|&nbsp;<a href=\"http:\/\/www.chateauversailles-spectacles.fr\/fr\/spectacles\/2013\/purcell-didon-et-enee\">Op\u00e9ra Royal de Versailles<\/a><\/p>\n\n\n\n<p><strong>9,10, 11 &amp; 13 mai<br><span style=\"color: #ff0000;\"><em>Didon &amp; En\u00e9e, Op\u00e9ra de Purcell<\/em>&nbsp;| Cr\u00e9ation<\/span><\/strong> \u00e0 l&rsquo;<a href=\"http:\/\/www.operaderouen.fr\/\" target=\"_blank\" rel=\"noopener\">Op\u00e9ra de Rouen<\/a><\/p>\n\n\n\n<p><strong>27 f\u00e9vrier<br><\/strong><em>Les \u00c2mes Nocturnes <\/em>&nbsp;|&nbsp;<a href=\"http:\/\/www.agenda.cg82.fr\/IMG\/pdf\/plaquette_Espace_des_Augustins_cg82.pdf\" target=\"_blank\" rel=\"noopener\">Montauban<\/a> (82)<\/p>\n\n\n\n<p><strong>7 f\u00e9vrier<br><\/strong><em>Les \u00c2mes Nocturnes<\/em>&nbsp;|&nbsp;<a href=\"http:\/\/www.saint-priest-en-jarez.fr\/Vie-culturelle-sportive-et-associative\/Le-Nouvel-Espace-Culturel-NEC\/Saison-culturelle-2013-2014\" target=\"_blank\" rel=\"noopener\">Saint-Priest-en-Jarez<\/a>&nbsp;(42)<\/p>\n\n\n\n<p><strong>10 janvier<br><\/strong><em>Les \u00c2mes Nocturnes<\/em>&nbsp;|&nbsp;<a href=\"http:\/\/public.ville-bezons.fr\/blogtpe\/?page_id=2814\" target=\"_blank\" rel=\"noopener\">Bezons<\/a>&nbsp;(95)<\/p>\n\n\n\n<p class=\"has-text-align-center has-cyan-bluish-gray-background-color has-background has-small-font-size\"><span style=\"text-decoration: underline;\"><em><strong><span style=\"color: #993300; text-decoration: underline;\">2013<\/span><\/strong><\/em><\/span><\/p>\n\n\n\n<p><strong>21 d\u00e9cembre<br><\/strong><em>Les \u00c2mes Nocturnes<\/em>&nbsp;|&nbsp;<a href=\"http:\/\/www.lapalene.fr\/page_spec.php?ref=592\" target=\"_blank\" rel=\"noopener\">Rouillac<\/a>&nbsp;(16)<\/p>\n\n\n\n<p><strong>20 d\u00e9cembre<br><\/strong><em>Les \u00c2mes Nocturnes<\/em>&nbsp;|&nbsp;<a href=\"http:\/\/www.crea-sgd.org\/saisonculturelle.html\" target=\"_blank\" rel=\"noopener\">Saint-Georges-de-Didonne<\/a> (17)<\/p>\n\n\n\n<p><strong>19 d\u00e9cembre<br><\/strong><em>Les \u00c2mes Nocturnes<\/em>&nbsp;|&nbsp;Ruffec&nbsp;(16)<\/p>\n\n\n\n<p><strong>17 d\u00e9cembre<br><\/strong><em>Les \u00c2mes Nocturnes<\/em>&nbsp;|&nbsp;<a href=\"http:\/\/www.lapalene.fr\/page_spec.php?ref=622\" target=\"_blank\" rel=\"noopener\">Rouillac<\/a>&nbsp;(16)<\/p>\n\n\n\n<p><strong>15 d\u00e9cembre<br><\/strong><em>Les \u00c2mes Nocturnes<\/em>&nbsp;|&nbsp;<a href=\"http:\/\/www.theatre-jean-marais.com\/spectacle\/les-ames-nocturnes\/59\" target=\"_blank\" rel=\"noopener\">Saint-Fons<\/a>&nbsp;(69)<\/p>\n\n\n\n<p><strong>7 d\u00e9cembre<br><\/strong><em>Les \u00c2mes Nocturnes<\/em>&nbsp;|&nbsp;<a href=\"http:\/\/www.lestheatres.fr\/\" target=\"_blank\" rel=\"noopener\">Charenton<\/a>&nbsp;(94)<\/p>\n\n\n\n<p><strong>3 &amp; 4 d\u00e9cembre<br><\/strong><em>Les \u00c2mes Nocturnes<\/em>&nbsp;|&nbsp;<a href=\"http:\/\/www.theatremontansier.com\/evenement\/les-ames-nocturnes-2\/\" target=\"_blank\" rel=\"noopener\">Versailles<\/a>&nbsp;(78),&nbsp;&nbsp;Th\u00e9\u00e2tre Montansier<\/p>\n\n\n\n<p><strong>16 novembre<br><\/strong><em>Les \u00c2mes Nocturnes<\/em>&nbsp;|&nbsp;Saint-Egreve&nbsp;(38)<\/p>\n\n\n\n<p><strong>12 octobre<br><\/strong><em>Les \u00c2mes Nocturnes<\/em>&nbsp;|&nbsp;<a href=\"http:\/\/www.labassecour.com\/festival-la-basse-cour.html\" target=\"_blank\" rel=\"noopener\">N\u00eemes<\/a>,&nbsp;Festival La Basse Cour<\/p>\n\n\n\n<p><strong>26 septembre<br><\/strong><em>Les \u00c2mes Nocturnes<\/em>&nbsp;|&nbsp;<a href=\"http:\/\/www.ville-luxeuil-les-bains.fr\/LEI\/%22LES-aMES-NOCTURNES%22,-THeATRE-GESTUEL-ET-HUMORISTIQUE.htm?HTMLPage=\/animations.htm&amp;action=Liste&amp;rech=1&amp;mois=09-2013&amp;page=1&amp;commune=&amp;nom_recherche=&amp;ID=327002060&amp;GENRE=2000005&amp;langue=1&amp;sessionalea=\" target=\"_blank\" rel=\"noopener\">Luxeuil-les-bains<\/a>&nbsp;(70)<\/p>\n\n\n\n<p><strong>14 septembre<br><\/strong><em>Les \u00c2mes Nocturnes<\/em>&nbsp;| <a href=\"http:\/\/theatrelaforgerie.e-monsite.com\/pages\/le-theatre\/aujourd-hui.html\" target=\"_blank\" rel=\"noopener\">Saint-Dizier<\/a> (52)<\/p>\n\n\n\n<p><strong>7 &amp; 8 ao\u00fbt<br><\/strong><em>Les \u00c2mes Nocturnes<\/em>&nbsp;| <a href=\"http:\/\/www.thononevenements.com\/fondus_accueil.php\" target=\"_blank\" rel=\"noopener\">Thonon-les-Bains<\/a>, Les Fondus du Macadam<\/p>\n\n\n\n<p><strong><strong>25 &amp; 26 juin<br><\/strong><\/strong><em>Les \u00c2mes Nocturnes<\/em>&nbsp;|&nbsp;<a href=\"http:\/\/www.theatredelarchipel.org\/fr-show-276.html\" target=\"_blank\" rel=\"noopener\">Perpignan<\/a><span style=\"color: #444444;\">, Sc\u00e8ne Nationale<\/span><strong><br><\/strong><\/p>\n\n\n\n<p><strong>29 mars<\/strong><br><em>Carnaval Baroque&nbsp;<\/em>|&nbsp;<a href=\"http:\/\/www.opera-bordeaux.com\/detail-spectacle\/danse-2\/le-poeme-harmonique-671.html\" target=\"_blank\" rel=\"noopener\">Arcachon<\/a>, Olympia<em><span class=\"Apple-style-span\" style=\"font-style: normal;\"><br><\/span><\/em><\/p>\n\n\n\n<p><strong>31 janvier<\/strong><br><em>Le Ballet des F\u00e9es<\/em>| <a href=\"http:\/\/www.arsenal-metz.fr\/#http:\/\/www.arsenal-metz.fr\/index.php\/spectacles\/display\/518\" target=\"_blank\" rel=\"noopener\">Metz<\/a>, L&rsquo;Arsenal<\/p>\n\n\n\n<p><strong>15 janvier<\/strong><br><em>Le Ballet des F\u00e9es<\/em>&nbsp;|<a href=\"http:\/\/www.citedelamusique.fr\/francais\/evenement.aspx?id=12287\" target=\"_blank\" rel=\"noopener\">&nbsp;Paris<\/a>&nbsp;&#8211; Cit\u00e9 de la Musique<\/p>\n\n\n\n<p class=\"has-text-align-center has-cyan-bluish-gray-background-color has-background has-small-font-size\">&nbsp;<span style=\"text-decoration: underline;\"><em><strong><span style=\"color: #993300; text-decoration: underline;\">2012<\/span><\/strong><\/em><\/span><\/p>\n\n\n\n<p><span style=\"color: #000000;\"><strong>2 d\u00e9cembre<br><\/strong><\/span><em>Le Ballet des F\u00e9es<\/em>&nbsp;| <a href=\"http:\/\/www.lentracte-sable.fr\/spectacle___175.html\" target=\"_blank\" rel=\"noopener\">Sabl\u00e9 sur Sarthe<\/a> (72)<\/p>\n\n\n\n<p><strong>17 &amp; 18 novembre<\/strong><br><em>Carnaval Baroque<\/em>| <a href=\"http:\/\/www.la-coursive.com\/spectacles\/le-carnaval-baroque-le-poeme-harmonique-vincent-dumestre\" target=\"_blank\" rel=\"noopener\">La Rochelle<\/a>, Sc\u00e8ne Nationale<\/p>\n\n\n\n<p><strong>10 novembre<\/strong><br><strong><span style=\"color: #ff0000;\"><em>Le Ballet des F\u00e9es, cr\u00e9ation !<\/em><\/span><\/strong>&nbsp;| <a href=\"http:\/\/www.chateauversailles-spectacles.fr\/fr\/spectacles\/2012\/le-ballet-des-fees-des-forets-de-st-germain\" target=\"_blank\" rel=\"noopener\">Versailles<\/a> &#8211; Op\u00e9ra Royal<\/p>\n\n\n\n<p><strong>31 juillet &amp; 1 er ao\u00fbt<\/strong><br><em>Les \u00c2mes nocturnes<\/em>&nbsp;| <a href=\"http:\/\/www.mimos.fr\/les-compagnies\/le-shlemil-theatre\" target=\"_blank\" rel=\"noopener\">P\u00e9rigueux<\/a>, Festival \u00ab\u00a0In\u00a0\u00bb de Mimos<\/p>\n\n\n\n<p><strong>7 juillet au 28 juillet<\/strong><br><em>Les \u00c2mes nocturnes<\/em>&nbsp;| Festival d&rsquo;Avignon, Th\u00e9\u00e2tre des Lucioles<\/p>\n\n\n\n<p><strong>3 juin<\/strong><br><em>Les \u00c2mes nocturnes<\/em>&nbsp;| Douchy-les-Mines (59)<\/p>\n\n\n\n<p><strong>6 mai<\/strong><br><em>Les \u00c2mes nocturnes<\/em> |<a href=\"http:\/\/www.3emeacte.com\/gif\/Seances.aspx?manif=00000000-0000-0000-0325-000000000077\" target=\"_blank\" rel=\"noopener\"> Gif-Sur-Yvette<\/a> (91)<\/p>\n\n\n\n<p><strong>31 mars &amp; 1er avril<\/strong><br><em>La Belle &amp; la B\u00eate<\/em> | <a href=\"http:\/\/www.ksaf.com.tw\/2012\/program_detail.php?fno=21\" target=\"_blank\" rel=\"noopener\">Kaohsiung, Ta\u00efwan<\/a><\/p>\n\n\n\n<p><strong>18 mars<\/strong><br><em>Les \u00c2mes nocturnes<\/em> | Chateaugiron (35)<\/p>\n\n\n\n<p><strong>10 mars<\/strong><br><em>Le Cabaret du Shlemil Th\u00e9\u00e2tre<\/em> | <a href=\"http:\/\/www.ccjeanvilar.fr\/Happy-Birthday-.html\" target=\"_blank\" rel=\"noopener\">Marly-le-Roi <\/a>(78)<\/p>\n\n\n\n<p><strong>19 f\u00e9vrier<\/strong><br><em>Les \u00c2mes nocturnes<\/em> | <a href=\"http:\/\/www.teatropubblicopugliese.it\/spettacolo\/catturati-dai-sogni_1140.html\" target=\"_blank\" rel=\"noopener\">Barletta<\/a> (Italie)<\/p>\n\n\n\n<p><strong>11 &amp; 12 f\u00e9vrier<\/strong><br><em>Carnaval baroque<\/em> | Budapest (Hongrie)<\/p>\n\n\n\n<p><strong>18,19, 20, 21, 22, 25, 26, 27, 28 &amp; 29 janvier<\/strong><br><em>Les \u00c2mes nocturnes<\/em> | <a href=\"http:\/\/www.ivt.fr\/\" target=\"_blank\" rel=\"noopener\">Paris<\/a>, International Visual Theater<\/p>\n\n\n\n<p><strong>13,14 &amp; 15 janvier<\/strong><br><em>La Belle &amp; la B\u00eate<\/em> | <a href=\"http:\/\/www.odyssud.com\/belle-bete.html\" target=\"_blank\" rel=\"noopener\">Blagnac<\/a> (31) \u2013 Odyssud<\/p>\n\n\n\n<p><strong>8, 9 &amp; 10 janvier<\/strong><br><em>La Belle &amp; la B\u00eate<\/em> | <a href=\"http:\/\/www.theatredelarchipel.org\/fr-show-148.html\" target=\"_blank\" rel=\"noopener\">Perpignan<\/a> \u2013 L\u2019Archipel, Sc\u00e8ne Nationale<\/p>\n\n\n\n<p class=\"has-text-align-center has-cyan-bluish-gray-background-color has-background has-small-font-size\"><span style=\"text-decoration: underline;\"><em><strong><span style=\"color: #993300; text-decoration: underline;\">2011<\/span><\/strong><\/em><\/span><\/p>\n\n\n\n<p><strong>16 d\u00e9cembre<\/strong><br><em>Les \u00c2mes nocturnes<\/em> | <a href=\"http:\/\/allegro.free.fr\/allegrocirque.html\" target=\"_blank\" rel=\"noopener\">Miribel<\/a> (01)<\/p>\n\n\n\n<p><strong>9 &amp; 10 d\u00e9cembre<\/strong><br><em>Carnaval baroque<\/em> | <a href=\"http:\/\/www.odyssud.com\/carnaval-baroque.html\" target=\"_blank\" rel=\"noopener\">Blagnac<\/a> (31) \u2013 Odyssud<\/p>\n\n\n\n<p><strong>2 d\u00e9cembre<\/strong><br><em>Les \u00c2mes nocturnes<\/em> | <a href=\"http:\/\/www.wix.com\/cieecho\/compagniedelecho#%21saison-2011-2012\/vstc1=2-decembre---ames-nocturnes\" target=\"_blank\" rel=\"noopener\">Hy\u00e8res<\/a> (83) &#8211; Th\u00e9\u00e2tre Denis<\/p>\n\n\n\n<p><strong>20 novembre<\/strong><br><em>Les \u00c2mes nocturnes<\/em> | <a href=\"http:\/\/www.espacelouisjouvet.fr\/index.php?option=com_content&amp;view=article&amp;id=347:les-ames-nocturnes&amp;catid=75:theatre-gestuel\" target=\"_blank\" rel=\"noopener\">Rethel<\/a> (08) &#8211; Th\u00e9\u00e2tre Louis Jouvet<\/p>\n\n\n\n<p><strong>8, 9 et 10 novembre<\/strong><br><em>La Belle &amp; la B\u00eate<\/em> | <a href=\"http:\/\/www.aulnay-sous-bois.fr\/culture\/jacques-prevert\/\">Aulnay-sous-Bois<\/a> (93)<\/p>\n\n\n\n<p><strong>20 octobre<\/strong><br><em>Les \u00c2mes nocturnes<\/em> | <a href=\"http:\/\/www.institutfrancais.de\/Nouvelle-traduction-Franzosische?theme=Sc\u00e8ne\">Heidelberg<\/a> (Allemagne)<\/p>\n\n\n\n<p><strong>19 octobre<\/strong><br><em>Les \u00c2mes nocturnes<\/em> | <a href=\"http:\/\/www.institutfrancais.de\/OUVERTURE-DES-SEMAINES-FRANCAISES?mois=suivants\" target=\"_blank\" rel=\"noopener\">Stuttgart<\/a> (Allemagne)<\/p>\n\n\n\n<p><strong>13 et 14 octobre<\/strong><br><em>Les \u00c2mes nocturnes<\/em> | <a href=\"http:\/\/www.pianocktail.fr\/spectacles\/4-les-ames-nocturnes.html\" target=\"_blank\" rel=\"noopener\">Bouguenais<\/a> (44)<\/p>\n\n\n\n<p><strong>du 10 au 14 ao\u00fbt<\/strong><br><em>Les \u00c2mes nocturnes<\/em> | <a href=\"http:\/\/www.hkiac.gov.hk\/2011\/en\/prog\/nocturnes.html\" target=\"_blank\" rel=\"noopener\">Hong Kong<\/a> (4 repr\u00e9sentations)<\/p>\n\n\n\n<p><strong>du 28 au 31 juillet<\/strong><br><em>Les \u00c2mes nocturnes<\/em> | <a href=\"http:\/\/www.taipeicaf.org\/Train\/ActContent.aspx?id=136&amp;subid=137&amp;BillID=405\" target=\"_blank\" rel=\"noopener\">Ta\u00efwan<\/a> (6 repr\u00e9sentations)<\/p>\n\n\n\n<p><strong>2, 3, 4 &amp; 5 juin<\/strong><br><em>Les \u00c2mes nocturnes<\/em> | <a href=\"http:\/\/www.namurenmai.be\/index.php\" target=\"_blank\" rel=\"noopener\">Namur<\/a> (Belgique) \u2013 Festival Namur en Mai<\/p>\n\n\n\n<p><strong>6, 7 &amp; 8 mai<\/strong><br>Le Bourgeois Gentilhomme | <a href=\"http:\/\/www.teatroscanal.com\/1000200000201\/burgues-gentilhombre__1.html\" target=\"_blank\" rel=\"noopener\">Madrid<\/a> (Espagne) \u2013 Teatro Del Canal<\/p>\n\n\n\n<p><strong>16 avril<\/strong><br><em>Les \u00c2mes nocturnes<\/em> | Sorbiers (42)<\/p>\n\n\n\n<p><strong>5 avril<\/strong><br><em>Les \u00c2mes nocturnes<\/em> | <a href=\"http:\/\/www.mjc-ay.com\/spectacle\/fiche_spectacle.php?id=151\" target=\"_blank\" rel=\"noopener\">Ay<\/a> (51)<\/p>\n\n\n\n<p><strong>2 &amp; 3 avril<\/strong><br><em>Les \u00c2mes nocturnes<\/em> | <a href=\"http:\/\/www.bagneux92.fr\/actu\/sortir\/saison_1011\/theatre_6.html\" target=\"_blank\" rel=\"noopener\">Bagneux<\/a> (92), th\u00e9\u00e2tre Victor Hugo<\/p>\n\n\n\n<p><strong>1er avril<\/strong><br><strong><span style=\"color: #ff0000;\"><em>Le Cabaret du Shlemil Th\u00e9\u00e2tre &#8211; cr\u00e9ation<\/em><\/span><\/strong> | <a href=\"http:\/\/www.ccjeanvilar.fr\/\" target=\"_blank\" rel=\"noopener\">Marly le Roi<\/a> (78)<\/p>\n\n\n\n<p><strong>26 mars<\/strong><br><em>Les \u00c2mes nocturnes<\/em> | <a href=\"http:\/\/www.ville-huningue.fr\/fr\/saison-2010-2011\/les-ames-nocturnes-1.html\" target=\"_blank\" rel=\"noopener\">Huningues<\/a> (68), le Triangle<\/p>\n\n\n\n<p><strong>19 mars<\/strong><br><em>Les \u00c2mes nocturnes<\/em> | <a href=\"http:\/\/www.lescoquecigrues.com\/\" target=\"_blank\" rel=\"noopener\">Vannes<\/a> (56) \u2013 Festival Coquecigrues<\/p>\n\n\n\n<p><strong>15 mars<\/strong><br><em>Les \u00c2mes nocturnes<\/em> | Neuilly-sur-seine (92) \u2013 Th\u00e9\u00e2tre le Village<\/p>\n\n\n\n<p><strong>9 &amp; 10 f\u00e9vrier<\/strong><br><em>Carnaval Baroque<\/em> | Le&nbsp;<a href=\"http:\/\/www.levolcan.com\/v2\/\" target=\"_blank\" rel=\"noopener\">Havre<\/a> \u2013 Sc\u00e8ne Nationale<\/p>\n\n\n\n<p><strong>3, 4 &amp; 5 f\u00e9vrier<\/strong><br><em>Les \u00c2mes nocturnes<\/em> | Aulnay-sous-Bois (93) &#8211; Th\u00e9\u00e2tre Jacques Pr\u00e9vert<\/p>\n\n\n\n<p><strong>22 &amp; 23 janvier<\/strong><br><em>O\u00f9 avais-je la t\u00eate ?<\/em> | <a href=\"http:\/\/www.ccjeanvilar.fr\/\" target=\"_blank\" rel=\"noopener\">Marly-le-Roi<\/a> (78) &#8211; Centre culturel Jean Vilar<\/p>\n\n\n\n<p class=\"has-text-align-center has-cyan-bluish-gray-background-color has-background has-small-font-size\"><span style=\"text-decoration: underline;\"><em><strong><span style=\"color: #993300; text-decoration: underline;\">2010<\/span><\/strong><\/em><\/span><\/p>\n\n\n\n<p><strong>29, 30 &amp; 31 d\u00e9cembre<\/strong><br><em>Carnaval Baroque<\/em> | <a href=\"http:\/\/www.theatres.lu\/_07+Le+carnaval+baroque-p-4977.html\" target=\"_blank\" rel=\"noopener\">Luxembourg<\/a> \u2013 Grand Th\u00e9\u00e2tre<\/p>\n\n\n\n<p><strong>22 &amp; 23 d\u00e9cembre<\/strong><br><em>Carnaval Baroque<\/em> | <a href=\"http:\/\/www.opera-comique.com\/fr\/cadmus-et-hermione\/carnaval-baroque.html\" target=\"_blank\" rel=\"noopener\">Paris<\/a> \u2013 Op\u00e9ra Comique<\/p>\n\n\n\n<p><strong>10 d\u00e9cembre<\/strong><br><em>Les \u00c2mes nocturnes<\/em> | Chelles (77)<\/p>\n\n\n\n<p><strong>4 d\u00e9cembre<\/strong><br>participation du Shlemil Th\u00e9\u00e2tre aux Journ\u00e9es du Th\u00e9\u00e2tre Gestuel \u00e0 l\u2019International Visual Theater (Paris)<\/p>\n\n\n\n<p><strong>26 novembre<\/strong><br><em>Les \u00c2mes nocturnes<\/em> | N\u00eemes<\/p>\n\n\n\n<p><strong>19 &amp; 20 novembre<\/strong><br><em>Les \u00c2mes nocturnes<\/em> | Cannes<\/p>\n\n\n\n<p><strong>17 octobre<\/strong><br><em>Les \u00c2mes nocturnes<\/em> | Dijon, Grand Th\u00e9\u00e2tre<\/p>\n\n\n\n<p><strong>du 15 au 26 octobre<\/strong><br><strong><span style=\"color: #ff0000;\"><em>La Fl\u00fbte Enchant\u00e9e<\/em>, cr\u00e9ation<\/span><\/strong> \u00e0 <a href=\"http:\/\/www.operaliege.be\/fr\/activites\/operas\/die-zauberflote\">l\u2019Op\u00e9ra Royal de Wallonie \u00e0 Li\u00e8ge<\/a> \u2013 Belgique<\/p>\n\n\n\n<p><strong>29 ao\u00fbt<\/strong><br><em>La Belle et la B\u00eate<\/em> | Utrecht \u2013 Th\u00e9\u00e2tre de la Ville \u2013 Pays-Bas<\/p>\n\n\n\n<p><strong>du 8 au 31 juillet (24 repr\u00e9sentations)<\/strong><br><em>Les \u00c2mes nocturnes<\/em> | Festival d\u2019Avignon \u2013 Th\u00e9\u00e2tre des Lucioles<\/p>\n\n\n\n<p><strong>6 juillet<\/strong><br><em>La Belle et la B\u00eate<\/em> | <a href=\"http:\/\/coralea.com\/via-stellae-v-festival-de-musica-de-compostela-e-os-seus-caminos\/\">Santiago de Compostela<\/a> \u2013 Espagne<\/p>\n\n\n\n<p><strong>10 juin<\/strong><br><em>Les \u00c2mes nocturnes<\/em> | l\u2019\u00cele de R\u00e9 (17)<\/p>\n\n\n\n<p><strong>1er &amp; 2 juin<\/strong><br><strong><span style=\"color: #ff0000;\"><em>O\u00f9 avais-je la t\u00eate ?<\/em>, cr\u00e9ation | <\/span><\/strong><span style=\"color: #ff0000;\"><span style=\"color: #000000;\">Eu (76)<\/span><\/span> \u2013 Th\u00e9\u00e2tre du Ch\u00e2teau<\/p>\n\n\n\n<p><strong>22 mai<\/strong><br><em>Les \u00c2mes nocturnes<\/em> | St-Chamond (42)<\/p>\n\n\n\n<p><strong>1er &amp; 2 mai<\/strong><br><em>Le Bourgeois Gentilhomme<\/em> | Blagnac (31) -Odyssud<\/p>\n\n\n\n<p><strong>12 avril<\/strong><br><em>Les \u00c2mes nocturnes<\/em> | Poissy (78)<\/p>\n\n\n\n<p><strong>6 avril<\/strong><br><em>Musenna<\/em> | Versailles, Op\u00e9ra Royal<\/p>\n\n\n\n<p><strong>29 mars<\/strong><br><em>Musenna<\/em> | Paris \u2013 Th\u00e9\u00e2tre des Bouffes du Nord<\/p>\n\n\n\n<p><strong>26 mars<\/strong><br><em>Musenna<\/em> | <a href=\"http:\/\/www.trident-scenenationale.com\/spectacle\/Musique\/Musenna\/177\">Cherbourg <\/a>\u2013 Sc\u00e8ne Nationale<\/p>\n\n\n\n<p><strong>6, 7, 13 &amp; 14 mars<\/strong><br><em>Le Bourgeois Gentilhomme<\/em> | Versailles \u2013 Op\u00e9ra Royal<\/p>\n\n\n\n<p><strong>2 f\u00e9vrier<\/strong><br><em>La Belle et la B\u00eate<\/em> | Saint-Germain en Laye (78)<\/p>\n\n\n\n<p><strong>30 janvier<\/strong><br><em>La Belle et la B\u00eate<\/em> | Saint-R\u00e9my-les-Chevreuse (78)<\/p>\n\n\n\n<p><strong>23 &amp; 24 janvier<\/strong><br><em>La Belle et la B\u00eate<\/em> | Marly-le-Roi (78) \u2013 Centre culturel Jean Vilar<\/p>\n\n\n\n<p><strong>19 janvier<\/strong><br><em>Musenna<\/em> | Ch\u00e2lon en Champagne \u2013 Sc\u00e8ne Nationale<\/p>\n\n\n\n<p class=\"has-text-align-center has-cyan-bluish-gray-background-color has-background has-small-font-size\"><em><strong><span style=\"text-decoration: underline; color: #993300;\">2009<\/span><\/strong><\/em><\/p>\n\n\n\n<p><strong>12 &amp; 13 d\u00e9cembre<\/strong><br><em>Les \u00c2mes nocturnes<\/em> | Marly-le-Roi (78) \u2013 Centre culturel Jean Vilar<\/p>\n\n\n\n<p><strong>du 22 octobre au 2 novembre<\/strong><br><em>Pierrot f\u00e2ch\u00e9 avec la Lune<\/em> | Mexique \u2013 Festival Internacional Cervantino (Mexico City, Guanajuato, Queretaro, Puebla)<\/p>\n\n\n\n<p><strong>17 octobre<\/strong><br><span style=\"color: #ff0000;\"><strong><em>La Belle et la B\u00eate &#8211; cr\u00e9ation ! <\/em><\/strong>|&nbsp;<span style=\"color: #000000;\">Versailles (78)<\/span><\/span> &#8211; th\u00e9\u00e2tre Montansier<\/p>\n\n\n\n<p><strong>6 octobre<\/strong><br><em>Musenna<\/em> | Blagnac (31) \u2013 Odyssud<\/p>\n\n\n\n<p><strong>25 ao\u00fbt<\/strong><br><span style=\"color: #ff0000;\"><strong><em>Musenna, les miroirs du Levant &#8211; cr\u00e9ation !<\/em><\/strong> <span style=\"color: #000000;\">|<\/span><\/span><span style=\"color: #000000;\">&nbsp;<\/span>Sabl\u00e9 sur Sarthe (72)<\/p>\n\n\n\n<p><strong>du 8 juillet au 1er ao\u00fbt (25 dates)<\/strong><br><em>Les \u00c2mes nocturnes<\/em> | Festival Off d\u2019Avignon \u2013 th\u00e9\u00e2tre la Luna<\/p>\n\n\n\n<p><strong>21 juin<\/strong><br><em> Carnaval Baroque<\/em> | Naples (Italie) \u2013 teatro di San Carlo<\/p>\n\n\n\n<p><strong>6 &amp; 7 juin<\/strong><br><em>Le Bourgeois Gentilhomme<\/em> | Cracovie (Pologne)<\/p>\n\n\n\n<p><strong>16 &amp; 17 mai<\/strong><br><em>Le Bourgeois Gentilhomme<\/em> | Reims \u2013 Grand Th\u00e9\u00e2tre<\/p>\n\n\n\n<p><strong>13 mai<\/strong><br><em>Le Bourgeois Gentilhomme<\/em> | Besan\u00e7on \u2013 Th\u00e9\u00e2tre Musical<\/p>\n\n\n\n<p><strong>5, 6 &amp; 7 mai<\/strong><br>Shlemil Theatre Mask and mime workshop, HongKong \u2013 French May<\/p>\n\n\n\n<p><strong>28 mars<\/strong><br><em>Pierrot f\u00e2ch\u00e9 avec la Lune<\/em> | Perpignan<\/p>\n\n\n\n<p class=\"has-text-align-center has-cyan-bluish-gray-background-color has-background has-small-font-size\"><em><strong><span style=\"text-decoration: underline; color: #993300;\">2008<\/span><\/strong><\/em><\/p>\n\n\n\n<p><strong>22 novembre<\/strong><br><em>Les \u00c2mes Nocturnes <\/em>&nbsp;| Saint-R\u00e9my-l\u00e8s-Chevreuse (78)<\/p>\n\n\n\n<p><strong>Juin (5 repr\u00e9sentations)<\/strong><br><span style=\"color: #ff0000;\"><strong><em>Les \u00c2mes Nocturnes &#8211; cr\u00e9ation !&nbsp;<\/em><\/strong><\/span>&nbsp;| Versailles, chapiteau de Porchefontaine (78)<\/p>\n","protected":false},"excerpt":{"rendered":"<p>2026 13 et 14 mars Magic Mozart&nbsp;| Saint-Priest (69) 7, 8 &amp; 9 marsCarnaval Baroque&nbsp;&nbsp;| Caen (14)&nbsp; 15 f\u00e9vrier \u00a0La Valse du Marcassin | Puteaux (92) 7 f\u00e9vrier &nbsp;La Valse du Marcassin | Talange (57) 15 &amp; 16 janvierCarnaval Baroque&nbsp;&nbsp;| Compi\u00e8gne (60)&nbsp; 2025 7 d\u00e9cembre Au Bonheur des Vivants\u00a0| Saint Miaxent l&rsquo;\u00e9cole (72) 5 d\u00e9cembre [&hellip;]<\/p>\n","protected":false},"author":4,"featured_media":0,"parent":0,"menu_order":0,"comment_status":"open","ping_status":"open","template":"","meta":{"ngg_post_thumbnail":0,"footnotes":""},"class_list":["post-30","page","type-page","status-publish","hentry"],"_links":{"self":[{"href":"https:\/\/www.lesamesnocturnes.com\/index.php?rest_route=\/wp\/v2\/pages\/30","targetHints":{"allow":["GET"]}}],"collection":[{"href":"https:\/\/www.lesamesnocturnes.com\/index.php?rest_route=\/wp\/v2\/pages"}],"about":[{"href":"https:\/\/www.lesamesnocturnes.com\/index.php?rest_route=\/wp\/v2\/types\/page"}],"author":[{"embeddable":true,"href":"https:\/\/www.lesamesnocturnes.com\/index.php?rest_route=\/wp\/v2\/users\/4"}],"replies":[{"embeddable":true,"href":"https:\/\/www.lesamesnocturnes.com\/index.php?rest_route=%2Fwp%2Fv2%2Fcomments&post=30"}],"version-history":[{"count":143,"href":"https:\/\/www.lesamesnocturnes.com\/index.php?rest_route=\/wp\/v2\/pages\/30\/revisions"}],"predecessor-version":[{"id":1587,"href":"https:\/\/www.lesamesnocturnes.com\/index.php?rest_route=\/wp\/v2\/pages\/30\/revisions\/1587"}],"wp:attachment":[{"href":"https:\/\/www.lesamesnocturnes.com\/index.php?rest_route=%2Fwp%2Fv2%2Fmedia&parent=30"}],"curies":[{"name":"wp","href":"https:\/\/api.w.org\/{rel}","templated":true}]}}